{"id":1210,"date":"2023-07-26T20:21:23","date_gmt":"2023-07-26T20:21:23","guid":{"rendered":"https:\/\/estadocomarte.pt\/site\/home-2\/"},"modified":"2026-04-13T10:57:04","modified_gmt":"2026-04-13T10:57:04","slug":"home","status":"publish","type":"page","link":"https:\/\/estadocomarte.pt\/site\/","title":{"rendered":"Home"},"content":{"rendered":"\t\t<div data-elementor-type=\"wp-page\" data-elementor-id=\"1210\" class=\"elementor elementor-1210\" data-elementor-post-type=\"page\">\n\t\t\t\t\t\t<section class=\"elementor-section elementor-top-section elementor-element elementor-element-be261b7 elementor-section-boxed elementor-section-height-default elementor-section-height-default\" data-id=\"be261b7\" data-element_type=\"section\">\n\t\t\t\t\t\t<div class=\"elementor-container elementor-column-gap-default\">\n\t\t\t\t\t<div class=\"elementor-column elementor-col-50 elementor-top-column elementor-element elementor-element-8fc4a9b\" data-id=\"8fc4a9b\" data-element_type=\"column\">\n\t\t\t<div class=\"elementor-widget-wrap elementor-element-populated\">\n\t\t\t\t\t\t<div class=\"elementor-element elementor-element-82bc536 elementor-widget elementor-widget-heading\" data-id=\"82bc536\" data-element_type=\"widget\" data-widget_type=\"heading.default\">\n\t\t\t\t<div class=\"elementor-widget-container\">\n\t\t\t\t\t<h3 class=\"elementor-heading-title elementor-size-default\">\u00daLTIMAS<\/h3>\t\t\t\t<\/div>\n\t\t\t\t<\/div>\n\t\t\t\t\t<\/div>\n\t\t<\/div>\n\t\t\t\t<div class=\"elementor-column elementor-col-50 elementor-top-column elementor-element elementor-element-2877204\" data-id=\"2877204\" data-element_type=\"column\">\n\t\t\t<div class=\"elementor-widget-wrap elementor-element-populated\">\n\t\t\t\t\t\t<div class=\"elementor-element elementor-element-53ed37f elementor-widget-divider--view-line elementor-widget elementor-widget-divider\" data-id=\"53ed37f\" data-element_type=\"widget\" data-widget_type=\"divider.default\">\n\t\t\t\t<div class=\"elementor-widget-container\">\n\t\t\t\t\t\t\t<div class=\"elementor-divider\">\n\t\t\t<span class=\"elementor-divider-separator\">\n\t\t\t\t\t\t<\/span>\n\t\t<\/div>\n\t\t\t\t\t\t<\/div>\n\t\t\t\t<\/div>\n\t\t\t\t\t<\/div>\n\t\t<\/div>\n\t\t\t\t\t<\/div>\n\t\t<\/section>\n\t\t\t\t<section class=\"elementor-section elementor-top-section elementor-element elementor-element-ab54f6f elementor-section-boxed elementor-section-height-default elementor-section-height-default\" data-id=\"ab54f6f\" data-element_type=\"section\">\n\t\t\t\t\t\t<div class=\"elementor-container elementor-column-gap-no\">\n\t\t\t\t\t<div class=\"elementor-column elementor-col-50 elementor-top-column elementor-element elementor-element-24c45da3\" data-id=\"24c45da3\" data-element_type=\"column\">\n\t\t\t<div class=\"elementor-widget-wrap elementor-element-populated\">\n\t\t\t\t\t\t<div class=\"elementor-element elementor-element-5936c71c elementor-grid-1 elementor-grid-tablet-1 elementor-grid-mobile-1 elementor-posts--thumbnail-top elementor-posts__hover-gradient elementor-widget elementor-widget-posts\" data-id=\"5936c71c\" data-element_type=\"widget\" data-settings=\"{&quot;cards_columns&quot;:&quot;1&quot;,&quot;cards_row_gap&quot;:{&quot;unit&quot;:&quot;px&quot;,&quot;size&quot;:25,&quot;sizes&quot;:[]},&quot;cards_columns_tablet&quot;:&quot;1&quot;,&quot;cards_columns_mobile&quot;:&quot;1&quot;,&quot;cards_row_gap_tablet&quot;:{&quot;unit&quot;:&quot;px&quot;,&quot;size&quot;:&quot;&quot;,&quot;sizes&quot;:[]},&quot;cards_row_gap_mobile&quot;:{&quot;unit&quot;:&quot;px&quot;,&quot;size&quot;:&quot;&quot;,&quot;sizes&quot;:[]}}\" data-widget_type=\"posts.cards\">\n\t\t\t\t<div class=\"elementor-widget-container\">\n\t\t\t\t\t\t\t<div class=\"elementor-posts-container elementor-posts elementor-posts--skin-cards elementor-grid\">\n\t\t\t\t<article class=\"elementor-post elementor-grid-item post-13236 post type-post status-publish format-standard has-post-thumbnail hentry category-cultura tag-os-paineis-de-azulejos-do-claustro-da-se-de-viseu tag-pedip-projecto-de-estudo-e-divulgacao-do-patrimonio\">\n\t\t\t<div class=\"elementor-post__card\">\n\t\t\t\t<a class=\"elementor-post__thumbnail__link\" href=\"https:\/\/estadocomarte.pt\/site\/2026\/09\/03\/os-paineis-de-azulejos-do-claustro-da-se-de-viseu\/\" tabindex=\"-1\" ><div class=\"elementor-post__thumbnail\"><img fetchpriority=\"high\" decoding=\"async\" width=\"347\" height=\"347\" src=\"https:\/\/estadocomarte.pt\/site\/wp-content\/uploads\/2026\/09\/azulejo_quad_01-high.webp\" class=\"attachment-full size-full wp-image-13237\" alt=\"\" srcset=\"https:\/\/estadocomarte.pt\/site\/wp-content\/uploads\/2026\/09\/azulejo_quad_01-high.webp 347w, https:\/\/estadocomarte.pt\/site\/wp-content\/uploads\/2026\/09\/azulejo_quad_01-high-300x300.webp 300w, https:\/\/estadocomarte.pt\/site\/wp-content\/uploads\/2026\/09\/azulejo_quad_01-high-150x150.webp 150w\" sizes=\"(max-width: 347px) 100vw, 347px\" \/><\/div><\/a>\n\t\t\t\t<div class=\"elementor-post__text\">\n\t\t\t\t<\/div>\n\t\t\t\t\t<\/div>\n\t\t<\/article>\n\t\t\t\t<\/div>\n\t\t\n\t\t\t\t\t\t<\/div>\n\t\t\t\t<\/div>\n\t\t\t\t<div class=\"elementor-element elementor-element-63fcf5f elementor-grid-1 elementor-grid-tablet-1 elementor-posts--thumbnail-none elementor-grid-mobile-1 elementor-posts__hover-gradient elementor-widget elementor-widget-posts\" data-id=\"63fcf5f\" data-element_type=\"widget\" data-settings=\"{&quot;cards_columns&quot;:&quot;1&quot;,&quot;cards_row_gap&quot;:{&quot;unit&quot;:&quot;px&quot;,&quot;size&quot;:25,&quot;sizes&quot;:[]},&quot;cards_columns_tablet&quot;:&quot;1&quot;,&quot;cards_columns_mobile&quot;:&quot;1&quot;,&quot;cards_row_gap_tablet&quot;:{&quot;unit&quot;:&quot;px&quot;,&quot;size&quot;:&quot;&quot;,&quot;sizes&quot;:[]},&quot;cards_row_gap_mobile&quot;:{&quot;unit&quot;:&quot;px&quot;,&quot;size&quot;:&quot;&quot;,&quot;sizes&quot;:[]}}\" data-widget_type=\"posts.cards\">\n\t\t\t\t<div class=\"elementor-widget-container\">\n\t\t\t\t\t\t\t<div class=\"elementor-posts-container elementor-posts elementor-posts--skin-cards elementor-grid\">\n\t\t\t\t<article class=\"elementor-post elementor-grid-item post-13236 post type-post status-publish format-standard has-post-thumbnail hentry category-cultura tag-os-paineis-de-azulejos-do-claustro-da-se-de-viseu tag-pedip-projecto-de-estudo-e-divulgacao-do-patrimonio\">\n\t\t\t<div class=\"elementor-post__card\">\n\t\t\t\t<div class=\"elementor-post__text\">\n\t\t\t\t<h4 class=\"elementor-post__title\">\n\t\t\t<a href=\"https:\/\/estadocomarte.pt\/site\/2026\/09\/03\/os-paineis-de-azulejos-do-claustro-da-se-de-viseu\/\" >\n\t\t\t\tOS PAINEIS DE AZULEJOS DO CLAUSTRO DA S\u00c9 DE VISEU\t\t\t<\/a>\n\t\t<\/h4>\n\t\t\t\t<div class=\"elementor-post__excerpt\">\n\t\t\t<p>PEDiP,<br \/>\nProjecto de Estudo e Divulga\u00e7\u00e3o do Patrim\u00f3nio<\/p>\n\t\t<\/div>\n\t\t\t\t<\/div>\n\t\t\t\t<div class=\"elementor-post__meta-data\">\n\t\t\t\t\t<span class=\"elementor-post-date\">\n\t\t\tSetembro 3, 2026\t\t<\/span>\n\t\t\t\t<\/div>\n\t\t\t\t\t<\/div>\n\t\t<\/article>\n\t\t\t\t<\/div>\n\t\t\n\t\t\t\t\t\t<\/div>\n\t\t\t\t<\/div>\n\t\t\t\t\t<\/div>\n\t\t<\/div>\n\t\t\t\t<div class=\"elementor-column elementor-col-50 elementor-top-column elementor-element elementor-element-59dc22b\" data-id=\"59dc22b\" data-element_type=\"column\">\n\t\t\t<div class=\"elementor-widget-wrap elementor-element-populated\">\n\t\t\t\t\t\t<section class=\"elementor-section elementor-inner-section elementor-element elementor-element-d6b75cc elementor-section-full_width elementor-section-height-default elementor-section-height-default\" data-id=\"d6b75cc\" data-element_type=\"section\">\n\t\t\t\t\t\t<div class=\"elementor-container elementor-column-gap-no\">\n\t\t\t\t\t<div class=\"elementor-column elementor-col-100 elementor-inner-column elementor-element elementor-element-959031b\" data-id=\"959031b\" data-element_type=\"column\">\n\t\t\t<div class=\"elementor-widget-wrap elementor-element-populated\">\n\t\t\t\t\t\t<div class=\"elementor-element elementor-element-f42ec69 elementor-widget-divider--view-line elementor-widget elementor-widget-divider\" data-id=\"f42ec69\" data-element_type=\"widget\" data-widget_type=\"divider.default\">\n\t\t\t\t<div class=\"elementor-widget-container\">\n\t\t\t\t\t\t\t<div class=\"elementor-divider\">\n\t\t\t<span class=\"elementor-divider-separator\">\n\t\t\t\t\t\t<\/span>\n\t\t<\/div>\n\t\t\t\t\t\t<\/div>\n\t\t\t\t<\/div>\n\t\t\t\t<div class=\"elementor-element elementor-element-ee9e643 elementor-widget elementor-widget-heading\" data-id=\"ee9e643\" data-element_type=\"widget\" data-widget_type=\"heading.default\">\n\t\t\t\t<div class=\"elementor-widget-container\">\n\t\t\t\t\t<h3 class=\"elementor-heading-title elementor-size-default\">Opini\u00e3o<\/h3>\t\t\t\t<\/div>\n\t\t\t\t<\/div>\n\t\t\t\t<div class=\"elementor-element elementor-element-f9aa433 elementor-grid-1 elementor-widget__width-initial elementor-grid-tablet-2 elementor-grid-mobile-1 elementor-posts--thumbnail-top elementor-widget elementor-widget-posts\" data-id=\"f9aa433\" data-element_type=\"widget\" data-settings=\"{&quot;classic_columns&quot;:&quot;1&quot;,&quot;classic_columns_tablet&quot;:&quot;2&quot;,&quot;classic_columns_mobile&quot;:&quot;1&quot;,&quot;classic_row_gap&quot;:{&quot;unit&quot;:&quot;px&quot;,&quot;size&quot;:35,&quot;sizes&quot;:[]},&quot;classic_row_gap_tablet&quot;:{&quot;unit&quot;:&quot;px&quot;,&quot;size&quot;:&quot;&quot;,&quot;sizes&quot;:[]},&quot;classic_row_gap_mobile&quot;:{&quot;unit&quot;:&quot;px&quot;,&quot;size&quot;:&quot;&quot;,&quot;sizes&quot;:[]}}\" data-widget_type=\"posts.classic\">\n\t\t\t\t<div class=\"elementor-widget-container\">\n\t\t\t\t\t\t\t<div class=\"elementor-posts-container elementor-posts elementor-posts--skin-classic elementor-grid\">\n\t\t\t\t<article class=\"elementor-post elementor-grid-item post-13231 post type-post status-publish format-standard has-post-thumbnail hentry category-opiniao tag-42-anos tag-autora tag-beleza tag-envelhecer tag-mulher tag-susana-duarte\">\n\t\t\t\t<a class=\"elementor-post__thumbnail__link\" href=\"https:\/\/estadocomarte.pt\/site\/2026\/09\/03\/a-minha-cara-tambem-tem-42-anos\/\" tabindex=\"-1\" >\n\t\t\t<div class=\"elementor-post__thumbnail\"><img decoding=\"async\" width=\"764\" height=\"982\" src=\"https:\/\/estadocomarte.pt\/site\/wp-content\/uploads\/2026\/09\/Susana-Duarte.jpeg\" class=\"attachment-full size-full wp-image-13232\" alt=\"\" srcset=\"https:\/\/estadocomarte.pt\/site\/wp-content\/uploads\/2026\/09\/Susana-Duarte.jpeg 764w, https:\/\/estadocomarte.pt\/site\/wp-content\/uploads\/2026\/09\/Susana-Duarte-233x300.jpeg 233w\" sizes=\"(max-width: 764px) 100vw, 764px\" \/><\/div>\n\t\t<\/a>\n\t\t\t\t<div class=\"elementor-post__text\">\n\t\t\t\t<h3 class=\"elementor-post__title\">\n\t\t\t<a href=\"https:\/\/estadocomarte.pt\/site\/2026\/09\/03\/a-minha-cara-tambem-tem-42-anos\/\" >\n\t\t\t\tA MINHA CARA TAMB\u00c9M TEM 42 ANOS\t\t\t<\/a>\n\t\t<\/h3>\n\t\t\t\t<div class=\"elementor-post__meta-data\">\n\t\t\t\t\t<span class=\"elementor-post-date\">\n\t\t\tSetembro 3, 2026\t\t<\/span>\n\t\t\t\t<\/div>\n\t\t\t\t<div class=\"elementor-post__excerpt\">\n\t\t\t<p>Susana Duarte,<br \/>\nAutora<\/p>\n\t\t<\/div>\n\t\t\t\t<\/div>\n\t\t\t\t<\/article>\n\t\t\t\t<article class=\"elementor-post elementor-grid-item post-13229 post type-post status-publish format-standard has-post-thumbnail hentry category-opiniao tag-arquitecto tag-luis-neves tag-montenegro tag-rui-goncalves\">\n\t\t\t\t<a class=\"elementor-post__thumbnail__link\" href=\"https:\/\/estadocomarte.pt\/site\/2026\/09\/03\/um-cadastrado-assumido-que-liquidou-montenegro\/\" tabindex=\"-1\" >\n\t\t\t<div class=\"elementor-post__thumbnail\"><img decoding=\"async\" width=\"536\" height=\"632\" src=\"https:\/\/estadocomarte.pt\/site\/wp-content\/uploads\/2023\/08\/Rui-Goncalves.jpg\" class=\"attachment-full size-full wp-image-2202\" alt=\"Rui Gon\u00e7alvez\" srcset=\"https:\/\/estadocomarte.pt\/site\/wp-content\/uploads\/2023\/08\/Rui-Goncalves.jpg 536w, https:\/\/estadocomarte.pt\/site\/wp-content\/uploads\/2023\/08\/Rui-Goncalves-254x300.jpg 254w\" sizes=\"(max-width: 536px) 100vw, 536px\" \/><\/div>\n\t\t<\/a>\n\t\t\t\t<div class=\"elementor-post__text\">\n\t\t\t\t<h3 class=\"elementor-post__title\">\n\t\t\t<a href=\"https:\/\/estadocomarte.pt\/site\/2026\/09\/03\/um-cadastrado-assumido-que-liquidou-montenegro\/\" >\n\t\t\t\tUM CADASTRADO ASSUMIDO QUE LIQUIDOU MONTENEGRO\t\t\t<\/a>\n\t\t<\/h3>\n\t\t\t\t<div class=\"elementor-post__meta-data\">\n\t\t\t\t\t<span class=\"elementor-post-date\">\n\t\t\tSetembro 3, 2026\t\t<\/span>\n\t\t\t\t<\/div>\n\t\t\t\t<div class=\"elementor-post__excerpt\">\n\t\t\t<p>Rui Gon\u00e7alves,<br \/>\nArquitecto<\/p>\n\t\t<\/div>\n\t\t\t\t<\/div>\n\t\t\t\t<\/article>\n\t\t\t\t<\/div>\n\t\t\n\t\t\t\t\t\t<\/div>\n\t\t\t\t<\/div>\n\t\t\t\t\t<\/div>\n\t\t<\/div>\n\t\t\t\t\t<\/div>\n\t\t<\/section>\n\t\t\t\t\t<\/div>\n\t\t<\/div>\n\t\t\t\t\t<\/div>\n\t\t<\/section>\n\t\t\t\t<section class=\"elementor-section elementor-top-section elementor-element elementor-element-db75e01 elementor-section-boxed elementor-section-height-default elementor-section-height-default\" data-id=\"db75e01\" data-element_type=\"section\" data-settings=\"{&quot;background_background&quot;:&quot;gradient&quot;}\">\n\t\t\t\t\t\t<div class=\"elementor-container elementor-column-gap-default\">\n\t\t\t\t\t<div class=\"elementor-column elementor-col-50 elementor-top-column elementor-element elementor-element-77ffa9a\" data-id=\"77ffa9a\" data-element_type=\"column\">\n\t\t\t<div class=\"elementor-widget-wrap elementor-element-populated\">\n\t\t\t\t\t\t<div class=\"elementor-element elementor-element-ab5dd20 elementor-widget elementor-widget-heading\" data-id=\"ab5dd20\" data-element_type=\"widget\" data-widget_type=\"heading.default\">\n\t\t\t\t<div class=\"elementor-widget-container\">\n\t\t\t\t\t<h3 class=\"elementor-heading-title elementor-size-default\">Apoie o Jornalismo Independente<\/h3>\t\t\t\t<\/div>\n\t\t\t\t<\/div>\n\t\t\t\t<div class=\"elementor-element elementor-element-69179c5 elementor-widget elementor-widget-text-editor\" data-id=\"69179c5\" data-element_type=\"widget\" data-widget_type=\"text-editor.default\">\n\t\t\t\t<div class=\"elementor-widget-container\">\n\t\t\t\t\t\t\t\t\t<p>Pelo rigor e verdade Jornalistica<\/p>\t\t\t\t\t\t\t\t<\/div>\n\t\t\t\t<\/div>\n\t\t\t\t\t<\/div>\n\t\t<\/div>\n\t\t\t\t<div class=\"elementor-column elementor-col-50 elementor-top-column elementor-element elementor-element-4ac3851\" data-id=\"4ac3851\" data-element_type=\"column\">\n\t\t\t<div class=\"elementor-widget-wrap elementor-element-populated\">\n\t\t\t\t\t\t<div class=\"elementor-element elementor-element-a5d323b elementor-align-right elementor-widget elementor-widget-button\" data-id=\"a5d323b\" data-element_type=\"widget\" data-widget_type=\"button.default\">\n\t\t\t\t<div class=\"elementor-widget-container\">\n\t\t\t\t\t\t\t\t\t<div class=\"elementor-button-wrapper\">\n\t\t\t\t\t<a class=\"elementor-button elementor-button-link elementor-size-lg\" href=\"https:\/\/estadocomarte.pt\/site\/apoiar-o-projecto\/\">\n\t\t\t\t\t\t<span class=\"elementor-button-content-wrapper\">\n\t\t\t\t\t\t\t\t\t<span class=\"elementor-button-text\">FAZER DONATIVO<\/span>\n\t\t\t\t\t<\/span>\n\t\t\t\t\t<\/a>\n\t\t\t\t<\/div>\n\t\t\t\t\t\t\t\t<\/div>\n\t\t\t\t<\/div>\n\t\t\t\t\t<\/div>\n\t\t<\/div>\n\t\t\t\t\t<\/div>\n\t\t<\/section>\n\t\t\t\t<section class=\"elementor-section elementor-top-section elementor-element elementor-element-74170c6 elementor-section-boxed elementor-section-height-default elementor-section-height-default\" data-id=\"74170c6\" data-element_type=\"section\">\n\t\t\t\t\t\t<div class=\"elementor-container elementor-column-gap-default\">\n\t\t\t\t\t<div class=\"elementor-column elementor-col-100 elementor-top-column elementor-element elementor-element-e564ba4\" data-id=\"e564ba4\" data-element_type=\"column\">\n\t\t\t<div class=\"elementor-widget-wrap elementor-element-populated\">\n\t\t\t\t\t\t<div class=\"elementor-element elementor-element-32d283d elementor-widget-divider--view-line elementor-widget elementor-widget-divider\" data-id=\"32d283d\" data-element_type=\"widget\" data-widget_type=\"divider.default\">\n\t\t\t\t<div class=\"elementor-widget-container\">\n\t\t\t\t\t\t\t<div class=\"elementor-divider\">\n\t\t\t<span class=\"elementor-divider-separator\">\n\t\t\t\t\t\t<\/span>\n\t\t<\/div>\n\t\t\t\t\t\t<\/div>\n\t\t\t\t<\/div>\n\t\t\t\t\t<\/div>\n\t\t<\/div>\n\t\t\t\t\t<\/div>\n\t\t<\/section>\n\t\t\t\t<section class=\"elementor-section elementor-top-section elementor-element elementor-element-208a7bd elementor-section-boxed elementor-section-height-default elementor-section-height-default\" data-id=\"208a7bd\" data-element_type=\"section\">\n\t\t\t\t\t\t<div class=\"elementor-container elementor-column-gap-no\">\n\t\t\t\t\t<div class=\"elementor-column elementor-col-100 elementor-top-column elementor-element elementor-element-899eeb5\" data-id=\"899eeb5\" data-element_type=\"column\">\n\t\t\t<div class=\"elementor-widget-wrap elementor-element-populated\">\n\t\t\t\t\t\t<div class=\"elementor-element elementor-element-69db218 elementor-widget elementor-widget-heading\" data-id=\"69db218\" data-element_type=\"widget\" data-widget_type=\"heading.default\">\n\t\t\t\t<div class=\"elementor-widget-container\">\n\t\t\t\t\t<h3 class=\"elementor-heading-title elementor-size-default\">DESTAQUES<\/h3>\t\t\t\t<\/div>\n\t\t\t\t<\/div>\n\t\t\t\t<section class=\"elementor-section elementor-inner-section elementor-element elementor-element-4203c94 elementor-section-full_width elementor-section-height-default elementor-section-height-default\" data-id=\"4203c94\" data-element_type=\"section\">\n\t\t\t\t\t\t<div class=\"elementor-container elementor-column-gap-no\">\n\t\t\t\t\t<div class=\"elementor-column elementor-col-50 elementor-inner-column elementor-element elementor-element-19381c6\" data-id=\"19381c6\" data-element_type=\"column\">\n\t\t\t<div class=\"elementor-widget-wrap elementor-element-populated\">\n\t\t\t\t\t\t<div class=\"elementor-element elementor-element-e6e0877 elementor-grid-1 elementor-grid-tablet-2 elementor-grid-mobile-1 elementor-posts--thumbnail-top elementor-widget elementor-widget-posts\" data-id=\"e6e0877\" data-element_type=\"widget\" data-settings=\"{&quot;classic_columns&quot;:&quot;1&quot;,&quot;classic_columns_tablet&quot;:&quot;2&quot;,&quot;classic_columns_mobile&quot;:&quot;1&quot;,&quot;classic_row_gap&quot;:{&quot;unit&quot;:&quot;px&quot;,&quot;size&quot;:35,&quot;sizes&quot;:[]},&quot;classic_row_gap_tablet&quot;:{&quot;unit&quot;:&quot;px&quot;,&quot;size&quot;:&quot;&quot;,&quot;sizes&quot;:[]},&quot;classic_row_gap_mobile&quot;:{&quot;unit&quot;:&quot;px&quot;,&quot;size&quot;:&quot;&quot;,&quot;sizes&quot;:[]}}\" data-widget_type=\"posts.classic\">\n\t\t\t\t<div class=\"elementor-widget-container\">\n\t\t\t\t\t\t\t<div class=\"elementor-posts-container elementor-posts elementor-posts--skin-classic elementor-grid\">\n\t\t\t\t<article class=\"elementor-post elementor-grid-item post-13219 post type-post status-publish format-standard has-post-thumbnail hentry category-cultura category-isto-para-nos tag-palacio-nacional-da-pena tag-parques-de-sintra\">\n\t\t\t\t<a class=\"elementor-post__thumbnail__link\" href=\"https:\/\/estadocomarte.pt\/site\/2026\/08\/30\/palacio-das-rainhas-revela-o-poder-das-governadoras-de-sintra-durante-seculos\/\" tabindex=\"-1\" >\n\t\t\t<div class=\"elementor-post__thumbnail\"><img loading=\"lazy\" decoding=\"async\" width=\"640\" height=\"427\" src=\"https:\/\/estadocomarte.pt\/site\/wp-content\/uploads\/2026\/08\/palaCC81ciodapenaemsintra.jpg\" class=\"attachment-full size-full wp-image-13222\" alt=\"\" srcset=\"https:\/\/estadocomarte.pt\/site\/wp-content\/uploads\/2026\/08\/palaCC81ciodapenaemsintra.jpg 640w, https:\/\/estadocomarte.pt\/site\/wp-content\/uploads\/2026\/08\/palaCC81ciodapenaemsintra-300x200.jpg 300w\" sizes=\"(max-width: 640px) 100vw, 640px\" \/><\/div>\n\t\t<\/a>\n\t\t\t\t<div class=\"elementor-post__text\">\n\t\t\t\t<h3 class=\"elementor-post__title\">\n\t\t\t<a href=\"https:\/\/estadocomarte.pt\/site\/2026\/08\/30\/palacio-das-rainhas-revela-o-poder-das-governadoras-de-sintra-durante-seculos\/\" >\n\t\t\t\t\u201cPAL\u00c1CIO DAS RAINHAS\u201d REVELA O PODER DAS  GOVERNADORAS DE SINTRA DURANTE S\u00c9CULOS\t\t\t<\/a>\n\t\t<\/h3>\n\t\t\t\t<div class=\"elementor-post__meta-data\">\n\t\t\t\t\t<span class=\"elementor-post-date\">\n\t\t\tAgosto 30, 2026\t\t<\/span>\n\t\t\t\t<\/div>\n\t\t\t\t<div class=\"elementor-post__excerpt\">\n\t\t\t<p>Estado com Arte Magazine<\/p>\n\t\t<\/div>\n\t\t\t\t<\/div>\n\t\t\t\t<\/article>\n\t\t\t\t<\/div>\n\t\t\n\t\t\t\t\t\t<\/div>\n\t\t\t\t<\/div>\n\t\t\t\t\t<\/div>\n\t\t<\/div>\n\t\t\t\t<div class=\"elementor-column elementor-col-50 elementor-inner-column elementor-element elementor-element-d4a0985\" data-id=\"d4a0985\" data-element_type=\"column\">\n\t\t\t<div class=\"elementor-widget-wrap elementor-element-populated\">\n\t\t\t\t\t\t<div class=\"elementor-element elementor-element-08bc187 elementor-grid-1 elementor-posts--thumbnail-none elementor-grid-tablet-2 elementor-grid-mobile-1 elementor-posts__hover-gradient elementor-widget elementor-widget-posts\" data-id=\"08bc187\" data-element_type=\"widget\" data-settings=\"{&quot;cards_columns&quot;:&quot;1&quot;,&quot;cards_row_gap&quot;:{&quot;unit&quot;:&quot;px&quot;,&quot;size&quot;:0,&quot;sizes&quot;:[]},&quot;cards_columns_tablet&quot;:&quot;2&quot;,&quot;cards_columns_mobile&quot;:&quot;1&quot;,&quot;cards_row_gap_tablet&quot;:{&quot;unit&quot;:&quot;px&quot;,&quot;size&quot;:&quot;&quot;,&quot;sizes&quot;:[]},&quot;cards_row_gap_mobile&quot;:{&quot;unit&quot;:&quot;px&quot;,&quot;size&quot;:&quot;&quot;,&quot;sizes&quot;:[]}}\" data-widget_type=\"posts.cards\">\n\t\t\t\t<div class=\"elementor-widget-container\">\n\t\t\t\t\t\t\t<div class=\"elementor-posts-container elementor-posts elementor-posts--skin-cards elementor-grid\">\n\t\t\t\t<article class=\"elementor-post elementor-grid-item post-13215 post type-post status-publish format-standard has-post-thumbnail hentry category-economia category-isto-para-nos tag-carros-electricos tag-portal-da-queixa tag-queixas-do-pos-venda\">\n\t\t\t<div class=\"elementor-post__card\">\n\t\t\t\t<div class=\"elementor-post__text\">\n\t\t\t\t<h4 class=\"elementor-post__title\">\n\t\t\t<a href=\"https:\/\/estadocomarte.pt\/site\/2026\/08\/27\/carros-eletricos-reclamacoes-quase-triplicam-em-dois-anos\/\" >\n\t\t\t\tCarros el\u00e9tricos: reclama\u00e7\u00f5es quase triplicam em dois anos\t\t\t<\/a>\n\t\t<\/h4>\n\t\t\t\t<div class=\"elementor-post__excerpt\">\n\t\t\t<p>Estado com Arte Magazine<\/p>\n\t\t<\/div>\n\t\t\t\t<\/div>\n\t\t\t\t<div class=\"elementor-post__meta-data\">\n\t\t\t\t\t<span class=\"elementor-post-date\">\n\t\t\tAgosto 27, 2026\t\t<\/span>\n\t\t\t\t<\/div>\n\t\t\t\t\t<\/div>\n\t\t<\/article>\n\t\t\t\t<article class=\"elementor-post elementor-grid-item post-13210 post type-post status-publish format-standard has-post-thumbnail hentry category-cultura category-isto-para-nos tag-algarve-all-jazz-26 tag-cultura tag-polly-gibbons\">\n\t\t\t<div class=\"elementor-post__card\">\n\t\t\t\t<div class=\"elementor-post__text\">\n\t\t\t\t<h4 class=\"elementor-post__title\">\n\t\t\t<a href=\"https:\/\/estadocomarte.pt\/site\/2026\/08\/26\/o-swing-da-britanica-polly-gibbons-na-5-a-edicao-do-festival-da-orquestra-de-jazz-do-algarve\/\" >\n\t\t\t\tO swing da brit\u00e2nica Polly Gibbons na 5.\u00aa edi\u00e7\u00e3o do festival da Orquestra de Jazz do Algarve\t\t\t<\/a>\n\t\t<\/h4>\n\t\t\t\t<div class=\"elementor-post__excerpt\">\n\t\t\t<p>Estado com Arte Magazine<\/p>\n\t\t<\/div>\n\t\t\t\t<\/div>\n\t\t\t\t<div class=\"elementor-post__meta-data\">\n\t\t\t\t\t<span class=\"elementor-post-date\">\n\t\t\tAgosto 26, 2026\t\t<\/span>\n\t\t\t\t<\/div>\n\t\t\t\t\t<\/div>\n\t\t<\/article>\n\t\t\t\t<article class=\"elementor-post elementor-grid-item post-13205 post type-post status-publish format-standard has-post-thumbnail hentry category-economia tag-royal-china-clay tag-serra-del-rey-em-consulta-publica-ate-1-de-setembro\">\n\t\t\t<div class=\"elementor-post__card\">\n\t\t\t\t<div class=\"elementor-post__text\">\n\t\t\t\t<h4 class=\"elementor-post__title\">\n\t\t\t<a href=\"https:\/\/estadocomarte.pt\/site\/2026\/08\/25\/peniche-concessao-de-exploracao-royal-china-clay-na-serra-del-rey-em-consulta-publica-ate-1-de-setembro\/\" >\n\t\t\t\tPENICHE. CONCESS\u00c3O DE EXPLORA\u00c7\u00c3O &#8220;ROYAL CHINA CLAY&#8221; NA SERRA D\u00b4EL REY EM CONSULTA P\u00daBLICA AT\u00c9 1 DE SETEMBRO\t\t\t<\/a>\n\t\t<\/h4>\n\t\t\t\t<div class=\"elementor-post__excerpt\">\n\t\t\t<p>Marta Roque<\/p>\n\t\t<\/div>\n\t\t\t\t<\/div>\n\t\t\t\t<div class=\"elementor-post__meta-data\">\n\t\t\t\t\t<span class=\"elementor-post-date\">\n\t\t\tAgosto 25, 2026\t\t<\/span>\n\t\t\t\t<\/div>\n\t\t\t\t\t<\/div>\n\t\t<\/article>\n\t\t\t\t<\/div>\n\t\t\n\t\t\t\t\t\t<\/div>\n\t\t\t\t<\/div>\n\t\t\t\t\t<\/div>\n\t\t<\/div>\n\t\t\t\t\t<\/div>\n\t\t<\/section>\n\t\t\t\t<div class=\"elementor-element elementor-element-ce9dc42 elementor-widget-divider--view-line elementor-widget elementor-widget-divider\" data-id=\"ce9dc42\" data-element_type=\"widget\" data-widget_type=\"divider.default\">\n\t\t\t\t<div class=\"elementor-widget-container\">\n\t\t\t\t\t\t\t<div class=\"elementor-divider\">\n\t\t\t<span class=\"elementor-divider-separator\">\n\t\t\t\t\t\t<\/span>\n\t\t<\/div>\n\t\t\t\t\t\t<\/div>\n\t\t\t\t<\/div>\n\t\t\t\t\t<\/div>\n\t\t<\/div>\n\t\t\t\t\t<\/div>\n\t\t<\/section>\n\t\t\t\t<section class=\"elementor-section elementor-top-section elementor-element elementor-element-7a681b9 elementor-section-full_width elementor-section-height-default elementor-section-height-default\" data-id=\"7a681b9\" data-element_type=\"section\">\n\t\t\t\t\t\t<div class=\"elementor-container elementor-column-gap-default\">\n\t\t\t\t\t<div class=\"elementor-column elementor-col-20 elementor-top-column elementor-element elementor-element-ed4f284 elementor-invisible\" data-id=\"ed4f284\" data-element_type=\"column\" data-settings=\"{&quot;animation&quot;:&quot;fadeInUp&quot;}\">\n\t\t\t<div class=\"elementor-widget-wrap elementor-element-populated\">\n\t\t\t\t\t\t<div class=\"elementor-element elementor-element-26fc478 elementor-grid-1 elementor-grid-tablet-1 elementor-grid-mobile-1 elementor-posts--thumbnail-top elementor-posts__hover-gradient elementor-widget elementor-widget-posts\" data-id=\"26fc478\" data-element_type=\"widget\" data-settings=\"{&quot;cards_columns&quot;:&quot;1&quot;,&quot;cards_row_gap&quot;:{&quot;unit&quot;:&quot;px&quot;,&quot;size&quot;:25,&quot;sizes&quot;:[]},&quot;cards_columns_tablet&quot;:&quot;1&quot;,&quot;cards_columns_mobile&quot;:&quot;1&quot;,&quot;cards_row_gap_tablet&quot;:{&quot;unit&quot;:&quot;px&quot;,&quot;size&quot;:&quot;&quot;,&quot;sizes&quot;:[]},&quot;cards_row_gap_mobile&quot;:{&quot;unit&quot;:&quot;px&quot;,&quot;size&quot;:&quot;&quot;,&quot;sizes&quot;:[]}}\" data-widget_type=\"posts.cards\">\n\t\t\t\t<div class=\"elementor-widget-container\">\n\t\t\t\t\t\t\t<div class=\"elementor-posts-container elementor-posts elementor-posts--skin-cards elementor-grid\">\n\t\t\t\t<article class=\"elementor-post elementor-grid-item post-12989 post type-post status-publish format-standard has-post-thumbnail hentry category-politica tag-iep-ucp tag-politologa tag-professora-de-ciencia-politica tag-silvia-mangrona\">\n\t\t\t<div class=\"elementor-post__card\">\n\t\t\t\t<a class=\"elementor-post__thumbnail__link\" href=\"https:\/\/estadocomarte.pt\/site\/2026\/07\/22\/silvia-mangerona-aos-muitos-desafios-da-democracia-acresce-a-problematica-como-vamos-salvaguardar-a-verdade\/\" tabindex=\"-1\" ><div class=\"elementor-post__thumbnail\"><img loading=\"lazy\" decoding=\"async\" width=\"1150\" height=\"934\" src=\"https:\/\/estadocomarte.pt\/site\/wp-content\/uploads\/2026\/07\/SilviaMangeronaTalk26-1.jpg\" class=\"attachment-full size-full wp-image-12999\" alt=\"\" srcset=\"https:\/\/estadocomarte.pt\/site\/wp-content\/uploads\/2026\/07\/SilviaMangeronaTalk26-1.jpg 1150w, https:\/\/estadocomarte.pt\/site\/wp-content\/uploads\/2026\/07\/SilviaMangeronaTalk26-1-300x244.jpg 300w, https:\/\/estadocomarte.pt\/site\/wp-content\/uploads\/2026\/07\/SilviaMangeronaTalk26-1-1024x832.jpg 1024w, https:\/\/estadocomarte.pt\/site\/wp-content\/uploads\/2026\/07\/SilviaMangeronaTalk26-1-768x624.jpg 768w\" sizes=\"(max-width: 1150px) 100vw, 1150px\" \/><\/div><\/a>\n\t\t\t\t<div class=\"elementor-post__badge\">Pol\u00edtica<\/div>\n\t\t\t\t<div class=\"elementor-post__text\">\n\t\t\t\t<h4 class=\"elementor-post__title\">\n\t\t\t<a href=\"https:\/\/estadocomarte.pt\/site\/2026\/07\/22\/silvia-mangerona-aos-muitos-desafios-da-democracia-acresce-a-problematica-como-vamos-salvaguardar-a-verdade\/\" >\n\t\t\t\tS\u00edlvia Mangerona. &#8220;Aos muitos desafios da Democracia acresce a problem\u00e1tica: como vamos salvaguardar a verdade?&#8221;\t\t\t<\/a>\n\t\t<\/h4>\n\t\t\t\t<div class=\"elementor-post__excerpt\">\n\t\t\t<p>Marta Roque<\/p>\n\t\t<\/div>\n\t\t\t\t<\/div>\n\t\t\t\t<div class=\"elementor-post__meta-data\">\n\t\t\t\t\t<span class=\"elementor-post-date\">\n\t\t\tJulho 22, 2026\t\t<\/span>\n\t\t\t\t<\/div>\n\t\t\t\t\t<\/div>\n\t\t<\/article>\n\t\t\t\t<\/div>\n\t\t\n\t\t\t\t\t\t<\/div>\n\t\t\t\t<\/div>\n\t\t\t\t\t<\/div>\n\t\t<\/div>\n\t\t\t\t<div class=\"elementor-column elementor-col-20 elementor-top-column elementor-element elementor-element-9fca43e elementor-invisible\" data-id=\"9fca43e\" data-element_type=\"column\" data-settings=\"{&quot;animation&quot;:&quot;fadeInUp&quot;}\">\n\t\t\t<div class=\"elementor-widget-wrap elementor-element-populated\">\n\t\t\t\t\t\t<div class=\"elementor-element elementor-element-32dec9a elementor-grid-1 elementor-grid-tablet-1 elementor-grid-mobile-1 elementor-posts--thumbnail-top elementor-posts__hover-gradient elementor-widget elementor-widget-posts\" data-id=\"32dec9a\" data-element_type=\"widget\" data-settings=\"{&quot;cards_columns&quot;:&quot;1&quot;,&quot;cards_row_gap&quot;:{&quot;unit&quot;:&quot;px&quot;,&quot;size&quot;:25,&quot;sizes&quot;:[]},&quot;cards_columns_tablet&quot;:&quot;1&quot;,&quot;cards_columns_mobile&quot;:&quot;1&quot;,&quot;cards_row_gap_tablet&quot;:{&quot;unit&quot;:&quot;px&quot;,&quot;size&quot;:&quot;&quot;,&quot;sizes&quot;:[]},&quot;cards_row_gap_mobile&quot;:{&quot;unit&quot;:&quot;px&quot;,&quot;size&quot;:&quot;&quot;,&quot;sizes&quot;:[]}}\" data-widget_type=\"posts.cards\">\n\t\t\t\t<div class=\"elementor-widget-container\">\n\t\t\t\t\t\t\t<div class=\"elementor-posts-container elementor-posts elementor-posts--skin-cards elementor-grid\">\n\t\t\t\t<article class=\"elementor-post elementor-grid-item post-13175 post type-post status-publish format-standard has-post-thumbnail hentry category-economia tag-associacao-de-proprietarios-da-pdr-praia-del-rey tag-concelho-de-peniche tag-motamineral-minerais-industriais tag-royal-china-clay tag-s-a tag-serra-del-rey tag-visa-consultores-de-geologia-aplicada-e-engenharia-do-ambiente\">\n\t\t\t<div class=\"elementor-post__card\">\n\t\t\t\t<a class=\"elementor-post__thumbnail__link\" href=\"https:\/\/estadocomarte.pt\/site\/2026\/08\/24\/peniche-concessao-de-exploracao-chinesa-de-depositos-minerais-na-serra-del-rey-em-consulta-publica-ate-1-de-setembro\/\" tabindex=\"-1\" ><div class=\"elementor-post__thumbnail\"><img loading=\"lazy\" decoding=\"async\" width=\"866\" height=\"902\" src=\"https:\/\/estadocomarte.pt\/site\/wp-content\/uploads\/2026\/08\/MinaSerra.jpeg\" class=\"attachment-full size-full wp-image-13188\" alt=\"\" srcset=\"https:\/\/estadocomarte.pt\/site\/wp-content\/uploads\/2026\/08\/MinaSerra.jpeg 866w, https:\/\/estadocomarte.pt\/site\/wp-content\/uploads\/2026\/08\/MinaSerra-288x300.jpeg 288w, https:\/\/estadocomarte.pt\/site\/wp-content\/uploads\/2026\/08\/MinaSerra-768x800.jpeg 768w\" sizes=\"(max-width: 866px) 100vw, 866px\" \/><\/div><\/a>\n\t\t\t\t<div class=\"elementor-post__badge\">Economia<\/div>\n\t\t\t\t<div class=\"elementor-post__text\">\n\t\t\t\t<h4 class=\"elementor-post__title\">\n\t\t\t<a href=\"https:\/\/estadocomarte.pt\/site\/2026\/08\/24\/peniche-concessao-de-exploracao-chinesa-de-depositos-minerais-na-serra-del-rey-em-consulta-publica-ate-1-de-setembro\/\" >\n\t\t\t\tPENICHE. CONCESS\u00c3O DE EXPLORA\u00c7\u00c3O CHINESA DE DEP\u00d3SITOS MINERAIS NA SERRA D\u00b4EL REY EM CONSULTA P\u00daBLICA AT\u00c9 1 DE SETEMBRO\t\t\t<\/a>\n\t\t<\/h4>\n\t\t\t\t<div class=\"elementor-post__excerpt\">\n\t\t\t<p>Marta Roque<\/p>\n\t\t<\/div>\n\t\t\t\t<\/div>\n\t\t\t\t<div class=\"elementor-post__meta-data\">\n\t\t\t\t\t<span class=\"elementor-post-date\">\n\t\t\tAgosto 24, 2026\t\t<\/span>\n\t\t\t\t<\/div>\n\t\t\t\t\t<\/div>\n\t\t<\/article>\n\t\t\t\t<\/div>\n\t\t\n\t\t\t\t\t\t<\/div>\n\t\t\t\t<\/div>\n\t\t\t\t\t<\/div>\n\t\t<\/div>\n\t\t\t\t<div class=\"elementor-column elementor-col-20 elementor-top-column elementor-element elementor-element-257b10d elementor-invisible\" data-id=\"257b10d\" data-element_type=\"column\" data-settings=\"{&quot;animation&quot;:&quot;fadeInUp&quot;}\">\n\t\t\t<div class=\"elementor-widget-wrap elementor-element-populated\">\n\t\t\t\t\t\t<div class=\"elementor-element elementor-element-200a003 elementor-grid-1 elementor-grid-tablet-1 elementor-grid-mobile-1 elementor-posts--thumbnail-top elementor-posts__hover-gradient elementor-widget elementor-widget-posts\" data-id=\"200a003\" data-element_type=\"widget\" data-settings=\"{&quot;cards_columns&quot;:&quot;1&quot;,&quot;cards_row_gap&quot;:{&quot;unit&quot;:&quot;px&quot;,&quot;size&quot;:25,&quot;sizes&quot;:[]},&quot;cards_columns_tablet&quot;:&quot;1&quot;,&quot;cards_columns_mobile&quot;:&quot;1&quot;,&quot;cards_row_gap_tablet&quot;:{&quot;unit&quot;:&quot;px&quot;,&quot;size&quot;:&quot;&quot;,&quot;sizes&quot;:[]},&quot;cards_row_gap_mobile&quot;:{&quot;unit&quot;:&quot;px&quot;,&quot;size&quot;:&quot;&quot;,&quot;sizes&quot;:[]}}\" data-widget_type=\"posts.cards\">\n\t\t\t\t<div class=\"elementor-widget-container\">\n\t\t\t\t\t\t\t<div class=\"elementor-posts-container elementor-posts elementor-posts--skin-cards elementor-grid\">\n\t\t\t\t<article class=\"elementor-post elementor-grid-item post-13129 post type-post status-publish format-standard has-post-thumbnail hentry category-sociedade tag-corpoemcadeia tag-ativista-social tag-catarina-camara-bailarina-performer tag-coreografa tag-fundacao-calouste-gulbenkian tag-investigadora-colaboradora-do-instituto-do-direito-penal-e-ciencias-criminais-da-faculdade-de-direito-de-lisboa-autora-da-obra-apresentada-na-feira-do-livro tag-junho-de-2026\">\n\t\t\t<div class=\"elementor-post__card\">\n\t\t\t\t<a class=\"elementor-post__thumbnail__link\" href=\"https:\/\/estadocomarte.pt\/site\/2026\/08\/17\/danca-corpo-em-cadeia-cabeca-na-arte-a-arte-ressocializa\/\" tabindex=\"-1\" ><div class=\"elementor-post__thumbnail\"><img loading=\"lazy\" decoding=\"async\" width=\"1021\" height=\"916\" src=\"https:\/\/estadocomarte.pt\/site\/wp-content\/uploads\/2026\/08\/passaroprisao.jpg\" class=\"attachment-full size-full wp-image-13133\" alt=\"\" srcset=\"https:\/\/estadocomarte.pt\/site\/wp-content\/uploads\/2026\/08\/passaroprisao.jpg 1021w, https:\/\/estadocomarte.pt\/site\/wp-content\/uploads\/2026\/08\/passaroprisao-300x269.jpg 300w, https:\/\/estadocomarte.pt\/site\/wp-content\/uploads\/2026\/08\/passaroprisao-768x689.jpg 768w\" sizes=\"(max-width: 1021px) 100vw, 1021px\" \/><\/div><\/a>\n\t\t\t\t<div class=\"elementor-post__badge\">Sociedade<\/div>\n\t\t\t\t<div class=\"elementor-post__text\">\n\t\t\t\t<h4 class=\"elementor-post__title\">\n\t\t\t<a href=\"https:\/\/estadocomarte.pt\/site\/2026\/08\/17\/danca-corpo-em-cadeia-cabeca-na-arte-a-arte-ressocializa\/\" >\n\t\t\t\tDAN\u00c7A. CORPO EM CADEIA, CABE\u00c7A NA ARTE. A ARTE, RESSOCIALIZA?\t\t\t<\/a>\n\t\t<\/h4>\n\t\t\t\t<div class=\"elementor-post__excerpt\">\n\t\t\t<p>Pedro Gaspar<\/p>\n\t\t<\/div>\n\t\t\t\t<\/div>\n\t\t\t\t<div class=\"elementor-post__meta-data\">\n\t\t\t\t\t<span class=\"elementor-post-date\">\n\t\t\tAgosto 17, 2026\t\t<\/span>\n\t\t\t\t<\/div>\n\t\t\t\t\t<\/div>\n\t\t<\/article>\n\t\t\t\t<\/div>\n\t\t\n\t\t\t\t\t\t<\/div>\n\t\t\t\t<\/div>\n\t\t\t\t\t<\/div>\n\t\t<\/div>\n\t\t\t\t<div class=\"elementor-column elementor-col-20 elementor-top-column elementor-element elementor-element-26b1981 elementor-invisible\" data-id=\"26b1981\" data-element_type=\"column\" data-settings=\"{&quot;animation&quot;:&quot;fadeInUp&quot;}\">\n\t\t\t<div class=\"elementor-widget-wrap elementor-element-populated\">\n\t\t\t\t\t\t<div class=\"elementor-element elementor-element-33fe2b6 elementor-grid-1 elementor-grid-tablet-1 elementor-grid-mobile-1 elementor-posts--thumbnail-top elementor-posts__hover-gradient elementor-widget elementor-widget-posts\" data-id=\"33fe2b6\" data-element_type=\"widget\" data-settings=\"{&quot;cards_columns&quot;:&quot;1&quot;,&quot;cards_row_gap&quot;:{&quot;unit&quot;:&quot;px&quot;,&quot;size&quot;:25,&quot;sizes&quot;:[]},&quot;cards_columns_tablet&quot;:&quot;1&quot;,&quot;cards_columns_mobile&quot;:&quot;1&quot;,&quot;cards_row_gap_tablet&quot;:{&quot;unit&quot;:&quot;px&quot;,&quot;size&quot;:&quot;&quot;,&quot;sizes&quot;:[]},&quot;cards_row_gap_mobile&quot;:{&quot;unit&quot;:&quot;px&quot;,&quot;size&quot;:&quot;&quot;,&quot;sizes&quot;:[]}}\" data-widget_type=\"posts.cards\">\n\t\t\t\t<div class=\"elementor-widget-container\">\n\t\t\t\t\t\t\t<div class=\"elementor-posts-container elementor-posts elementor-posts--skin-cards elementor-grid\">\n\t\t\t\t<article class=\"elementor-post elementor-grid-item post-13167 post type-post status-publish format-standard has-post-thumbnail hentry category-cultura tag-12-de-setembro tag-em-lisboa tag-escola-portuguesa-de-arte-equestre-e-pela-real-escuela-andaluza-del-arte-ecuestre tag-noite-de-gala tag-patrimonio-cultural-imaterial-da-humanidade tag-sala-sagres-campo-pequeno tag-tres-artes\">\n\t\t\t<div class=\"elementor-post__card\">\n\t\t\t\t<a class=\"elementor-post__thumbnail__link\" href=\"https:\/\/estadocomarte.pt\/site\/2026\/08\/21\/campo-pequeno-alma-iberica-espetaculo-de-arte-equestre-fado-e-flamenco-a-12-de-setembro\/\" tabindex=\"-1\" ><div class=\"elementor-post__thumbnail\"><img loading=\"lazy\" decoding=\"async\" width=\"1268\" height=\"825\" src=\"https:\/\/estadocomarte.pt\/site\/wp-content\/uploads\/2026\/08\/alma-lusitana.jpg\" class=\"attachment-full size-full wp-image-13168\" alt=\"\" srcset=\"https:\/\/estadocomarte.pt\/site\/wp-content\/uploads\/2026\/08\/alma-lusitana.jpg 1268w, https:\/\/estadocomarte.pt\/site\/wp-content\/uploads\/2026\/08\/alma-lusitana-300x195.jpg 300w, https:\/\/estadocomarte.pt\/site\/wp-content\/uploads\/2026\/08\/alma-lusitana-1024x666.jpg 1024w, https:\/\/estadocomarte.pt\/site\/wp-content\/uploads\/2026\/08\/alma-lusitana-768x500.jpg 768w\" sizes=\"(max-width: 1268px) 100vw, 1268px\" \/><\/div><\/a>\n\t\t\t\t<div class=\"elementor-post__badge\">Cultura<\/div>\n\t\t\t\t<div class=\"elementor-post__text\">\n\t\t\t\t<h4 class=\"elementor-post__title\">\n\t\t\t<a href=\"https:\/\/estadocomarte.pt\/site\/2026\/08\/21\/campo-pequeno-alma-iberica-espetaculo-de-arte-equestre-fado-e-flamenco-a-12-de-setembro\/\" >\n\t\t\t\tCampo Pequeno. &#8220;Alma ib\u00e9rica&#8221; espet\u00e1culo de arte equestre, fado e flamenco a 12 de setembro\t\t\t<\/a>\n\t\t<\/h4>\n\t\t\t\t<div class=\"elementor-post__excerpt\">\n\t\t\t<p>Estado com Arte Magazine<\/p>\n\t\t<\/div>\n\t\t\t\t<\/div>\n\t\t\t\t<div class=\"elementor-post__meta-data\">\n\t\t\t\t\t<span class=\"elementor-post-date\">\n\t\t\tAgosto 21, 2026\t\t<\/span>\n\t\t\t\t<\/div>\n\t\t\t\t\t<\/div>\n\t\t<\/article>\n\t\t\t\t<\/div>\n\t\t\n\t\t\t\t\t\t<\/div>\n\t\t\t\t<\/div>\n\t\t\t\t\t<\/div>\n\t\t<\/div>\n\t\t\t\t<div class=\"elementor-column elementor-col-20 elementor-top-column elementor-element elementor-element-f0a5f66 elementor-invisible\" data-id=\"f0a5f66\" data-element_type=\"column\" data-settings=\"{&quot;animation&quot;:&quot;fadeInUp&quot;}\">\n\t\t\t<div class=\"elementor-widget-wrap elementor-element-populated\">\n\t\t\t\t\t\t<div class=\"elementor-element elementor-element-a9e55b7 elementor-grid-1 elementor-grid-tablet-1 elementor-grid-mobile-1 elementor-posts--thumbnail-top elementor-posts__hover-gradient elementor-widget elementor-widget-posts\" data-id=\"a9e55b7\" data-element_type=\"widget\" data-settings=\"{&quot;cards_columns&quot;:&quot;1&quot;,&quot;cards_row_gap&quot;:{&quot;unit&quot;:&quot;px&quot;,&quot;size&quot;:25,&quot;sizes&quot;:[]},&quot;cards_columns_tablet&quot;:&quot;1&quot;,&quot;cards_columns_mobile&quot;:&quot;1&quot;,&quot;cards_row_gap_tablet&quot;:{&quot;unit&quot;:&quot;px&quot;,&quot;size&quot;:&quot;&quot;,&quot;sizes&quot;:[]},&quot;cards_row_gap_mobile&quot;:{&quot;unit&quot;:&quot;px&quot;,&quot;size&quot;:&quot;&quot;,&quot;sizes&quot;:[]}}\" data-widget_type=\"posts.cards\">\n\t\t\t\t<div class=\"elementor-widget-container\">\n\t\t\t\t\t\t\t<div class=\"elementor-posts-container elementor-posts elementor-posts--skin-cards elementor-grid\">\n\t\t\t\t<article class=\"elementor-post elementor-grid-item post-13198 post type-post status-publish format-standard has-post-thumbnail hentry category-isto-para-nos category-lifestyle tag-artesaos tag-enoturismo tag-golf tag-jack-soifer\">\n\t\t\t<div class=\"elementor-post__card\">\n\t\t\t\t<a class=\"elementor-post__thumbnail__link\" href=\"https:\/\/estadocomarte.pt\/site\/2026\/08\/25\/lucrar-com-mais-enoturismo\/\" tabindex=\"-1\" ><div class=\"elementor-post__thumbnail\"><img loading=\"lazy\" decoding=\"async\" width=\"2000\" height=\"1334\" src=\"https:\/\/estadocomarte.pt\/site\/wp-content\/uploads\/2026\/08\/Ruta-del-vino-Ribera-del-Duero-SG-02.jpg\" class=\"attachment-full size-full wp-image-13199\" alt=\"\" srcset=\"https:\/\/estadocomarte.pt\/site\/wp-content\/uploads\/2026\/08\/Ruta-del-vino-Ribera-del-Duero-SG-02.jpg 2000w, https:\/\/estadocomarte.pt\/site\/wp-content\/uploads\/2026\/08\/Ruta-del-vino-Ribera-del-Duero-SG-02-300x200.jpg 300w, https:\/\/estadocomarte.pt\/site\/wp-content\/uploads\/2026\/08\/Ruta-del-vino-Ribera-del-Duero-SG-02-1024x683.jpg 1024w, https:\/\/estadocomarte.pt\/site\/wp-content\/uploads\/2026\/08\/Ruta-del-vino-Ribera-del-Duero-SG-02-768x512.jpg 768w, https:\/\/estadocomarte.pt\/site\/wp-content\/uploads\/2026\/08\/Ruta-del-vino-Ribera-del-Duero-SG-02-1536x1025.jpg 1536w\" sizes=\"(max-width: 2000px) 100vw, 2000px\" \/><\/div><\/a>\n\t\t\t\t<div class=\"elementor-post__badge\">Isto Para N\u00f3s<\/div>\n\t\t\t\t<div class=\"elementor-post__text\">\n\t\t\t\t<h4 class=\"elementor-post__title\">\n\t\t\t<a href=\"https:\/\/estadocomarte.pt\/site\/2026\/08\/25\/lucrar-com-mais-enoturismo\/\" >\n\t\t\t\tLUCRAR COM MAIS ENOTURISMO\u00a0\t\t\t<\/a>\n\t\t<\/h4>\n\t\t\t\t<div class=\"elementor-post__excerpt\">\n\t\t\t<p>Jack Soifer,<br \/>\nConsultor em enoturismo e gastronomia<\/p>\n\t\t<\/div>\n\t\t\t\t<\/div>\n\t\t\t\t<div class=\"elementor-post__meta-data\">\n\t\t\t\t\t<span class=\"elementor-post-date\">\n\t\t\tAgosto 25, 2026\t\t<\/span>\n\t\t\t\t<\/div>\n\t\t\t\t\t<\/div>\n\t\t<\/article>\n\t\t\t\t<\/div>\n\t\t\n\t\t\t\t\t\t<\/div>\n\t\t\t\t<\/div>\n\t\t\t\t\t<\/div>\n\t\t<\/div>\n\t\t\t\t\t<\/div>\n\t\t<\/section>\n\t\t\t\t<section class=\"elementor-section elementor-top-section elementor-element elementor-element-d42ae95 elementor-section-boxed elementor-section-height-default elementor-section-height-default\" data-id=\"d42ae95\" data-element_type=\"section\">\n\t\t\t\t\t\t<div class=\"elementor-container elementor-column-gap-default\">\n\t\t\t\t\t<div class=\"elementor-column elementor-col-100 elementor-top-column elementor-element elementor-element-afa338b\" data-id=\"afa338b\" data-element_type=\"column\">\n\t\t\t<div class=\"elementor-widget-wrap elementor-element-populated\">\n\t\t\t\t\t\t<div class=\"elementor-element elementor-element-46436f1 elementor-widget-divider--view-line elementor-widget elementor-widget-divider\" data-id=\"46436f1\" data-element_type=\"widget\" data-widget_type=\"divider.default\">\n\t\t\t\t<div class=\"elementor-widget-container\">\n\t\t\t\t\t\t\t<div class=\"elementor-divider\">\n\t\t\t<span class=\"elementor-divider-separator\">\n\t\t\t\t\t\t<\/span>\n\t\t<\/div>\n\t\t\t\t\t\t<\/div>\n\t\t\t\t<\/div>\n\t\t\t\t\t<\/div>\n\t\t<\/div>\n\t\t\t\t\t<\/div>\n\t\t<\/section>\n\t\t\t\t<section class=\"elementor-section elementor-top-section elementor-element elementor-element-686b320 elementor-section-boxed elementor-section-height-default elementor-section-height-default\" data-id=\"686b320\" data-element_type=\"section\">\n\t\t\t\t\t\t<div class=\"elementor-container elementor-column-gap-no\">\n\t\t\t\t\t<div class=\"elementor-column elementor-col-100 elementor-top-column elementor-element elementor-element-9fee34c\" data-id=\"9fee34c\" data-element_type=\"column\">\n\t\t\t<div class=\"elementor-widget-wrap elementor-element-populated\">\n\t\t\t\t\t\t<section class=\"elementor-section elementor-inner-section elementor-element elementor-element-3587b36 elementor-section-full_width elementor-section-height-default elementor-section-height-default\" data-id=\"3587b36\" data-element_type=\"section\">\n\t\t\t\t\t\t<div class=\"elementor-container elementor-column-gap-no\">\n\t\t\t\t\t<div class=\"elementor-column elementor-col-16 elementor-inner-column elementor-element elementor-element-1f32b06\" data-id=\"1f32b06\" data-element_type=\"column\">\n\t\t\t<div class=\"elementor-widget-wrap elementor-element-populated\">\n\t\t\t\t\t\t<div class=\"elementor-element elementor-element-cca9c7a elementor-widget elementor-widget-heading\" data-id=\"cca9c7a\" data-element_type=\"widget\" data-widget_type=\"heading.default\">\n\t\t\t\t<div class=\"elementor-widget-container\">\n\t\t\t\t\t<h3 class=\"elementor-heading-title elementor-size-default\"><a href=\"https:\/\/estadocomarte.pt\/site\/bolha-mediatica\/\">Bolha Medi\u00e1tica<\/a><\/h3>\t\t\t\t<\/div>\n\t\t\t\t<\/div>\n\t\t\t\t<div class=\"elementor-element elementor-element-5609c6f elementor-grid-1 elementor-grid-tablet-1 elementor-grid-mobile-1 elementor-posts--thumbnail-top elementor-posts__hover-gradient elementor-widget elementor-widget-posts\" data-id=\"5609c6f\" data-element_type=\"widget\" data-settings=\"{&quot;cards_columns&quot;:&quot;1&quot;,&quot;cards_row_gap&quot;:{&quot;unit&quot;:&quot;px&quot;,&quot;size&quot;:25,&quot;sizes&quot;:[]},&quot;cards_columns_tablet&quot;:&quot;1&quot;,&quot;cards_columns_mobile&quot;:&quot;1&quot;,&quot;cards_row_gap_tablet&quot;:{&quot;unit&quot;:&quot;px&quot;,&quot;size&quot;:&quot;&quot;,&quot;sizes&quot;:[]},&quot;cards_row_gap_mobile&quot;:{&quot;unit&quot;:&quot;px&quot;,&quot;size&quot;:&quot;&quot;,&quot;sizes&quot;:[]}}\" data-widget_type=\"posts.cards\">\n\t\t\t\t<div class=\"elementor-widget-container\">\n\t\t\t\t\t\t\t<div class=\"elementor-posts-container elementor-posts elementor-posts--skin-cards elementor-grid\">\n\t\t\t\t<article class=\"elementor-post elementor-grid-item post-12914 post type-post status-publish format-standard has-post-thumbnail hentry category-bolha-mediatica category-isto-para-nos tag-falsas-crencas tag-lideranca tag-luis-caeiro tag-marta-roque\">\n\t\t\t<div class=\"elementor-post__card\">\n\t\t\t\t<a class=\"elementor-post__thumbnail__link\" href=\"https:\/\/estadocomarte.pt\/site\/2026\/07\/01\/editorial-nota-de-pesar-professor-luis-caeiro-muito-obrigada-ate-sempre\/\" tabindex=\"-1\" ><div class=\"elementor-post__thumbnail\"><img loading=\"lazy\" decoding=\"async\" width=\"244\" height=\"207\" src=\"https:\/\/estadocomarte.pt\/site\/wp-content\/uploads\/2023\/09\/Luis-Caeiro.jpeg\" class=\"attachment-full size-full wp-image-2528\" alt=\"\" \/><\/div><\/a>\n\t\t\t\t<div class=\"elementor-post__text\">\n\t\t\t\t<h4 class=\"elementor-post__title\">\n\t\t\t<a href=\"https:\/\/estadocomarte.pt\/site\/2026\/07\/01\/editorial-nota-de-pesar-professor-luis-caeiro-muito-obrigada-ate-sempre\/\" >\n\t\t\t\tEditorial. Nota de pesar. Professor Luis Caeiro muito obrigada! At\u00e9 sempre!\t\t\t<\/a>\n\t\t<\/h4>\n\t\t\t\t<div class=\"elementor-post__excerpt\">\n\t\t\t<p>Marta Roque<\/p>\n\t\t<\/div>\n\t\t\t\t<\/div>\n\t\t\t\t<div class=\"elementor-post__meta-data\">\n\t\t\t\t\t<span class=\"elementor-post-date\">\n\t\t\tJulho 1, 2026\t\t<\/span>\n\t\t\t\t<\/div>\n\t\t\t\t\t<\/div>\n\t\t<\/article>\n\t\t\t\t<\/div>\n\t\t\n\t\t\t\t\t\t<\/div>\n\t\t\t\t<\/div>\n\t\t\t\t\t<\/div>\n\t\t<\/div>\n\t\t\t\t<div class=\"elementor-column elementor-col-16 elementor-inner-column elementor-element elementor-element-a4bc22f\" data-id=\"a4bc22f\" data-element_type=\"column\">\n\t\t\t<div class=\"elementor-widget-wrap elementor-element-populated\">\n\t\t\t\t\t\t<div class=\"elementor-element elementor-element-de27197 elementor-widget elementor-widget-heading\" data-id=\"de27197\" data-element_type=\"widget\" data-widget_type=\"heading.default\">\n\t\t\t\t<div class=\"elementor-widget-container\">\n\t\t\t\t\t<h3 class=\"elementor-heading-title elementor-size-default\"><a href=\"https:\/\/estadocomarte.pt\/site\/vida-de-estado\/\">Vida de Estado<\/a><\/h3>\t\t\t\t<\/div>\n\t\t\t\t<\/div>\n\t\t\t\t<div class=\"elementor-element elementor-element-db38954 elementor-grid-1 elementor-grid-tablet-1 elementor-grid-mobile-1 elementor-posts--thumbnail-top elementor-posts__hover-gradient elementor-widget elementor-widget-posts\" data-id=\"db38954\" data-element_type=\"widget\" data-settings=\"{&quot;cards_columns&quot;:&quot;1&quot;,&quot;cards_row_gap&quot;:{&quot;unit&quot;:&quot;px&quot;,&quot;size&quot;:25,&quot;sizes&quot;:[]},&quot;cards_columns_tablet&quot;:&quot;1&quot;,&quot;cards_columns_mobile&quot;:&quot;1&quot;,&quot;cards_row_gap_tablet&quot;:{&quot;unit&quot;:&quot;px&quot;,&quot;size&quot;:&quot;&quot;,&quot;sizes&quot;:[]},&quot;cards_row_gap_mobile&quot;:{&quot;unit&quot;:&quot;px&quot;,&quot;size&quot;:&quot;&quot;,&quot;sizes&quot;:[]}}\" data-widget_type=\"posts.cards\">\n\t\t\t\t<div class=\"elementor-widget-container\">\n\t\t\t\t\t\t\t<div class=\"elementor-posts-container elementor-posts elementor-posts--skin-cards elementor-grid\">\n\t\t\t\t<article class=\"elementor-post elementor-grid-item post-13032 post type-post status-publish format-standard has-post-thumbnail hentry category-vida-de-estado tag-casas tag-idealista tag-imobiliario tag-municipios-de-portugal tag-rendas-mais-baratas\">\n\t\t\t<div class=\"elementor-post__card\">\n\t\t\t\t<a class=\"elementor-post__thumbnail__link\" href=\"https:\/\/estadocomarte.pt\/site\/2026\/07\/29\/31-dos-50-municipios-mais-procurados-tem-rendas-abaixo-de-1-000-euros\/\" tabindex=\"-1\" ><div class=\"elementor-post__thumbnail\"><img loading=\"lazy\" decoding=\"async\" width=\"900\" height=\"675\" src=\"https:\/\/estadocomarte.pt\/site\/wp-content\/uploads\/2026\/07\/miranda_do_douro.jpg\" class=\"attachment-full size-full wp-image-13033\" alt=\"\" srcset=\"https:\/\/estadocomarte.pt\/site\/wp-content\/uploads\/2026\/07\/miranda_do_douro.jpg 900w, https:\/\/estadocomarte.pt\/site\/wp-content\/uploads\/2026\/07\/miranda_do_douro-300x225.jpg 300w, https:\/\/estadocomarte.pt\/site\/wp-content\/uploads\/2026\/07\/miranda_do_douro-768x576.jpg 768w\" sizes=\"(max-width: 900px) 100vw, 900px\" \/><\/div><\/a>\n\t\t\t\t<div class=\"elementor-post__text\">\n\t\t\t\t<h4 class=\"elementor-post__title\">\n\t\t\t<a href=\"https:\/\/estadocomarte.pt\/site\/2026\/07\/29\/31-dos-50-municipios-mais-procurados-tem-rendas-abaixo-de-1-000-euros\/\" >\n\t\t\t\t31 dos 50 munic\u00edpios mais procurados t\u00eam rendas abaixo de 1.000 euros\t\t\t<\/a>\n\t\t<\/h4>\n\t\t\t\t<div class=\"elementor-post__excerpt\">\n\t\t\t<p>Magazine Estado com Arte<\/p>\n\t\t<\/div>\n\t\t\t\t<\/div>\n\t\t\t\t<div class=\"elementor-post__meta-data\">\n\t\t\t\t\t<span class=\"elementor-post-date\">\n\t\t\tJulho 29, 2026\t\t<\/span>\n\t\t\t\t<\/div>\n\t\t\t\t\t<\/div>\n\t\t<\/article>\n\t\t\t\t<\/div>\n\t\t\n\t\t\t\t\t\t<\/div>\n\t\t\t\t<\/div>\n\t\t\t\t\t<\/div>\n\t\t<\/div>\n\t\t\t\t<div class=\"elementor-column elementor-col-16 elementor-inner-column elementor-element elementor-element-9b46bba\" data-id=\"9b46bba\" data-element_type=\"column\">\n\t\t\t<div class=\"elementor-widget-wrap elementor-element-populated\">\n\t\t\t\t\t\t<div class=\"elementor-element elementor-element-9b0f07b elementor-widget elementor-widget-heading\" data-id=\"9b0f07b\" data-element_type=\"widget\" data-widget_type=\"heading.default\">\n\t\t\t\t<div class=\"elementor-widget-container\">\n\t\t\t\t\t<h3 class=\"elementor-heading-title elementor-size-default\"><a href=\"https:\/\/estadocomarte.pt\/site\/pontas-soltas\/\">Pontas Soltas<\/a><\/h3>\t\t\t\t<\/div>\n\t\t\t\t<\/div>\n\t\t\t\t<div class=\"elementor-element elementor-element-1cf14a3 elementor-grid-1 elementor-grid-tablet-1 elementor-grid-mobile-1 elementor-posts--thumbnail-top elementor-posts__hover-gradient elementor-widget elementor-widget-posts\" data-id=\"1cf14a3\" data-element_type=\"widget\" data-settings=\"{&quot;cards_columns&quot;:&quot;1&quot;,&quot;cards_row_gap&quot;:{&quot;unit&quot;:&quot;px&quot;,&quot;size&quot;:25,&quot;sizes&quot;:[]},&quot;cards_columns_tablet&quot;:&quot;1&quot;,&quot;cards_columns_mobile&quot;:&quot;1&quot;,&quot;cards_row_gap_tablet&quot;:{&quot;unit&quot;:&quot;px&quot;,&quot;size&quot;:&quot;&quot;,&quot;sizes&quot;:[]},&quot;cards_row_gap_mobile&quot;:{&quot;unit&quot;:&quot;px&quot;,&quot;size&quot;:&quot;&quot;,&quot;sizes&quot;:[]}}\" data-widget_type=\"posts.cards\">\n\t\t\t\t<div class=\"elementor-widget-container\">\n\t\t\t\t\t\t\t<div class=\"elementor-posts-container elementor-posts elementor-posts--skin-cards elementor-grid\">\n\t\t\t\t<article class=\"elementor-post elementor-grid-item post-13144 post type-post status-publish format-standard has-post-thumbnail hentry category-isto-para-nos category-pontas-soltas tag-autora tag-conica tag-pontas-soltas tag-susana-duarte\">\n\t\t\t<div class=\"elementor-post__card\">\n\t\t\t\t<a class=\"elementor-post__thumbnail__link\" href=\"https:\/\/estadocomarte.pt\/site\/2026\/08\/19\/estavamos-todos-la-ou-talvez-nao\/\" tabindex=\"-1\" ><div class=\"elementor-post__thumbnail\"><img loading=\"lazy\" decoding=\"async\" width=\"659\" height=\"938\" src=\"https:\/\/estadocomarte.pt\/site\/wp-content\/uploads\/2026\/08\/susanaduarte2.jpg\" class=\"attachment-full size-full wp-image-13145\" alt=\"\" srcset=\"https:\/\/estadocomarte.pt\/site\/wp-content\/uploads\/2026\/08\/susanaduarte2.jpg 659w, https:\/\/estadocomarte.pt\/site\/wp-content\/uploads\/2026\/08\/susanaduarte2-211x300.jpg 211w\" sizes=\"(max-width: 659px) 100vw, 659px\" \/><\/div><\/a>\n\t\t\t\t<div class=\"elementor-post__text\">\n\t\t\t\t<h4 class=\"elementor-post__title\">\n\t\t\t<a href=\"https:\/\/estadocomarte.pt\/site\/2026\/08\/19\/estavamos-todos-la-ou-talvez-nao\/\" >\n\t\t\t\tEst\u00e1vamos todos l\u00e1. Ou talvez n\u00e3o.\t\t\t<\/a>\n\t\t<\/h4>\n\t\t\t\t<div class=\"elementor-post__excerpt\">\n\t\t\t<p>Susana Duarte,<br \/>\nAutora<\/p>\n\t\t<\/div>\n\t\t\t\t<\/div>\n\t\t\t\t<div class=\"elementor-post__meta-data\">\n\t\t\t\t\t<span class=\"elementor-post-date\">\n\t\t\tAgosto 19, 2026\t\t<\/span>\n\t\t\t\t<\/div>\n\t\t\t\t\t<\/div>\n\t\t<\/article>\n\t\t\t\t<\/div>\n\t\t\n\t\t\t\t\t\t<\/div>\n\t\t\t\t<\/div>\n\t\t\t\t\t<\/div>\n\t\t<\/div>\n\t\t\t\t<div class=\"elementor-column elementor-col-16 elementor-inner-column elementor-element elementor-element-fa7aaa2\" data-id=\"fa7aaa2\" data-element_type=\"column\">\n\t\t\t<div class=\"elementor-widget-wrap elementor-element-populated\">\n\t\t\t\t\t\t<div class=\"elementor-element elementor-element-cdec648 elementor-widget elementor-widget-heading\" data-id=\"cdec648\" data-element_type=\"widget\" data-widget_type=\"heading.default\">\n\t\t\t\t<div class=\"elementor-widget-container\">\n\t\t\t\t\t<h3 class=\"elementor-heading-title elementor-size-default\"><a href=\"https:\/\/estadocomarte.pt\/site\/vice-versa\/\">VIce<br>Versa<\/a><\/h3>\t\t\t\t<\/div>\n\t\t\t\t<\/div>\n\t\t\t\t<div class=\"elementor-element elementor-element-b905805 elementor-grid-1 elementor-grid-tablet-1 elementor-grid-mobile-1 elementor-posts--thumbnail-top elementor-posts__hover-gradient elementor-widget elementor-widget-posts\" data-id=\"b905805\" data-element_type=\"widget\" data-settings=\"{&quot;cards_columns&quot;:&quot;1&quot;,&quot;cards_row_gap&quot;:{&quot;unit&quot;:&quot;px&quot;,&quot;size&quot;:25,&quot;sizes&quot;:[]},&quot;cards_columns_tablet&quot;:&quot;1&quot;,&quot;cards_columns_mobile&quot;:&quot;1&quot;,&quot;cards_row_gap_tablet&quot;:{&quot;unit&quot;:&quot;px&quot;,&quot;size&quot;:&quot;&quot;,&quot;sizes&quot;:[]},&quot;cards_row_gap_mobile&quot;:{&quot;unit&quot;:&quot;px&quot;,&quot;size&quot;:&quot;&quot;,&quot;sizes&quot;:[]}}\" data-widget_type=\"posts.cards\">\n\t\t\t\t<div class=\"elementor-widget-container\">\n\t\t\t\t\t\t\t<div class=\"elementor-posts-container elementor-posts elementor-posts--skin-cards elementor-grid\">\n\t\t\t\t<article class=\"elementor-post elementor-grid-item post-13159 post type-post status-publish format-standard has-post-thumbnail hentry category-vice-versa tag-arquitecto tag-ceuta tag-espanha tag-imigrantes tag-invasao tag-rui-goncalves tag-uniao-europeia\">\n\t\t\t<div class=\"elementor-post__card\">\n\t\t\t\t<a class=\"elementor-post__thumbnail__link\" href=\"https:\/\/estadocomarte.pt\/site\/2026\/08\/20\/ceuta-teve-a-conivencia-da-europa\/\" tabindex=\"-1\" ><div class=\"elementor-post__thumbnail\"><img decoding=\"async\" width=\"536\" height=\"632\" src=\"https:\/\/estadocomarte.pt\/site\/wp-content\/uploads\/2023\/08\/Rui-Goncalves.jpg\" class=\"attachment-full size-full wp-image-2202\" alt=\"Rui Gon\u00e7alvez\" srcset=\"https:\/\/estadocomarte.pt\/site\/wp-content\/uploads\/2023\/08\/Rui-Goncalves.jpg 536w, https:\/\/estadocomarte.pt\/site\/wp-content\/uploads\/2023\/08\/Rui-Goncalves-254x300.jpg 254w\" sizes=\"(max-width: 536px) 100vw, 536px\" \/><\/div><\/a>\n\t\t\t\t<div class=\"elementor-post__text\">\n\t\t\t\t<h4 class=\"elementor-post__title\">\n\t\t\t<a href=\"https:\/\/estadocomarte.pt\/site\/2026\/08\/20\/ceuta-teve-a-conivencia-da-europa\/\" >\n\t\t\t\tCEUTA TEVE A CONIV\u00caNCIA DA EUROPA\t\t\t<\/a>\n\t\t<\/h4>\n\t\t\t\t<div class=\"elementor-post__excerpt\">\n\t\t\t<p>Rui Gon\u00e7alves,<br \/>\nArquitecto<\/p>\n\t\t<\/div>\n\t\t\t\t<\/div>\n\t\t\t\t<div class=\"elementor-post__meta-data\">\n\t\t\t\t\t<span class=\"elementor-post-date\">\n\t\t\tAgosto 20, 2026\t\t<\/span>\n\t\t\t\t<\/div>\n\t\t\t\t\t<\/div>\n\t\t<\/article>\n\t\t\t\t<\/div>\n\t\t\n\t\t\t\t\t\t<\/div>\n\t\t\t\t<\/div>\n\t\t\t\t\t<\/div>\n\t\t<\/div>\n\t\t\t\t<div class=\"elementor-column elementor-col-16 elementor-inner-column elementor-element elementor-element-be2d2bf\" data-id=\"be2d2bf\" data-element_type=\"column\">\n\t\t\t<div class=\"elementor-widget-wrap elementor-element-populated\">\n\t\t\t\t\t\t<div class=\"elementor-element elementor-element-3bbe6d0 elementor-widget elementor-widget-heading\" data-id=\"3bbe6d0\" data-element_type=\"widget\" data-widget_type=\"heading.default\">\n\t\t\t\t<div class=\"elementor-widget-container\">\n\t\t\t\t\t<h3 class=\"elementor-heading-title elementor-size-default\"><a href=\"https:\/\/estadocomarte.pt\/site\/a-queima-roupa\">\u00c0 Queima Roupa<\/a><\/h3>\t\t\t\t<\/div>\n\t\t\t\t<\/div>\n\t\t\t\t<div class=\"elementor-element elementor-element-350c516 elementor-grid-1 elementor-grid-tablet-1 elementor-grid-mobile-1 elementor-posts--thumbnail-top elementor-posts__hover-gradient elementor-widget elementor-widget-posts\" data-id=\"350c516\" data-element_type=\"widget\" data-settings=\"{&quot;cards_columns&quot;:&quot;1&quot;,&quot;cards_row_gap&quot;:{&quot;unit&quot;:&quot;px&quot;,&quot;size&quot;:25,&quot;sizes&quot;:[]},&quot;cards_columns_tablet&quot;:&quot;1&quot;,&quot;cards_columns_mobile&quot;:&quot;1&quot;,&quot;cards_row_gap_tablet&quot;:{&quot;unit&quot;:&quot;px&quot;,&quot;size&quot;:&quot;&quot;,&quot;sizes&quot;:[]},&quot;cards_row_gap_mobile&quot;:{&quot;unit&quot;:&quot;px&quot;,&quot;size&quot;:&quot;&quot;,&quot;sizes&quot;:[]}}\" data-widget_type=\"posts.cards\">\n\t\t\t\t<div class=\"elementor-widget-container\">\n\t\t\t\t\t\t\t<div class=\"elementor-posts-container elementor-posts elementor-posts--skin-cards elementor-grid\">\n\t\t\t\t<article class=\"elementor-post elementor-grid-item post-13124 post type-post status-publish format-standard has-post-thumbnail hentry category-a-queima-roupa\">\n\t\t\t<div class=\"elementor-post__card\">\n\t\t\t\t<a class=\"elementor-post__thumbnail__link\" href=\"https:\/\/estadocomarte.pt\/site\/2026\/08\/14\/susana-duarte-ha-coisas-que-o-coracao-ainda-nao-sabe-mas-que-ja-decidiu\/\" tabindex=\"-1\" ><div class=\"elementor-post__thumbnail\"><img loading=\"lazy\" decoding=\"async\" width=\"534\" height=\"840\" src=\"https:\/\/estadocomarte.pt\/site\/wp-content\/uploads\/2026\/08\/susana-duartelivro.jpg\" class=\"attachment-full size-full wp-image-13148\" alt=\"\" srcset=\"https:\/\/estadocomarte.pt\/site\/wp-content\/uploads\/2026\/08\/susana-duartelivro.jpg 534w, https:\/\/estadocomarte.pt\/site\/wp-content\/uploads\/2026\/08\/susana-duartelivro-191x300.jpg 191w\" sizes=\"(max-width: 534px) 100vw, 534px\" \/><\/div><\/a>\n\t\t\t\t<div class=\"elementor-post__text\">\n\t\t\t\t<h4 class=\"elementor-post__title\">\n\t\t\t<a href=\"https:\/\/estadocomarte.pt\/site\/2026\/08\/14\/susana-duarte-ha-coisas-que-o-coracao-ainda-nao-sabe-mas-que-ja-decidiu\/\" >\n\t\t\t\tSUSANA DUARTE. \u00abH\u00c1 COISAS QUE O CORA\u00c7\u00c3O AINDA N\u00c3O SABE, MAS QUE J\u00c1 DECIDIU\u00bb\t\t\t<\/a>\n\t\t<\/h4>\n\t\t\t\t<div class=\"elementor-post__excerpt\">\n\t\t\t<p>Pedro Gaspar<\/p>\n\t\t<\/div>\n\t\t\t\t<\/div>\n\t\t\t\t<div class=\"elementor-post__meta-data\">\n\t\t\t\t\t<span class=\"elementor-post-date\">\n\t\t\tAgosto 14, 2026\t\t<\/span>\n\t\t\t\t<\/div>\n\t\t\t\t\t<\/div>\n\t\t<\/article>\n\t\t\t\t<\/div>\n\t\t\n\t\t\t\t\t\t<\/div>\n\t\t\t\t<\/div>\n\t\t\t\t\t<\/div>\n\t\t<\/div>\n\t\t\t\t<div class=\"elementor-column elementor-col-16 elementor-inner-column elementor-element elementor-element-e436cb8\" data-id=\"e436cb8\" data-element_type=\"column\">\n\t\t\t<div class=\"elementor-widget-wrap elementor-element-populated\">\n\t\t\t\t\t\t<div class=\"elementor-element elementor-element-d01f114 elementor-widget elementor-widget-heading\" data-id=\"d01f114\" data-element_type=\"widget\" data-widget_type=\"heading.default\">\n\t\t\t\t<div class=\"elementor-widget-container\">\n\t\t\t\t\t<h3 class=\"elementor-heading-title elementor-size-default\"><a href=\"https:\/\/estadocomarte.pt\/site\/escapadinhas\/\">Escapa-dinhas<\/a><\/h3>\t\t\t\t<\/div>\n\t\t\t\t<\/div>\n\t\t\t\t<div class=\"elementor-element elementor-element-37cffe3 elementor-grid-1 elementor-grid-tablet-1 elementor-grid-mobile-1 elementor-posts--thumbnail-top elementor-posts__hover-gradient elementor-widget elementor-widget-posts\" data-id=\"37cffe3\" data-element_type=\"widget\" data-settings=\"{&quot;cards_columns&quot;:&quot;1&quot;,&quot;cards_row_gap&quot;:{&quot;unit&quot;:&quot;px&quot;,&quot;size&quot;:25,&quot;sizes&quot;:[]},&quot;cards_columns_tablet&quot;:&quot;1&quot;,&quot;cards_columns_mobile&quot;:&quot;1&quot;,&quot;cards_row_gap_tablet&quot;:{&quot;unit&quot;:&quot;px&quot;,&quot;size&quot;:&quot;&quot;,&quot;sizes&quot;:[]},&quot;cards_row_gap_mobile&quot;:{&quot;unit&quot;:&quot;px&quot;,&quot;size&quot;:&quot;&quot;,&quot;sizes&quot;:[]}}\" data-widget_type=\"posts.cards\">\n\t\t\t\t<div class=\"elementor-widget-container\">\n\t\t\t\t\t\t\t<div class=\"elementor-posts-container elementor-posts elementor-posts--skin-cards elementor-grid\">\n\t\t\t\t<article class=\"elementor-post elementor-grid-item post-13183 post type-post status-publish format-standard has-post-thumbnail hentry category-escapadinhas tag-cristaos tag-japao tag-macau tag-pedip tag-portugueses-no-oriente tag-projecto-de-estudo-e-divulgacao-do-patrimonio\">\n\t\t\t<div class=\"elementor-post__card\">\n\t\t\t\t<a class=\"elementor-post__thumbnail__link\" href=\"https:\/\/estadocomarte.pt\/site\/2026\/08\/24\/o-festival-kunchi-nagasaqui-japao\/\" tabindex=\"-1\" ><div class=\"elementor-post__thumbnail\"><img loading=\"lazy\" decoding=\"async\" width=\"816\" height=\"590\" src=\"https:\/\/estadocomarte.pt\/site\/wp-content\/uploads\/2026\/08\/Nau-do-trato.webp\" class=\"attachment-full size-full wp-image-13184\" alt=\"\" srcset=\"https:\/\/estadocomarte.pt\/site\/wp-content\/uploads\/2026\/08\/Nau-do-trato.webp 816w, https:\/\/estadocomarte.pt\/site\/wp-content\/uploads\/2026\/08\/Nau-do-trato-300x217.webp 300w, https:\/\/estadocomarte.pt\/site\/wp-content\/uploads\/2026\/08\/Nau-do-trato-768x555.webp 768w\" sizes=\"(max-width: 816px) 100vw, 816px\" \/><\/div><\/a>\n\t\t\t\t<div class=\"elementor-post__text\">\n\t\t\t\t<h4 class=\"elementor-post__title\">\n\t\t\t<a href=\"https:\/\/estadocomarte.pt\/site\/2026\/08\/24\/o-festival-kunchi-nagasaqui-japao\/\" >\n\t\t\t\tO Festival Kunchi, Nagas\u00e1qui, Jap\u00e3o\t\t\t<\/a>\n\t\t<\/h4>\n\t\t\t\t<div class=\"elementor-post__excerpt\">\n\t\t\t<p>PEDIP &#8211; Projecto de Estudo e Divulga\u00e7\u00e3o do Patrim\u00f3nio<\/p>\n\t\t<\/div>\n\t\t\t\t<\/div>\n\t\t\t\t<div class=\"elementor-post__meta-data\">\n\t\t\t\t\t<span class=\"elementor-post-date\">\n\t\t\tAgosto 24, 2026\t\t<\/span>\n\t\t\t\t<\/div>\n\t\t\t\t\t<\/div>\n\t\t<\/article>\n\t\t\t\t<\/div>\n\t\t\n\t\t\t\t\t\t<\/div>\n\t\t\t\t<\/div>\n\t\t\t\t\t<\/div>\n\t\t<\/div>\n\t\t\t\t\t<\/div>\n\t\t<\/section>\n\t\t\t\t<div class=\"elementor-element elementor-element-6e45046 elementor-widget-divider--view-line elementor-widget elementor-widget-divider\" data-id=\"6e45046\" data-element_type=\"widget\" data-widget_type=\"divider.default\">\n\t\t\t\t<div class=\"elementor-widget-container\">\n\t\t\t\t\t\t\t<div class=\"elementor-divider\">\n\t\t\t<span class=\"elementor-divider-separator\">\n\t\t\t\t\t\t<\/span>\n\t\t<\/div>\n\t\t\t\t\t\t<\/div>\n\t\t\t\t<\/div>\n\t\t\t\t\t<\/div>\n\t\t<\/div>\n\t\t\t\t\t<\/div>\n\t\t<\/section>\n\t\t\t\t<section class=\"elementor-section elementor-top-section elementor-element elementor-element-8c0aea0 elementor-section-boxed elementor-section-height-default elementor-section-height-default\" data-id=\"8c0aea0\" data-element_type=\"section\">\n\t\t\t\t\t\t<div class=\"elementor-container elementor-column-gap-default\">\n\t\t\t\t\t<div class=\"elementor-column elementor-col-100 elementor-top-column elementor-element elementor-element-f387bcc\" data-id=\"f387bcc\" data-element_type=\"column\">\n\t\t\t<div class=\"elementor-widget-wrap elementor-element-populated\">\n\t\t\t\t\t\t<div class=\"elementor-element elementor-element-5ef6d6f elementor-widget-divider--view-line elementor-widget elementor-widget-divider\" data-id=\"5ef6d6f\" data-element_type=\"widget\" data-widget_type=\"divider.default\">\n\t\t\t\t<div class=\"elementor-widget-container\">\n\t\t\t\t\t\t\t<div class=\"elementor-divider\">\n\t\t\t<span class=\"elementor-divider-separator\">\n\t\t\t\t\t\t<\/span>\n\t\t<\/div>\n\t\t\t\t\t\t<\/div>\n\t\t\t\t<\/div>\n\t\t\t\t\t<\/div>\n\t\t<\/div>\n\t\t\t\t\t<\/div>\n\t\t<\/section>\n\t\t\t\t<section class=\"elementor-section elementor-top-section elementor-element elementor-element-8f9d853 elementor-section-boxed elementor-section-height-default elementor-section-height-default\" data-id=\"8f9d853\" data-element_type=\"section\">\n\t\t\t\t\t\t<div class=\"elementor-container elementor-column-gap-no\">\n\t\t\t\t\t<div class=\"elementor-column elementor-col-100 elementor-top-column elementor-element elementor-element-4766840\" data-id=\"4766840\" data-element_type=\"column\">\n\t\t\t<div class=\"elementor-widget-wrap elementor-element-populated\">\n\t\t\t\t\t\t<div class=\"elementor-element elementor-element-2baf6fc elementor-widget elementor-widget-heading\" data-id=\"2baf6fc\" data-element_type=\"widget\" data-widget_type=\"heading.default\">\n\t\t\t\t<div class=\"elementor-widget-container\">\n\t\t\t\t\t<h3 class=\"elementor-heading-title elementor-size-default\">Recentes<\/h3>\t\t\t\t<\/div>\n\t\t\t\t<\/div>\n\t\t\t\t<div class=\"elementor-element elementor-element-ad8b878 elementor-grid-tablet-3 elementor-grid-4 elementor-grid-mobile-1 elementor-posts--thumbnail-top elementor-posts__hover-gradient elementor-widget elementor-widget-posts\" data-id=\"ad8b878\" data-element_type=\"widget\" data-settings=\"{&quot;cards_row_gap&quot;:{&quot;unit&quot;:&quot;px&quot;,&quot;size&quot;:60,&quot;sizes&quot;:[]},&quot;cards_columns_tablet&quot;:&quot;3&quot;,&quot;cards_columns&quot;:&quot;4&quot;,&quot;cards_columns_mobile&quot;:&quot;1&quot;,&quot;cards_row_gap_tablet&quot;:{&quot;unit&quot;:&quot;px&quot;,&quot;size&quot;:&quot;&quot;,&quot;sizes&quot;:[]},&quot;cards_row_gap_mobile&quot;:{&quot;unit&quot;:&quot;px&quot;,&quot;size&quot;:&quot;&quot;,&quot;sizes&quot;:[]}}\" data-widget_type=\"posts.cards\">\n\t\t\t\t<div class=\"elementor-widget-container\">\n\t\t\t\t\t\t\t<div class=\"elementor-posts-container elementor-posts elementor-posts--skin-cards elementor-grid\">\n\t\t\t\t<article class=\"elementor-post elementor-grid-item post-13236 post type-post status-publish format-standard has-post-thumbnail hentry category-cultura tag-os-paineis-de-azulejos-do-claustro-da-se-de-viseu tag-pedip-projecto-de-estudo-e-divulgacao-do-patrimonio\">\n\t\t\t<div class=\"elementor-post__card\">\n\t\t\t\t<a class=\"elementor-post__thumbnail__link\" href=\"https:\/\/estadocomarte.pt\/site\/2026\/09\/03\/os-paineis-de-azulejos-do-claustro-da-se-de-viseu\/\" tabindex=\"-1\" ><div class=\"elementor-post__thumbnail\"><img loading=\"lazy\" decoding=\"async\" width=\"347\" height=\"347\" src=\"https:\/\/estadocomarte.pt\/site\/wp-content\/uploads\/2026\/09\/azulejo_quad_01-high.webp\" class=\"attachment-large size-large wp-image-13237\" alt=\"\" srcset=\"https:\/\/estadocomarte.pt\/site\/wp-content\/uploads\/2026\/09\/azulejo_quad_01-high.webp 347w, https:\/\/estadocomarte.pt\/site\/wp-content\/uploads\/2026\/09\/azulejo_quad_01-high-300x300.webp 300w, https:\/\/estadocomarte.pt\/site\/wp-content\/uploads\/2026\/09\/azulejo_quad_01-high-150x150.webp 150w\" sizes=\"(max-width: 347px) 100vw, 347px\" \/><\/div><\/a>\n\t\t\t\t<div class=\"elementor-post__badge\">Cultura<\/div>\n\t\t\t\t<div class=\"elementor-post__text\">\n\t\t\t\t<h4 class=\"elementor-post__title\">\n\t\t\t<a href=\"https:\/\/estadocomarte.pt\/site\/2026\/09\/03\/os-paineis-de-azulejos-do-claustro-da-se-de-viseu\/\" >\n\t\t\t\tOS PAINEIS DE AZULEJOS DO CLAUSTRO DA S\u00c9 DE VISEU\t\t\t<\/a>\n\t\t<\/h4>\n\t\t\t\t<div class=\"elementor-post__excerpt\">\n\t\t\t<p>PEDiP,<br \/>\nProjecto de Estudo e Divulga\u00e7\u00e3o do Patrim\u00f3nio<\/p>\n\t\t<\/div>\n\t\t\t\t<\/div>\n\t\t\t\t<div class=\"elementor-post__meta-data\">\n\t\t\t\t\t<span class=\"elementor-post-date\">\n\t\t\tSetembro 3, 2026\t\t<\/span>\n\t\t\t\t<\/div>\n\t\t\t\t\t<\/div>\n\t\t<\/article>\n\t\t\t\t<article class=\"elementor-post elementor-grid-item post-13231 post type-post status-publish format-standard has-post-thumbnail hentry category-opiniao tag-42-anos tag-autora tag-beleza tag-envelhecer tag-mulher tag-susana-duarte\">\n\t\t\t<div class=\"elementor-post__card\">\n\t\t\t\t<a class=\"elementor-post__thumbnail__link\" href=\"https:\/\/estadocomarte.pt\/site\/2026\/09\/03\/a-minha-cara-tambem-tem-42-anos\/\" tabindex=\"-1\" ><div class=\"elementor-post__thumbnail\"><img loading=\"lazy\" decoding=\"async\" width=\"764\" height=\"982\" src=\"https:\/\/estadocomarte.pt\/site\/wp-content\/uploads\/2026\/09\/Susana-Duarte.jpeg\" class=\"attachment-large size-large wp-image-13232\" alt=\"\" srcset=\"https:\/\/estadocomarte.pt\/site\/wp-content\/uploads\/2026\/09\/Susana-Duarte.jpeg 764w, https:\/\/estadocomarte.pt\/site\/wp-content\/uploads\/2026\/09\/Susana-Duarte-233x300.jpeg 233w\" sizes=\"(max-width: 764px) 100vw, 764px\" \/><\/div><\/a>\n\t\t\t\t<div class=\"elementor-post__badge\">Opini\u00e3o<\/div>\n\t\t\t\t<div class=\"elementor-post__text\">\n\t\t\t\t<h4 class=\"elementor-post__title\">\n\t\t\t<a href=\"https:\/\/estadocomarte.pt\/site\/2026\/09\/03\/a-minha-cara-tambem-tem-42-anos\/\" >\n\t\t\t\tA MINHA CARA TAMB\u00c9M TEM 42 ANOS\t\t\t<\/a>\n\t\t<\/h4>\n\t\t\t\t<div class=\"elementor-post__excerpt\">\n\t\t\t<p>Susana Duarte,<br \/>\nAutora<\/p>\n\t\t<\/div>\n\t\t\t\t<\/div>\n\t\t\t\t<div class=\"elementor-post__meta-data\">\n\t\t\t\t\t<span class=\"elementor-post-date\">\n\t\t\tSetembro 3, 2026\t\t<\/span>\n\t\t\t\t<\/div>\n\t\t\t\t\t<\/div>\n\t\t<\/article>\n\t\t\t\t<article class=\"elementor-post elementor-grid-item post-13229 post type-post status-publish format-standard has-post-thumbnail hentry category-opiniao tag-arquitecto tag-luis-neves tag-montenegro tag-rui-goncalves\">\n\t\t\t<div class=\"elementor-post__card\">\n\t\t\t\t<a class=\"elementor-post__thumbnail__link\" href=\"https:\/\/estadocomarte.pt\/site\/2026\/09\/03\/um-cadastrado-assumido-que-liquidou-montenegro\/\" tabindex=\"-1\" ><div class=\"elementor-post__thumbnail\"><img loading=\"lazy\" decoding=\"async\" width=\"536\" height=\"632\" src=\"https:\/\/estadocomarte.pt\/site\/wp-content\/uploads\/2023\/08\/Rui-Goncalves.jpg\" class=\"attachment-large size-large wp-image-2202\" alt=\"Rui Gon\u00e7alvez\" srcset=\"https:\/\/estadocomarte.pt\/site\/wp-content\/uploads\/2023\/08\/Rui-Goncalves.jpg 536w, https:\/\/estadocomarte.pt\/site\/wp-content\/uploads\/2023\/08\/Rui-Goncalves-254x300.jpg 254w\" sizes=\"(max-width: 536px) 100vw, 536px\" \/><\/div><\/a>\n\t\t\t\t<div class=\"elementor-post__badge\">Opini\u00e3o<\/div>\n\t\t\t\t<div class=\"elementor-post__text\">\n\t\t\t\t<h4 class=\"elementor-post__title\">\n\t\t\t<a href=\"https:\/\/estadocomarte.pt\/site\/2026\/09\/03\/um-cadastrado-assumido-que-liquidou-montenegro\/\" >\n\t\t\t\tUM CADASTRADO ASSUMIDO QUE LIQUIDOU MONTENEGRO\t\t\t<\/a>\n\t\t<\/h4>\n\t\t\t\t<div class=\"elementor-post__excerpt\">\n\t\t\t<p>Rui Gon\u00e7alves,<br \/>\nArquitecto<\/p>\n\t\t<\/div>\n\t\t\t\t<\/div>\n\t\t\t\t<div class=\"elementor-post__meta-data\">\n\t\t\t\t\t<span class=\"elementor-post-date\">\n\t\t\tSetembro 3, 2026\t\t<\/span>\n\t\t\t\t<\/div>\n\t\t\t\t\t<\/div>\n\t\t<\/article>\n\t\t\t\t<article class=\"elementor-post elementor-grid-item post-13219 post type-post status-publish format-standard has-post-thumbnail hentry category-cultura category-isto-para-nos tag-palacio-nacional-da-pena tag-parques-de-sintra\">\n\t\t\t<div class=\"elementor-post__card\">\n\t\t\t\t<a class=\"elementor-post__thumbnail__link\" href=\"https:\/\/estadocomarte.pt\/site\/2026\/08\/30\/palacio-das-rainhas-revela-o-poder-das-governadoras-de-sintra-durante-seculos\/\" tabindex=\"-1\" ><div class=\"elementor-post__thumbnail\"><img loading=\"lazy\" decoding=\"async\" width=\"640\" height=\"427\" src=\"https:\/\/estadocomarte.pt\/site\/wp-content\/uploads\/2026\/08\/palaCC81ciodapenaemsintra.jpg\" class=\"attachment-large size-large wp-image-13222\" alt=\"\" srcset=\"https:\/\/estadocomarte.pt\/site\/wp-content\/uploads\/2026\/08\/palaCC81ciodapenaemsintra.jpg 640w, https:\/\/estadocomarte.pt\/site\/wp-content\/uploads\/2026\/08\/palaCC81ciodapenaemsintra-300x200.jpg 300w\" sizes=\"(max-width: 640px) 100vw, 640px\" \/><\/div><\/a>\n\t\t\t\t<div class=\"elementor-post__badge\">Cultura<\/div>\n\t\t\t\t<div class=\"elementor-post__text\">\n\t\t\t\t<h4 class=\"elementor-post__title\">\n\t\t\t<a href=\"https:\/\/estadocomarte.pt\/site\/2026\/08\/30\/palacio-das-rainhas-revela-o-poder-das-governadoras-de-sintra-durante-seculos\/\" >\n\t\t\t\t\u201cPAL\u00c1CIO DAS RAINHAS\u201d REVELA O PODER DAS  GOVERNADORAS DE SINTRA DURANTE S\u00c9CULOS\t\t\t<\/a>\n\t\t<\/h4>\n\t\t\t\t<div class=\"elementor-post__excerpt\">\n\t\t\t<p>Estado com Arte Magazine<\/p>\n\t\t<\/div>\n\t\t\t\t<\/div>\n\t\t\t\t<div class=\"elementor-post__meta-data\">\n\t\t\t\t\t<span class=\"elementor-post-date\">\n\t\t\tAgosto 30, 2026\t\t<\/span>\n\t\t\t\t<\/div>\n\t\t\t\t\t<\/div>\n\t\t<\/article>\n\t\t\t\t<\/div>\n\t\t\n\t\t\t\t\t\t<\/div>\n\t\t\t\t<\/div>\n\t\t\t\t<div class=\"elementor-element elementor-element-bd73547 elementor-widget-divider--view-line elementor-widget elementor-widget-divider\" data-id=\"bd73547\" data-element_type=\"widget\" data-widget_type=\"divider.default\">\n\t\t\t\t<div class=\"elementor-widget-container\">\n\t\t\t\t\t\t\t<div class=\"elementor-divider\">\n\t\t\t<span class=\"elementor-divider-separator\">\n\t\t\t\t\t\t<\/span>\n\t\t<\/div>\n\t\t\t\t\t\t<\/div>\n\t\t\t\t<\/div>\n\t\t\t\t\t<\/div>\n\t\t<\/div>\n\t\t\t\t\t<\/div>\n\t\t<\/section>\n\t\t\t\t<section class=\"elementor-section elementor-top-section elementor-element elementor-element-4a384ff elementor-section-boxed elementor-section-height-default elementor-section-height-default\" data-id=\"4a384ff\" data-element_type=\"section\">\n\t\t\t\t\t\t<div class=\"elementor-container elementor-column-gap-no\">\n\t\t\t\t\t<div class=\"elementor-column elementor-col-50 elementor-top-column elementor-element elementor-element-2ae7ea23\" data-id=\"2ae7ea23\" data-element_type=\"column\">\n\t\t\t<div class=\"elementor-widget-wrap elementor-element-populated\">\n\t\t\t\t\t\t<div class=\"elementor-element elementor-element-2cddf4f elementor-widget-divider--view-line elementor-widget elementor-widget-divider\" data-id=\"2cddf4f\" data-element_type=\"widget\" data-widget_type=\"divider.default\">\n\t\t\t\t<div class=\"elementor-widget-container\">\n\t\t\t\t\t\t\t<div class=\"elementor-divider\">\n\t\t\t<span class=\"elementor-divider-separator\">\n\t\t\t\t\t\t<\/span>\n\t\t<\/div>\n\t\t\t\t\t\t<\/div>\n\t\t\t\t<\/div>\n\t\t\t\t<div class=\"elementor-element elementor-element-9cb0758 elementor-widget elementor-widget-heading\" data-id=\"9cb0758\" data-element_type=\"widget\" data-widget_type=\"heading.default\">\n\t\t\t\t<div class=\"elementor-widget-container\">\n\t\t\t\t\t<h3 class=\"elementor-heading-title elementor-size-default\">PODCAST<br>-<br>ESTADO<br>COM<br>ARTE<\/h3>\t\t\t\t<\/div>\n\t\t\t\t<\/div>\n\t\t\t\t\t<\/div>\n\t\t<\/div>\n\t\t\t\t<div class=\"elementor-column elementor-col-50 elementor-top-column elementor-element elementor-element-c9f9460\" data-id=\"c9f9460\" data-element_type=\"column\">\n\t\t\t<div class=\"elementor-widget-wrap elementor-element-populated\">\n\t\t\t\t\t\t<section class=\"elementor-section elementor-inner-section elementor-element elementor-element-21085d4 elementor-section-full_width elementor-section-height-default elementor-section-height-default\" data-id=\"21085d4\" data-element_type=\"section\">\n\t\t\t\t\t\t<div class=\"elementor-container elementor-column-gap-no\">\n\t\t\t\t\t<div class=\"elementor-column elementor-col-100 elementor-inner-column elementor-element elementor-element-e0a10a5\" data-id=\"e0a10a5\" data-element_type=\"column\">\n\t\t\t<div class=\"elementor-widget-wrap elementor-element-populated\">\n\t\t\t\t\t\t<div class=\"elementor-element elementor-element-0700e56 elementor-grid-mobile-2 elementor-grid-3 elementor-grid-tablet-2 elementor-posts--thumbnail-top elementor-posts__hover-gradient elementor-widget elementor-widget-posts\" data-id=\"0700e56\" data-element_type=\"widget\" data-settings=\"{&quot;cards_row_gap&quot;:{&quot;unit&quot;:&quot;px&quot;,&quot;size&quot;:60,&quot;sizes&quot;:[]},&quot;cards_columns_mobile&quot;:&quot;2&quot;,&quot;cards_columns&quot;:&quot;3&quot;,&quot;cards_columns_tablet&quot;:&quot;2&quot;,&quot;cards_row_gap_tablet&quot;:{&quot;unit&quot;:&quot;px&quot;,&quot;size&quot;:&quot;&quot;,&quot;sizes&quot;:[]},&quot;cards_row_gap_mobile&quot;:{&quot;unit&quot;:&quot;px&quot;,&quot;size&quot;:&quot;&quot;,&quot;sizes&quot;:[]}}\" data-widget_type=\"posts.cards\">\n\t\t\t\t<div class=\"elementor-widget-container\">\n\t\t\t\t\t\t\t<div class=\"elementor-posts-container elementor-posts elementor-posts--skin-cards elementor-grid\">\n\t\t\t\t<article class=\"elementor-post elementor-grid-item post-12349 post type-post status-publish format-standard has-post-thumbnail hentry category-isto-para-nos category-podcast tag-economia tag-turismo\">\n\t\t\t<div class=\"elementor-post__card\">\n\t\t\t\t<a class=\"elementor-post__thumbnail__link\" href=\"https:\/\/estadocomarte.pt\/site\/2026\/03\/25\/pedro-machado-secretario-de-estado-turismo-cabe-ao-estado-criar-instrumentos-para-gerir-excesso-turistico\/\" tabindex=\"-1\" ><div class=\"elementor-post__thumbnail\"><img loading=\"lazy\" decoding=\"async\" width=\"500\" height=\"500\" src=\"https:\/\/estadocomarte.pt\/site\/wp-content\/uploads\/2023\/07\/Pedro-Machado.jpg\" class=\"attachment-large size-large wp-image-1590\" alt=\"\" srcset=\"https:\/\/estadocomarte.pt\/site\/wp-content\/uploads\/2023\/07\/Pedro-Machado.jpg 500w, https:\/\/estadocomarte.pt\/site\/wp-content\/uploads\/2023\/07\/Pedro-Machado-300x300.jpg 300w, https:\/\/estadocomarte.pt\/site\/wp-content\/uploads\/2023\/07\/Pedro-Machado-150x150.jpg 150w\" sizes=\"(max-width: 500px) 100vw, 500px\" \/><\/div><\/a>\n\t\t\t\t<div class=\"elementor-post__text\">\n\t\t\t\t<h4 class=\"elementor-post__title\">\n\t\t\t<a href=\"https:\/\/estadocomarte.pt\/site\/2026\/03\/25\/pedro-machado-secretario-de-estado-turismo-cabe-ao-estado-criar-instrumentos-para-gerir-excesso-turistico\/\" >\n\t\t\t\tPedro Machado, Secret\u00e1rio de Estado Turismo. Cabe ao Estado &#8220;criar instrumentos para gerir excesso tur\u00edstico.&#8221;\t\t\t<\/a>\n\t\t<\/h4>\n\t\t\t\t<\/div>\n\t\t\t\t<div class=\"elementor-post__meta-data\">\n\t\t\t\t\t<span class=\"elementor-post-date\">\n\t\t\tMar\u00e7o 25, 2026\t\t<\/span>\n\t\t\t\t<\/div>\n\t\t\t\t\t<\/div>\n\t\t<\/article>\n\t\t\t\t<article class=\"elementor-post elementor-grid-item post-11910 post type-post status-publish format-standard has-post-thumbnail hentry category-isto-para-nos category-podcast tag-benard tag-tertulia-arte-docaria tag-tertulias-joao-pedro-gomes\">\n\t\t\t<div class=\"elementor-post__card\">\n\t\t\t\t<a class=\"elementor-post__thumbnail__link\" href=\"https:\/\/estadocomarte.pt\/site\/2026\/01\/23\/joao-pedro-gomes-a-minha-historia-com-a-investigacao-da-alimentacao-e-genetica\/\" tabindex=\"-1\" ><div class=\"elementor-post__thumbnail\"><img loading=\"lazy\" decoding=\"async\" width=\"1024\" height=\"576\" src=\"https:\/\/estadocomarte.pt\/site\/wp-content\/uploads\/2026\/01\/joaopedrogomes-1024x576.jpeg\" class=\"attachment-large size-large wp-image-11912\" alt=\"\" srcset=\"https:\/\/estadocomarte.pt\/site\/wp-content\/uploads\/2026\/01\/joaopedrogomes-1024x576.jpeg 1024w, https:\/\/estadocomarte.pt\/site\/wp-content\/uploads\/2026\/01\/joaopedrogomes-300x169.jpeg 300w, https:\/\/estadocomarte.pt\/site\/wp-content\/uploads\/2026\/01\/joaopedrogomes-768x432.jpeg 768w, https:\/\/estadocomarte.pt\/site\/wp-content\/uploads\/2026\/01\/joaopedrogomes-1536x864.jpeg 1536w, https:\/\/estadocomarte.pt\/site\/wp-content\/uploads\/2026\/01\/joaopedrogomes.jpeg 1600w\" sizes=\"(max-width: 1024px) 100vw, 1024px\" \/><\/div><\/a>\n\t\t\t\t<div class=\"elementor-post__text\">\n\t\t\t\t<h4 class=\"elementor-post__title\">\n\t\t\t<a href=\"https:\/\/estadocomarte.pt\/site\/2026\/01\/23\/joao-pedro-gomes-a-minha-historia-com-a-investigacao-da-alimentacao-e-genetica\/\" >\n\t\t\t\tJo\u00e3o Pedro Gomes. &#8220;A minha hist\u00f3ria com a investiga\u00e7\u00e3o da alimenta\u00e7\u00e3o \u00e9 gen\u00e9tica&#8221;.\t\t\t<\/a>\n\t\t<\/h4>\n\t\t\t\t<\/div>\n\t\t\t\t<div class=\"elementor-post__meta-data\">\n\t\t\t\t\t<span class=\"elementor-post-date\">\n\t\t\tJaneiro 23, 2026\t\t<\/span>\n\t\t\t\t<\/div>\n\t\t\t\t\t<\/div>\n\t\t<\/article>\n\t\t\t\t<article class=\"elementor-post elementor-grid-item post-11908 post type-post status-publish format-standard has-post-thumbnail hentry category-isto-para-nos category-podcast tag-folio25 tag-fronteiras-na-cultura\">\n\t\t\t<div class=\"elementor-post__card\">\n\t\t\t\t<a class=\"elementor-post__thumbnail__link\" href=\"https:\/\/estadocomarte.pt\/site\/2026\/01\/23\/folio25-fronteiras-na-cultura-os-artistas-e-a-cultura-sao-os-guardioes-essenciais-de-um-povo\/\" tabindex=\"-1\" ><div class=\"elementor-post__thumbnail\"><img loading=\"lazy\" decoding=\"async\" width=\"720\" height=\"732\" src=\"https:\/\/estadocomarte.pt\/site\/wp-content\/uploads\/2025\/10\/FOLIOMARTAMARIAANABELA.jpg\" class=\"attachment-large size-large wp-image-11184\" alt=\"\" srcset=\"https:\/\/estadocomarte.pt\/site\/wp-content\/uploads\/2025\/10\/FOLIOMARTAMARIAANABELA.jpg 720w, https:\/\/estadocomarte.pt\/site\/wp-content\/uploads\/2025\/10\/FOLIOMARTAMARIAANABELA-295x300.jpg 295w\" sizes=\"(max-width: 720px) 100vw, 720px\" \/><\/div><\/a>\n\t\t\t\t<div class=\"elementor-post__text\">\n\t\t\t\t<h4 class=\"elementor-post__title\">\n\t\t\t<a href=\"https:\/\/estadocomarte.pt\/site\/2026\/01\/23\/folio25-fronteiras-na-cultura-os-artistas-e-a-cultura-sao-os-guardioes-essenciais-de-um-povo\/\" >\n\t\t\t\tF\u00d3LIO25. &#8220;Fronteiras na Cultura&#8221;: &#8220;Os artistas e a cultura s\u00e3o os guardi\u00f5es essenciais de um povo&#8221;\t\t\t<\/a>\n\t\t<\/h4>\n\t\t\t\t<\/div>\n\t\t\t\t<div class=\"elementor-post__meta-data\">\n\t\t\t\t\t<span class=\"elementor-post-date\">\n\t\t\tJaneiro 23, 2026\t\t<\/span>\n\t\t\t\t<\/div>\n\t\t\t\t\t<\/div>\n\t\t<\/article>\n\t\t\t\t<article class=\"elementor-post elementor-grid-item post-10527 post type-post status-publish format-standard has-post-thumbnail hentry category-podcast tag-ines-montargil tag-podcast\">\n\t\t\t<div class=\"elementor-post__card\">\n\t\t\t\t<a class=\"elementor-post__thumbnail__link\" href=\"https:\/\/estadocomarte.pt\/site\/2025\/08\/25\/podcast-ines-montargil-cuidar-o-ambiente-familiar-e-nao-o-metro-em-hora-de-ponta\/\" tabindex=\"-1\" ><div class=\"elementor-post__thumbnail\"><img loading=\"lazy\" decoding=\"async\" width=\"209\" height=\"241\" src=\"https:\/\/estadocomarte.pt\/site\/wp-content\/uploads\/2025\/08\/ines-montargil.jpeg\" class=\"attachment-large size-large wp-image-10528\" alt=\"\" \/><\/div><\/a>\n\t\t\t\t<div class=\"elementor-post__text\">\n\t\t\t\t<h4 class=\"elementor-post__title\">\n\t\t\t<a href=\"https:\/\/estadocomarte.pt\/site\/2025\/08\/25\/podcast-ines-montargil-cuidar-o-ambiente-familiar-e-nao-o-metro-em-hora-de-ponta\/\" >\n\t\t\t\tPodcast. In\u00eas Montargil: &#8221; Cuidar o ambiente familiar e n\u00e3o o metro em hora de ponta.&#8221;\t\t\t<\/a>\n\t\t<\/h4>\n\t\t\t\t<\/div>\n\t\t\t\t<div class=\"elementor-post__meta-data\">\n\t\t\t\t\t<span class=\"elementor-post-date\">\n\t\t\tAgosto 25, 2025\t\t<\/span>\n\t\t\t\t<\/div>\n\t\t\t\t\t<\/div>\n\t\t<\/article>\n\t\t\t\t<article class=\"elementor-post elementor-grid-item post-10401 post type-post status-publish format-standard has-post-thumbnail hentry category-podcast tag-donamoita\">\n\t\t\t<div class=\"elementor-post__card\">\n\t\t\t\t<a class=\"elementor-post__thumbnail__link\" href=\"https:\/\/estadocomarte.pt\/site\/2025\/08\/06\/donamoita-os-retalhos-como-imagem-de-marca-decorativa\/\" tabindex=\"-1\" ><div class=\"elementor-post__thumbnail\"><img loading=\"lazy\" decoding=\"async\" width=\"1024\" height=\"1024\" src=\"https:\/\/estadocomarte.pt\/site\/wp-content\/uploads\/2025\/08\/donamoita-1024x1024.jpg\" class=\"attachment-large size-large wp-image-10402\" alt=\"\" srcset=\"https:\/\/estadocomarte.pt\/site\/wp-content\/uploads\/2025\/08\/donamoita-1024x1024.jpg 1024w, https:\/\/estadocomarte.pt\/site\/wp-content\/uploads\/2025\/08\/donamoita-300x300.jpg 300w, https:\/\/estadocomarte.pt\/site\/wp-content\/uploads\/2025\/08\/donamoita-150x150.jpg 150w, https:\/\/estadocomarte.pt\/site\/wp-content\/uploads\/2025\/08\/donamoita-768x768.jpg 768w, https:\/\/estadocomarte.pt\/site\/wp-content\/uploads\/2025\/08\/donamoita.jpg 1200w\" sizes=\"(max-width: 1024px) 100vw, 1024px\" \/><\/div><\/a>\n\t\t\t\t<div class=\"elementor-post__text\">\n\t\t\t\t<h4 class=\"elementor-post__title\">\n\t\t\t<a href=\"https:\/\/estadocomarte.pt\/site\/2025\/08\/06\/donamoita-os-retalhos-como-imagem-de-marca-decorativa\/\" >\n\t\t\t\tDonaMoita: Os retalhos como imagem de marca decorativa\t\t\t<\/a>\n\t\t<\/h4>\n\t\t\t\t<\/div>\n\t\t\t\t<div class=\"elementor-post__meta-data\">\n\t\t\t\t\t<span class=\"elementor-post-date\">\n\t\t\tAgosto 6, 2025\t\t<\/span>\n\t\t\t\t<\/div>\n\t\t\t\t\t<\/div>\n\t\t<\/article>\n\t\t\t\t<article class=\"elementor-post elementor-grid-item post-10198 post type-post status-publish format-standard has-post-thumbnail hentry category-isto-para-nos category-podcast tag-autor tag-duarte-lima-mayer tag-rainha-santa-isabel\">\n\t\t\t<div class=\"elementor-post__card\">\n\t\t\t\t<a class=\"elementor-post__thumbnail__link\" href=\"https:\/\/estadocomarte.pt\/site\/2025\/07\/12\/duarte-lima-mayer-apresenta-novo-livro-de-ficcao-da-rainha-santa-isabel\/\" tabindex=\"-1\" ><div class=\"elementor-post__thumbnail\"><img loading=\"lazy\" decoding=\"async\" width=\"450\" height=\"437\" src=\"https:\/\/estadocomarte.pt\/site\/wp-content\/uploads\/2024\/12\/Duarte-l.-Mayer.avif\" class=\"attachment-large size-large wp-image-7685\" alt=\"\" srcset=\"https:\/\/estadocomarte.pt\/site\/wp-content\/uploads\/2024\/12\/Duarte-l.-Mayer.avif 450w, https:\/\/estadocomarte.pt\/site\/wp-content\/uploads\/2024\/12\/Duarte-l.-Mayer-300x291.avif 300w\" sizes=\"(max-width: 450px) 100vw, 450px\" \/><\/div><\/a>\n\t\t\t\t<div class=\"elementor-post__text\">\n\t\t\t\t<h4 class=\"elementor-post__title\">\n\t\t\t<a href=\"https:\/\/estadocomarte.pt\/site\/2025\/07\/12\/duarte-lima-mayer-apresenta-novo-livro-de-ficcao-da-rainha-santa-isabel\/\" >\n\t\t\t\tDuarte Lima Mayer apresenta novo livro de fic\u00e7\u00e3o da Rainha Santa Isabel\t\t\t<\/a>\n\t\t<\/h4>\n\t\t\t\t<\/div>\n\t\t\t\t<div class=\"elementor-post__meta-data\">\n\t\t\t\t\t<span class=\"elementor-post-date\">\n\t\t\tJulho 12, 2025\t\t<\/span>\n\t\t\t\t<\/div>\n\t\t\t\t\t<\/div>\n\t\t<\/article>\n\t\t\t\t<\/div>\n\t\t\n\t\t\t\t\t\t<\/div>\n\t\t\t\t<\/div>\n\t\t\t\t\t<\/div>\n\t\t<\/div>\n\t\t\t\t\t<\/div>\n\t\t<\/section>\n\t\t\t\t\t<\/div>\n\t\t<\/div>\n\t\t\t\t\t<\/div>\n\t\t<\/section>\n\t\t\t\t<section class=\"elementor-section elementor-top-section elementor-element elementor-element-48a62e05 elementor-section-boxed elementor-section-height-default elementor-section-height-default\" data-id=\"48a62e05\" data-element_type=\"section\">\n\t\t\t\t\t\t<div class=\"elementor-container elementor-column-gap-no\">\n\t\t\t\t\t<div class=\"elementor-column elementor-col-100 elementor-top-column elementor-element elementor-element-3ae28a57\" data-id=\"3ae28a57\" data-element_type=\"column\">\n\t\t\t<div class=\"elementor-widget-wrap elementor-element-populated\">\n\t\t\t\t\t\t<div class=\"elementor-element elementor-element-3857cea elementor-widget-divider--view-line elementor-widget elementor-widget-divider\" data-id=\"3857cea\" data-element_type=\"widget\" data-widget_type=\"divider.default\">\n\t\t\t\t<div class=\"elementor-widget-container\">\n\t\t\t\t\t\t\t<div class=\"elementor-divider\">\n\t\t\t<span class=\"elementor-divider-separator\">\n\t\t\t\t\t\t<\/span>\n\t\t<\/div>\n\t\t\t\t\t\t<\/div>\n\t\t\t\t<\/div>\n\t\t\t\t<div class=\"elementor-element elementor-element-49d0a65a elementor-widget__width-initial elementor-widget elementor-widget-heading\" data-id=\"49d0a65a\" data-element_type=\"widget\" data-widget_type=\"heading.default\">\n\t\t\t\t<div class=\"elementor-widget-container\">\n\t\t\t\t\t<h2 class=\"elementor-heading-title elementor-size-default\">#Estado com Arte TV<\/h2>\t\t\t\t<\/div>\n\t\t\t\t<\/div>\n\t\t\t\t<div class=\"elementor-element elementor-element-aab490a elementor-widget__width-initial elementor-widget elementor-widget-video\" data-id=\"aab490a\" data-element_type=\"widget\" data-settings=\"{&quot;youtube_url&quot;:&quot;https:\\\/\\\/www.youtube.com\\\/watch?v=yoleLCV7GLU&quot;,&quot;video_type&quot;:&quot;youtube&quot;,&quot;controls&quot;:&quot;yes&quot;}\" data-widget_type=\"video.default\">\n\t\t\t\t<div class=\"elementor-widget-container\">\n\t\t\t\t\t\t\t<div class=\"elementor-wrapper elementor-open-inline\">\n\t\t\t<div class=\"elementor-video\"><\/div>\t\t<\/div>\n\t\t\t\t\t\t<\/div>\n\t\t\t\t<\/div>\n\t\t\t\t\t<\/div>\n\t\t<\/div>\n\t\t\t\t\t<\/div>\n\t\t<\/section>\n\t\t\t\t<\/div>\n\t\t","protected":false},"excerpt":{"rendered":"<p>\u00daLTIMAS Opini\u00e3o Apoie o Jornalismo Independente Pelo rigor e verdade Jornalistica FAZER DONATIVO DESTAQUES Bolha Medi\u00e1tica Vida de Estado Pontas Soltas VIceVersa \u00c0 Queima Roupa<\/p>\n","protected":false},"author":1,"featured_media":1642,"parent":0,"menu_order":0,"comment_status":"closed","ping_status":"closed","template":"","meta":{"site-sidebar-layout":"default","site-content-layout":"default","ast-global-header-display":"","ast-banner-title-visibility":"","ast-main-header-display":"","ast-hfb-above-header-display":"","ast-hfb-below-header-display":"","ast-hfb-mobile-header-display":"","site-post-title":"","ast-breadcrumbs-content":"","ast-featured-img":"","footer-sml-layout":"","theme-transparent-header-meta":"default","adv-header-id-meta":"","stick-header-meta":"","header-above-stick-meta":"","header-main-stick-meta":"","header-below-stick-meta":"","footnotes":""},"class_list":["post-1210","page","type-page","status-publish","has-post-thumbnail","hentry"],"yoast_head":"<!-- This site is optimized with the Yoast SEO plugin v25.1 - https:\/\/yoast.com\/wordpress\/plugins\/seo\/ -->\n<title>Home - Estado com Arte<\/title>\n<meta name=\"robots\" content=\"index, follow, max-snippet:-1, max-image-preview:large, max-video-preview:-1\" \/>\n<link rel=\"canonical\" href=\"https:\/\/estadocomarte.pt\/site\/\" \/>\n<meta property=\"og:locale\" content=\"pt_PT\" \/>\n<meta property=\"og:type\" content=\"article\" \/>\n<meta property=\"og:title\" content=\"Home - Estado com Arte\" \/>\n<meta property=\"og:description\" content=\"\u00daLTIMAS Opini\u00e3o Apoie o Jornalismo Independente Pelo rigor e verdade Jornalistica FAZER DONATIVO DESTAQUES Bolha Medi\u00e1tica Vida de Estado Pontas Soltas VIceVersa \u00c0 Queima Roupa\" \/>\n<meta property=\"og:url\" content=\"https:\/\/estadocomarte.pt\/site\/\" \/>\n<meta property=\"og:site_name\" content=\"Estado com Arte\" \/>\n<meta property=\"article:modified_time\" content=\"2026-04-13T10:57:04+00:00\" \/>\n<meta property=\"og:image\" content=\"https:\/\/estadocomarte.pt\/site\/wp-content\/uploads\/2023\/07\/Captura-de-ecra-2023-07-28-as-15.44.20.png\" \/>\n\t<meta property=\"og:image:width\" content=\"745\" \/>\n\t<meta property=\"og:image:height\" content=\"625\" \/>\n\t<meta property=\"og:image:type\" content=\"image\/png\" \/>\n<meta name=\"twitter:card\" content=\"summary_large_image\" \/>\n<meta name=\"twitter:label1\" content=\"Tempo estimado de leitura\" \/>\n\t<meta name=\"twitter:data1\" content=\"9 minutos\" \/>\n<script type=\"application\/ld+json\" class=\"yoast-schema-graph\">{\"@context\":\"https:\/\/schema.org\",\"@graph\":[{\"@type\":\"WebPage\",\"@id\":\"https:\/\/estadocomarte.pt\/site\/\",\"url\":\"https:\/\/estadocomarte.pt\/site\/\",\"name\":\"Home - Estado com Arte\",\"isPartOf\":{\"@id\":\"https:\/\/estadocomarte.pt\/site\/#website\"},\"primaryImageOfPage\":{\"@id\":\"https:\/\/estadocomarte.pt\/site\/#primaryimage\"},\"image\":{\"@id\":\"https:\/\/estadocomarte.pt\/site\/#primaryimage\"},\"thumbnailUrl\":\"https:\/\/estadocomarte.pt\/site\/wp-content\/uploads\/2023\/07\/Captura-de-ecra-2023-07-28-as-15.44.20.png\",\"datePublished\":\"2023-07-26T20:21:23+00:00\",\"dateModified\":\"2026-04-13T10:57:04+00:00\",\"breadcrumb\":{\"@id\":\"https:\/\/estadocomarte.pt\/site\/#breadcrumb\"},\"inLanguage\":\"pt-PT\",\"potentialAction\":[{\"@type\":\"ReadAction\",\"target\":[\"https:\/\/estadocomarte.pt\/site\/\"]}]},{\"@type\":\"ImageObject\",\"inLanguage\":\"pt-PT\",\"@id\":\"https:\/\/estadocomarte.pt\/site\/#primaryimage\",\"url\":\"https:\/\/estadocomarte.pt\/site\/wp-content\/uploads\/2023\/07\/Captura-de-ecra-2023-07-28-as-15.44.20.png\",\"contentUrl\":\"https:\/\/estadocomarte.pt\/site\/wp-content\/uploads\/2023\/07\/Captura-de-ecra-2023-07-28-as-15.44.20.png\",\"width\":745,\"height\":625},{\"@type\":\"BreadcrumbList\",\"@id\":\"https:\/\/estadocomarte.pt\/site\/#breadcrumb\",\"itemListElement\":[{\"@type\":\"ListItem\",\"position\":1,\"name\":\"In\u00edcio\",\"item\":\"https:\/\/estadocomarte.pt\/site\/\"},{\"@type\":\"ListItem\",\"position\":2,\"name\":\"Home\"}]},{\"@type\":\"WebSite\",\"@id\":\"https:\/\/estadocomarte.pt\/site\/#website\",\"url\":\"https:\/\/estadocomarte.pt\/site\/\",\"name\":\"Estado com Arte Magazine\",\"description\":\"Magazine\",\"publisher\":{\"@id\":\"https:\/\/estadocomarte.pt\/site\/#organization\"},\"alternateName\":\"Magazine semanal sobre pol\u00edtica e cultura, com autores, opini\u00e3o e cr\u00edticas.\",\"potentialAction\":[{\"@type\":\"SearchAction\",\"target\":{\"@type\":\"EntryPoint\",\"urlTemplate\":\"https:\/\/estadocomarte.pt\/site\/?s={search_term_string}\"},\"query-input\":{\"@type\":\"PropertyValueSpecification\",\"valueRequired\":true,\"valueName\":\"search_term_string\"}}],\"inLanguage\":\"pt-PT\"},{\"@type\":\"Organization\",\"@id\":\"https:\/\/estadocomarte.pt\/site\/#organization\",\"name\":\"Estado com Arte Magazine\",\"alternateName\":\"Magazine semanal sobre pol\u00edtica e cultura, com autores, opini\u00e3o e cr\u00edticas.\",\"url\":\"https:\/\/estadocomarte.pt\/site\/\",\"logo\":{\"@type\":\"ImageObject\",\"inLanguage\":\"pt-PT\",\"@id\":\"https:\/\/estadocomarte.pt\/site\/#\/schema\/logo\/image\/\",\"url\":\"https:\/\/estadocomarte.pt\/site\/wp-content\/uploads\/2023\/06\/cropped-cropped-Prancheta-2@2x-100.jpg\",\"contentUrl\":\"https:\/\/estadocomarte.pt\/site\/wp-content\/uploads\/2023\/06\/cropped-cropped-Prancheta-2@2x-100.jpg\",\"width\":1777,\"height\":592,\"caption\":\"Estado com Arte Magazine\"},\"image\":{\"@id\":\"https:\/\/estadocomarte.pt\/site\/#\/schema\/logo\/image\/\"},\"sameAs\":[\"https:\/\/www.instagram.com\/estadocomartemagazine\"]}]}<\/script>\n<!-- \/ Yoast SEO plugin. -->","yoast_head_json":{"title":"Home - Estado com Arte","robots":{"index":"index","follow":"follow","max-snippet":"max-snippet:-1","max-image-preview":"max-image-preview:large","max-video-preview":"max-video-preview:-1"},"canonical":"https:\/\/estadocomarte.pt\/site\/","og_locale":"pt_PT","og_type":"article","og_title":"Home - Estado com Arte","og_description":"\u00daLTIMAS Opini\u00e3o Apoie o Jornalismo Independente Pelo rigor e verdade Jornalistica FAZER DONATIVO DESTAQUES Bolha Medi\u00e1tica Vida de Estado Pontas Soltas VIceVersa \u00c0 Queima Roupa","og_url":"https:\/\/estadocomarte.pt\/site\/","og_site_name":"Estado com Arte","article_modified_time":"2026-04-13T10:57:04+00:00","og_image":[{"width":745,"height":625,"url":"https:\/\/estadocomarte.pt\/site\/wp-content\/uploads\/2023\/07\/Captura-de-ecra-2023-07-28-as-15.44.20.png","type":"image\/png"}],"twitter_card":"summary_large_image","twitter_misc":{"Tempo estimado de leitura":"9 minutos"},"schema":{"@context":"https:\/\/schema.org","@graph":[{"@type":"WebPage","@id":"https:\/\/estadocomarte.pt\/site\/","url":"https:\/\/estadocomarte.pt\/site\/","name":"Home - Estado com Arte","isPartOf":{"@id":"https:\/\/estadocomarte.pt\/site\/#website"},"primaryImageOfPage":{"@id":"https:\/\/estadocomarte.pt\/site\/#primaryimage"},"image":{"@id":"https:\/\/estadocomarte.pt\/site\/#primaryimage"},"thumbnailUrl":"https:\/\/estadocomarte.pt\/site\/wp-content\/uploads\/2023\/07\/Captura-de-ecra-2023-07-28-as-15.44.20.png","datePublished":"2023-07-26T20:21:23+00:00","dateModified":"2026-04-13T10:57:04+00:00","breadcrumb":{"@id":"https:\/\/estadocomarte.pt\/site\/#breadcrumb"},"inLanguage":"pt-PT","potentialAction":[{"@type":"ReadAction","target":["https:\/\/estadocomarte.pt\/site\/"]}]},{"@type":"ImageObject","inLanguage":"pt-PT","@id":"https:\/\/estadocomarte.pt\/site\/#primaryimage","url":"https:\/\/estadocomarte.pt\/site\/wp-content\/uploads\/2023\/07\/Captura-de-ecra-2023-07-28-as-15.44.20.png","contentUrl":"https:\/\/estadocomarte.pt\/site\/wp-content\/uploads\/2023\/07\/Captura-de-ecra-2023-07-28-as-15.44.20.png","width":745,"height":625},{"@type":"BreadcrumbList","@id":"https:\/\/estadocomarte.pt\/site\/#breadcrumb","itemListElement":[{"@type":"ListItem","position":1,"name":"In\u00edcio","item":"https:\/\/estadocomarte.pt\/site\/"},{"@type":"ListItem","position":2,"name":"Home"}]},{"@type":"WebSite","@id":"https:\/\/estadocomarte.pt\/site\/#website","url":"https:\/\/estadocomarte.pt\/site\/","name":"Estado com Arte Magazine","description":"Magazine","publisher":{"@id":"https:\/\/estadocomarte.pt\/site\/#organization"},"alternateName":"Magazine semanal sobre pol\u00edtica e cultura, com autores, opini\u00e3o e cr\u00edticas.","potentialAction":[{"@type":"SearchAction","target":{"@type":"EntryPoint","urlTemplate":"https:\/\/estadocomarte.pt\/site\/?s={search_term_string}"},"query-input":{"@type":"PropertyValueSpecification","valueRequired":true,"valueName":"search_term_string"}}],"inLanguage":"pt-PT"},{"@type":"Organization","@id":"https:\/\/estadocomarte.pt\/site\/#organization","name":"Estado com Arte Magazine","alternateName":"Magazine semanal sobre pol\u00edtica e cultura, com autores, opini\u00e3o e cr\u00edticas.","url":"https:\/\/estadocomarte.pt\/site\/","logo":{"@type":"ImageObject","inLanguage":"pt-PT","@id":"https:\/\/estadocomarte.pt\/site\/#\/schema\/logo\/image\/","url":"https:\/\/estadocomarte.pt\/site\/wp-content\/uploads\/2023\/06\/cropped-cropped-Prancheta-2@2x-100.jpg","contentUrl":"https:\/\/estadocomarte.pt\/site\/wp-content\/uploads\/2023\/06\/cropped-cropped-Prancheta-2@2x-100.jpg","width":1777,"height":592,"caption":"Estado com Arte Magazine"},"image":{"@id":"https:\/\/estadocomarte.pt\/site\/#\/schema\/logo\/image\/"},"sameAs":["https:\/\/www.instagram.com\/estadocomartemagazine"]}]}},"_links":{"self":[{"href":"https:\/\/estadocomarte.pt\/site\/wp-json\/wp\/v2\/pages\/1210","targetHints":{"allow":["GET"]}}],"collection":[{"href":"https:\/\/estadocomarte.pt\/site\/wp-json\/wp\/v2\/pages"}],"about":[{"href":"https:\/\/estadocomarte.pt\/site\/wp-json\/wp\/v2\/types\/page"}],"author":[{"embeddable":true,"href":"https:\/\/estadocomarte.pt\/site\/wp-json\/wp\/v2\/users\/1"}],"replies":[{"embeddable":true,"href":"https:\/\/estadocomarte.pt\/site\/wp-json\/wp\/v2\/comments?post=1210"}],"version-history":[{"count":33,"href":"https:\/\/estadocomarte.pt\/site\/wp-json\/wp\/v2\/pages\/1210\/revisions"}],"predecessor-version":[{"id":12501,"href":"https:\/\/estadocomarte.pt\/site\/wp-json\/wp\/v2\/pages\/1210\/revisions\/12501"}],"wp:featuredmedia":[{"embeddable":true,"href":"https:\/\/estadocomarte.pt\/site\/wp-json\/wp\/v2\/media\/1642"}],"wp:attachment":[{"href":"https:\/\/estadocomarte.pt\/site\/wp-json\/wp\/v2\/media?parent=1210"}],"curies":[{"name":"wp","href":"https:\/\/api.w.org\/{rel}","templated":true}]}}