{"id":1403,"date":"2023-07-27T01:41:30","date_gmt":"2023-07-27T01:41:30","guid":{"rendered":"https:\/\/estadocomarte.pt\/site\/?page_id=1403"},"modified":"2024-04-16T14:21:43","modified_gmt":"2024-04-16T14:21:43","slug":"economia","status":"publish","type":"page","link":"https:\/\/estadocomarte.pt\/site\/economia\/","title":{"rendered":"Economia"},"content":{"rendered":"\t\t<div data-elementor-type=\"wp-page\" data-elementor-id=\"1403\" class=\"elementor elementor-1403\" data-elementor-post-type=\"page\">\n\t\t\t\t\t\t<section class=\"elementor-section elementor-top-section elementor-element elementor-element-471f0eb elementor-section-boxed elementor-section-height-default elementor-section-height-default\" data-id=\"471f0eb\" data-element_type=\"section\">\n\t\t\t\t\t\t<div class=\"elementor-container elementor-column-gap-no\">\n\t\t\t\t\t<div class=\"elementor-column elementor-col-100 elementor-top-column elementor-element elementor-element-ba7925a\" data-id=\"ba7925a\" data-element_type=\"column\">\n\t\t\t<div class=\"elementor-widget-wrap elementor-element-populated\">\n\t\t\t\t\t\t<div class=\"elementor-element elementor-element-349c7b9 elementor-widget elementor-widget-heading\" data-id=\"349c7b9\" data-element_type=\"widget\" data-widget_type=\"heading.default\">\n\t\t\t\t<div class=\"elementor-widget-container\">\n\t\t\t\t\t<h3 class=\"elementor-heading-title elementor-size-default\">DESTAQUE<\/h3>\t\t\t\t<\/div>\n\t\t\t\t<\/div>\n\t\t\t\t<section class=\"elementor-section elementor-inner-section elementor-element elementor-element-1b1c6f2 elementor-section-full_width elementor-section-height-default elementor-section-height-default\" data-id=\"1b1c6f2\" data-element_type=\"section\">\n\t\t\t\t\t\t<div class=\"elementor-container elementor-column-gap-no\">\n\t\t\t\t\t<div class=\"elementor-column elementor-col-100 elementor-inner-column elementor-element elementor-element-82f1495\" data-id=\"82f1495\" data-element_type=\"column\">\n\t\t\t<div class=\"elementor-widget-wrap elementor-element-populated\">\n\t\t\t\t\t\t<div class=\"elementor-element elementor-element-9b30960 elementor-grid-tablet-1 elementor-grid-3 elementor-grid-mobile-1 elementor-posts--thumbnail-top elementor-posts__hover-gradient elementor-widget elementor-widget-posts\" data-id=\"9b30960\" data-element_type=\"widget\" data-settings=\"{&quot;cards_row_gap&quot;:{&quot;unit&quot;:&quot;px&quot;,&quot;size&quot;:25,&quot;sizes&quot;:[]},&quot;cards_columns_tablet&quot;:&quot;1&quot;,&quot;cards_columns&quot;:&quot;3&quot;,&quot;cards_columns_mobile&quot;:&quot;1&quot;,&quot;cards_row_gap_tablet&quot;:{&quot;unit&quot;:&quot;px&quot;,&quot;size&quot;:&quot;&quot;,&quot;sizes&quot;:[]},&quot;cards_row_gap_mobile&quot;:{&quot;unit&quot;:&quot;px&quot;,&quot;size&quot;:&quot;&quot;,&quot;sizes&quot;:[]}}\" data-widget_type=\"posts.cards\">\n\t\t\t\t<div class=\"elementor-widget-container\">\n\t\t\t\t\t\t\t<div class=\"elementor-posts-container elementor-posts elementor-posts--skin-cards elementor-grid\">\n\t\t\t\t<article class=\"elementor-post elementor-grid-item post-12628 post type-post status-publish format-standard has-post-thumbnail hentry category-economia tag-casa-de-campo-d-carlos tag-luis-gagliardini\">\n\t\t\t<div class=\"elementor-post__card\">\n\t\t\t\t<a class=\"elementor-post__thumbnail__link\" href=\"https:\/\/estadocomarte.pt\/site\/2026\/05\/01\/a-guerra-eua-israel-e-irao-reflexos-no-golfo-arabe-e-a-globalizacao-do-conflito\/\" tabindex=\"-1\" ><div class=\"elementor-post__thumbnail\"><img fetchpriority=\"high\" decoding=\"async\" width=\"865\" height=\"478\" src=\"https:\/\/estadocomarte.pt\/site\/wp-content\/uploads\/2026\/05\/Captura-de-ecra_1-5-2026_20822_www.youtube.com_.jpeg\" class=\"attachment-full size-full wp-image-12629\" alt=\"\" srcset=\"https:\/\/estadocomarte.pt\/site\/wp-content\/uploads\/2026\/05\/Captura-de-ecra_1-5-2026_20822_www.youtube.com_.jpeg 865w, https:\/\/estadocomarte.pt\/site\/wp-content\/uploads\/2026\/05\/Captura-de-ecra_1-5-2026_20822_www.youtube.com_-300x166.jpeg 300w, https:\/\/estadocomarte.pt\/site\/wp-content\/uploads\/2026\/05\/Captura-de-ecra_1-5-2026_20822_www.youtube.com_-768x424.jpeg 768w\" sizes=\"(max-width: 865px) 100vw, 865px\" \/><\/div><\/a>\n\t\t\t\t<div class=\"elementor-post__badge\">Economia<\/div>\n\t\t\t\t<div class=\"elementor-post__text\">\n\t\t\t\t<h4 class=\"elementor-post__title\">\n\t\t\t<a href=\"https:\/\/estadocomarte.pt\/site\/2026\/05\/01\/a-guerra-eua-israel-e-irao-reflexos-no-golfo-arabe-e-a-globalizacao-do-conflito\/\" >\n\t\t\t\tA GUERRA EUA\/ISRAEL E IR\u00c3O; REFLEXOS NO GOLFO \u00c1RABE E A GLOBALIZA\u00c7\u00c3O DO CONFLITO\t\t\t<\/a>\n\t\t<\/h4>\n\t\t\t\t<div class=\"elementor-post__excerpt\">\n\t\t\t<p>Ant\u00f3nio Alves de Carvalho<\/p>\n\t\t<\/div>\n\t\t\t\t<\/div>\n\t\t\t\t<div class=\"elementor-post__meta-data\">\n\t\t\t\t\t<span class=\"elementor-post-date\">\n\t\t\tMaio 1, 2026\t\t<\/span>\n\t\t\t\t<\/div>\n\t\t\t\t\t<\/div>\n\t\t<\/article>\n\t\t\t\t<article class=\"elementor-post elementor-grid-item post-12609 post type-post status-publish format-standard has-post-thumbnail hentry category-economia tag-cruzeiros tag-turismo-portugal\">\n\t\t\t<div class=\"elementor-post__card\">\n\t\t\t\t<a class=\"elementor-post__thumbnail__link\" href=\"https:\/\/estadocomarte.pt\/site\/2026\/04\/27\/setor-dos-cruzeiros-em-portugal-cresceu-mais-de-7-em-2025\/\" tabindex=\"-1\" ><div class=\"elementor-post__thumbnail\"><img decoding=\"async\" width=\"480\" height=\"270\" src=\"https:\/\/estadocomarte.pt\/site\/wp-content\/uploads\/2026\/04\/N2032d_0.jpg\" class=\"attachment-full size-full wp-image-12611\" alt=\"\" srcset=\"https:\/\/estadocomarte.pt\/site\/wp-content\/uploads\/2026\/04\/N2032d_0.jpg 480w, https:\/\/estadocomarte.pt\/site\/wp-content\/uploads\/2026\/04\/N2032d_0-300x169.jpg 300w\" sizes=\"(max-width: 480px) 100vw, 480px\" \/><\/div><\/a>\n\t\t\t\t<div class=\"elementor-post__badge\">Economia<\/div>\n\t\t\t\t<div class=\"elementor-post__text\">\n\t\t\t\t<h4 class=\"elementor-post__title\">\n\t\t\t<a href=\"https:\/\/estadocomarte.pt\/site\/2026\/04\/27\/setor-dos-cruzeiros-em-portugal-cresceu-mais-de-7-em-2025\/\" >\n\t\t\t\tSetor dos cruzeiros em Portugal cresceu mais de 7% em 2025\t\t\t<\/a>\n\t\t<\/h4>\n\t\t\t\t<div class=\"elementor-post__excerpt\">\n\t\t\t<p>Estado com Arte Magazine<\/p>\n\t\t<\/div>\n\t\t\t\t<\/div>\n\t\t\t\t<div class=\"elementor-post__meta-data\">\n\t\t\t\t\t<span class=\"elementor-post-date\">\n\t\t\tAbril 27, 2026\t\t<\/span>\n\t\t\t\t<\/div>\n\t\t\t\t\t<\/div>\n\t\t<\/article>\n\t\t\t\t<article class=\"elementor-post elementor-grid-item post-12478 post type-post status-publish format-standard has-post-thumbnail hentry category-economia tag-camara-de-alenquer tag-ex-autarca tag-networking tag-paulo-franco tag-ps\">\n\t\t\t<div class=\"elementor-post__card\">\n\t\t\t\t<a class=\"elementor-post__thumbnail__link\" href=\"https:\/\/estadocomarte.pt\/site\/2026\/04\/12\/podcast-esta-semana-com-paulo-franco-os-decisores-devem-ter-metricas-reais-para-valorizar-os-recursos-humanos\/\" tabindex=\"-1\" ><div class=\"elementor-post__thumbnail\"><img decoding=\"async\" width=\"1600\" height=\"1200\" src=\"https:\/\/estadocomarte.pt\/site\/wp-content\/uploads\/2026\/04\/PauloFrancofoto.jpeg\" class=\"attachment-full size-full wp-image-12480\" alt=\"\" srcset=\"https:\/\/estadocomarte.pt\/site\/wp-content\/uploads\/2026\/04\/PauloFrancofoto.jpeg 1600w, https:\/\/estadocomarte.pt\/site\/wp-content\/uploads\/2026\/04\/PauloFrancofoto-300x225.jpeg 300w, https:\/\/estadocomarte.pt\/site\/wp-content\/uploads\/2026\/04\/PauloFrancofoto-1024x768.jpeg 1024w, https:\/\/estadocomarte.pt\/site\/wp-content\/uploads\/2026\/04\/PauloFrancofoto-768x576.jpeg 768w, https:\/\/estadocomarte.pt\/site\/wp-content\/uploads\/2026\/04\/PauloFrancofoto-1536x1152.jpeg 1536w\" sizes=\"(max-width: 1600px) 100vw, 1600px\" \/><\/div><\/a>\n\t\t\t\t<div class=\"elementor-post__badge\">Economia<\/div>\n\t\t\t\t<div class=\"elementor-post__text\">\n\t\t\t\t<h4 class=\"elementor-post__title\">\n\t\t\t<a href=\"https:\/\/estadocomarte.pt\/site\/2026\/04\/12\/podcast-esta-semana-com-paulo-franco-os-decisores-devem-ter-metricas-reais-para-valorizar-os-recursos-humanos\/\" >\n\t\t\t\tPodcast &#8220;Esta semana&#8221; com Paulo Franco. &#8220;Os decisores devem ter m\u00e9tricas reais para valorizar os recursos humanos.&#8221;\t\t\t<\/a>\n\t\t<\/h4>\n\t\t\t\t<div class=\"elementor-post__excerpt\">\n\t\t\t<p>Marta Roque<\/p>\n\t\t<\/div>\n\t\t\t\t<\/div>\n\t\t\t\t<div class=\"elementor-post__meta-data\">\n\t\t\t\t\t<span class=\"elementor-post-date\">\n\t\t\tAbril 12, 2026\t\t<\/span>\n\t\t\t\t<\/div>\n\t\t\t\t\t<\/div>\n\t\t<\/article>\n\t\t\t\t<\/div>\n\t\t\n\t\t\t\t\t\t<\/div>\n\t\t\t\t<\/div>\n\t\t\t\t\t<\/div>\n\t\t<\/div>\n\t\t\t\t\t<\/div>\n\t\t<\/section>\n\t\t\t\t<div class=\"elementor-element elementor-element-d9f4918 elementor-widget-divider--view-line elementor-widget elementor-widget-divider\" data-id=\"d9f4918\" data-element_type=\"widget\" data-widget_type=\"divider.default\">\n\t\t\t\t<div class=\"elementor-widget-container\">\n\t\t\t\t\t\t\t<div class=\"elementor-divider\">\n\t\t\t<span class=\"elementor-divider-separator\">\n\t\t\t\t\t\t<\/span>\n\t\t<\/div>\n\t\t\t\t\t\t<\/div>\n\t\t\t\t<\/div>\n\t\t\t\t\t<\/div>\n\t\t<\/div>\n\t\t\t\t\t<\/div>\n\t\t<\/section>\n\t\t\t\t<section class=\"elementor-section elementor-top-section elementor-element elementor-element-977ec82 elementor-section-boxed elementor-section-height-default elementor-section-height-default\" data-id=\"977ec82\" data-element_type=\"section\">\n\t\t\t\t\t\t<div class=\"elementor-container elementor-column-gap-no\">\n\t\t\t\t\t<div class=\"elementor-column elementor-col-100 elementor-top-column elementor-element elementor-element-1191d3b\" data-id=\"1191d3b\" data-element_type=\"column\">\n\t\t\t<div class=\"elementor-widget-wrap elementor-element-populated\">\n\t\t\t\t\t\t<div class=\"elementor-element elementor-element-09613f1 elementor-widget elementor-widget-heading\" data-id=\"09613f1\" data-element_type=\"widget\" data-widget_type=\"heading.default\">\n\t\t\t\t<div class=\"elementor-widget-container\">\n\t\t\t\t\t<h3 class=\"elementor-heading-title elementor-size-default\">Recentes<\/h3>\t\t\t\t<\/div>\n\t\t\t\t<\/div>\n\t\t\t\t<div class=\"elementor-element elementor-element-79dcd4c elementor-grid-tablet-3 elementor-posts--align-left elementor-grid-4 elementor-grid-mobile-1 elementor-posts--thumbnail-top elementor-posts__hover-gradient elementor-widget elementor-widget-posts\" data-id=\"79dcd4c\" data-element_type=\"widget\" data-settings=\"{&quot;cards_row_gap&quot;:{&quot;unit&quot;:&quot;px&quot;,&quot;size&quot;:60,&quot;sizes&quot;:[]},&quot;cards_columns_tablet&quot;:&quot;3&quot;,&quot;cards_columns&quot;:&quot;4&quot;,&quot;cards_columns_mobile&quot;:&quot;1&quot;,&quot;cards_row_gap_tablet&quot;:{&quot;unit&quot;:&quot;px&quot;,&quot;size&quot;:&quot;&quot;,&quot;sizes&quot;:[]},&quot;cards_row_gap_mobile&quot;:{&quot;unit&quot;:&quot;px&quot;,&quot;size&quot;:&quot;&quot;,&quot;sizes&quot;:[]}}\" data-widget_type=\"posts.cards\">\n\t\t\t\t<div class=\"elementor-widget-container\">\n\t\t\t\t\t\t\t<div class=\"elementor-posts-container elementor-posts elementor-posts--skin-cards elementor-grid\">\n\t\t\t\t<article class=\"elementor-post elementor-grid-item post-12436 post type-post status-publish format-standard has-post-thumbnail hentry category-economia tag-epoca-incendio-2026 tag-limpezas tag-terrenos\">\n\t\t\t<div class=\"elementor-post__card\">\n\t\t\t\t<a class=\"elementor-post__thumbnail__link\" href=\"https:\/\/estadocomarte.pt\/site\/2026\/04\/08\/epoca-de-incendios-2026-limpeza-de-terrenos-fica-para-a-ultima-hora\/\" tabindex=\"-1\" ><div class=\"elementor-post__thumbnail\"><img loading=\"lazy\" decoding=\"async\" width=\"576\" height=\"1024\" src=\"https:\/\/estadocomarte.pt\/site\/wp-content\/uploads\/2026\/04\/terrenos_foto_2-576x1024.jpg\" class=\"attachment-large size-large wp-image-12437\" alt=\"\" srcset=\"https:\/\/estadocomarte.pt\/site\/wp-content\/uploads\/2026\/04\/terrenos_foto_2-576x1024.jpg 576w, https:\/\/estadocomarte.pt\/site\/wp-content\/uploads\/2026\/04\/terrenos_foto_2-169x300.jpg 169w, https:\/\/estadocomarte.pt\/site\/wp-content\/uploads\/2026\/04\/terrenos_foto_2-768x1366.jpg 768w, https:\/\/estadocomarte.pt\/site\/wp-content\/uploads\/2026\/04\/terrenos_foto_2-863x1536.jpg 863w, https:\/\/estadocomarte.pt\/site\/wp-content\/uploads\/2026\/04\/terrenos_foto_2-1151x2048.jpg 1151w, https:\/\/estadocomarte.pt\/site\/wp-content\/uploads\/2026\/04\/terrenos_foto_2-scaled.jpg 1439w\" sizes=\"(max-width: 576px) 100vw, 576px\" \/><\/div><\/a>\n\t\t\t\t<div class=\"elementor-post__badge\">Economia<\/div>\n\t\t\t\t<div class=\"elementor-post__text\">\n\t\t\t\t<h4 class=\"elementor-post__title\">\n\t\t\t<a href=\"https:\/\/estadocomarte.pt\/site\/2026\/04\/08\/epoca-de-incendios-2026-limpeza-de-terrenos-fica-para-a-ultima-hora\/\" >\n\t\t\t\t\u00c9poca de inc\u00eandios 2026. Limpeza de terrenos fica para a \u00faltima hora\t\t\t<\/a>\n\t\t<\/h4>\n\t\t\t\t<div class=\"elementor-post__excerpt\">\n\t\t\t<p>Estado com Arte Magazine<\/p>\n\t\t<\/div>\n\t\t\t\t<\/div>\n\t\t\t\t<div class=\"elementor-post__meta-data\">\n\t\t\t\t\t<span class=\"elementor-post-date\">\n\t\t\tAbril 8, 2026\t\t<\/span>\n\t\t\t\t<\/div>\n\t\t\t\t\t<\/div>\n\t\t<\/article>\n\t\t\t\t<article class=\"elementor-post elementor-grid-item post-12399 post type-post status-publish format-standard has-post-thumbnail hentry category-economia tag-especialista-em-medio-oriente tag-yasser-elshazly\">\n\t\t\t<div class=\"elementor-post__card\">\n\t\t\t\t<a class=\"elementor-post__thumbnail__link\" href=\"https:\/\/estadocomarte.pt\/site\/2026\/04\/04\/the-portuguese-fortress-and-the-strait-of-hormuz\/\" tabindex=\"-1\" ><div class=\"elementor-post__thumbnail\"><img loading=\"lazy\" decoding=\"async\" width=\"543\" height=\"756\" src=\"https:\/\/estadocomarte.pt\/site\/wp-content\/uploads\/2026\/04\/Retrato_de_Afonso_de_Albuquerque_apos_1545_-_Autor_desconhecido-1.png\" class=\"attachment-large size-large wp-image-12404\" alt=\"\" srcset=\"https:\/\/estadocomarte.pt\/site\/wp-content\/uploads\/2026\/04\/Retrato_de_Afonso_de_Albuquerque_apos_1545_-_Autor_desconhecido-1.png 543w, https:\/\/estadocomarte.pt\/site\/wp-content\/uploads\/2026\/04\/Retrato_de_Afonso_de_Albuquerque_apos_1545_-_Autor_desconhecido-1-215x300.png 215w\" sizes=\"(max-width: 543px) 100vw, 543px\" \/><\/div><\/a>\n\t\t\t\t<div class=\"elementor-post__badge\">Economia<\/div>\n\t\t\t\t<div class=\"elementor-post__text\">\n\t\t\t\t<h4 class=\"elementor-post__title\">\n\t\t\t<a href=\"https:\/\/estadocomarte.pt\/site\/2026\/04\/04\/the-portuguese-fortress-and-the-strait-of-hormuz\/\" >\n\t\t\t\tThe Portuguese Fortress and the Strait of Hormuz\t\t\t<\/a>\n\t\t<\/h4>\n\t\t\t\t<div class=\"elementor-post__excerpt\">\n\t\t\t<p>Yasser Elshazly, Specialist in Meadle East issues<\/p>\n\t\t<\/div>\n\t\t\t\t<\/div>\n\t\t\t\t<div class=\"elementor-post__meta-data\">\n\t\t\t\t\t<span class=\"elementor-post-date\">\n\t\t\tAbril 4, 2026\t\t<\/span>\n\t\t\t\t<\/div>\n\t\t\t\t\t<\/div>\n\t\t<\/article>\n\t\t\t\t<article class=\"elementor-post elementor-grid-item post-12364 post type-post status-publish format-standard has-post-thumbnail hentry category-economia\">\n\t\t\t<div class=\"elementor-post__card\">\n\t\t\t\t<a class=\"elementor-post__thumbnail__link\" href=\"https:\/\/estadocomarte.pt\/site\/2026\/03\/30\/turismo-satisfacao-media-dos-consumidores-cai-17\/\" tabindex=\"-1\" ><div class=\"elementor-post__thumbnail\"><img loading=\"lazy\" decoding=\"async\" width=\"828\" height=\"404\" src=\"https:\/\/estadocomarte.pt\/site\/wp-content\/uploads\/2026\/03\/TRust.jpg\" class=\"attachment-large size-large wp-image-12365\" alt=\"\" srcset=\"https:\/\/estadocomarte.pt\/site\/wp-content\/uploads\/2026\/03\/TRust.jpg 828w, https:\/\/estadocomarte.pt\/site\/wp-content\/uploads\/2026\/03\/TRust-300x146.jpg 300w, https:\/\/estadocomarte.pt\/site\/wp-content\/uploads\/2026\/03\/TRust-768x375.jpg 768w\" sizes=\"(max-width: 828px) 100vw, 828px\" \/><\/div><\/a>\n\t\t\t\t<div class=\"elementor-post__badge\">Economia<\/div>\n\t\t\t\t<div class=\"elementor-post__text\">\n\t\t\t\t<h4 class=\"elementor-post__title\">\n\t\t\t<a href=\"https:\/\/estadocomarte.pt\/site\/2026\/03\/30\/turismo-satisfacao-media-dos-consumidores-cai-17\/\" >\n\t\t\t\tTurismo. Satisfa\u00e7\u00e3o m\u00e9dia dos consumidores cai 17%\t\t\t<\/a>\n\t\t<\/h4>\n\t\t\t\t<div class=\"elementor-post__excerpt\">\n\t\t\t<p>Estado com Arte Magazine<\/p>\n\t\t<\/div>\n\t\t\t\t<\/div>\n\t\t\t\t<div class=\"elementor-post__meta-data\">\n\t\t\t\t\t<span class=\"elementor-post-date\">\n\t\t\tMar\u00e7o 30, 2026\t\t<\/span>\n\t\t\t\t<\/div>\n\t\t\t\t\t<\/div>\n\t\t<\/article>\n\t\t\t\t<article class=\"elementor-post elementor-grid-item post-12231 post type-post status-publish format-standard has-post-thumbnail hentry category-economia tag-premio-mulheres-agricultoras\">\n\t\t\t<div class=\"elementor-post__card\">\n\t\t\t\t<a class=\"elementor-post__thumbnail__link\" href=\"https:\/\/estadocomarte.pt\/site\/2026\/03\/06\/mulheres-anabela-pedro-seabra-e-a-vencedora-da-6-a-edicao-do-premio-talenta\/\" tabindex=\"-1\" ><div class=\"elementor-post__thumbnail\"><img loading=\"lazy\" decoding=\"async\" width=\"1024\" height=\"1024\" src=\"https:\/\/estadocomarte.pt\/site\/wp-content\/uploads\/2026\/03\/20260301_155354-1024x1024.jpg\" class=\"attachment-large size-large wp-image-12234\" alt=\"\" srcset=\"https:\/\/estadocomarte.pt\/site\/wp-content\/uploads\/2026\/03\/20260301_155354-1024x1024.jpg 1024w, https:\/\/estadocomarte.pt\/site\/wp-content\/uploads\/2026\/03\/20260301_155354-300x300.jpg 300w, https:\/\/estadocomarte.pt\/site\/wp-content\/uploads\/2026\/03\/20260301_155354-150x150.jpg 150w, https:\/\/estadocomarte.pt\/site\/wp-content\/uploads\/2026\/03\/20260301_155354-768x767.jpg 768w, https:\/\/estadocomarte.pt\/site\/wp-content\/uploads\/2026\/03\/20260301_155354.jpg 1081w\" sizes=\"(max-width: 1024px) 100vw, 1024px\" \/><\/div><\/a>\n\t\t\t\t<div class=\"elementor-post__badge\">Economia<\/div>\n\t\t\t\t<div class=\"elementor-post__text\">\n\t\t\t\t<h4 class=\"elementor-post__title\">\n\t\t\t<a href=\"https:\/\/estadocomarte.pt\/site\/2026\/03\/06\/mulheres-anabela-pedro-seabra-e-a-vencedora-da-6-a-edicao-do-premio-talenta\/\" >\n\t\t\t\tMulheres. Anabela Pedro Seabra \u00e9 a vencedora da 6.\u00aa edi\u00e7\u00e3o do  Pr\u00e9mio Talenta\t\t\t<\/a>\n\t\t<\/h4>\n\t\t\t\t<div class=\"elementor-post__excerpt\">\n\t\t\t<p>Estado com Arte Magazine<\/p>\n\t\t<\/div>\n\t\t\t\t<\/div>\n\t\t\t\t<div class=\"elementor-post__meta-data\">\n\t\t\t\t\t<span class=\"elementor-post-date\">\n\t\t\tMar\u00e7o 6, 2026\t\t<\/span>\n\t\t\t\t<\/div>\n\t\t\t\t\t<\/div>\n\t\t<\/article>\n\t\t\t\t<\/div>\n\t\t\n\t\t\t\t\t\t<\/div>\n\t\t\t\t<\/div>\n\t\t\t\t<div class=\"elementor-element elementor-element-ba49bd9 elementor-widget-divider--view-line elementor-widget elementor-widget-divider\" data-id=\"ba49bd9\" data-element_type=\"widget\" data-widget_type=\"divider.default\">\n\t\t\t\t<div class=\"elementor-widget-container\">\n\t\t\t\t\t\t\t<div class=\"elementor-divider\">\n\t\t\t<span class=\"elementor-divider-separator\">\n\t\t\t\t\t\t<\/span>\n\t\t<\/div>\n\t\t\t\t\t\t<\/div>\n\t\t\t\t<\/div>\n\t\t\t\t\t<\/div>\n\t\t<\/div>\n\t\t\t\t\t<\/div>\n\t\t<\/section>\n\t\t\t\t<\/div>\n\t\t","protected":false},"excerpt":{"rendered":"<p>DESTAQUE Recentes<\/p>\n","protected":false},"author":1,"featured_media":0,"parent":0,"menu_order":0,"comment_status":"closed","ping_status":"closed","template":"","meta":{"site-sidebar-layout":"no-sidebar","site-content-layout":"page-builder","ast-global-header-display":"","ast-banner-title-visibility":"","ast-main-header-display":"","ast-hfb-above-header-display":"","ast-hfb-below-header-display":"","ast-hfb-mobile-header-display":"","site-post-title":"disabled","ast-breadcrumbs-content":"","ast-featured-img":"disabled","footer-sml-layout":"","theme-transparent-header-meta":"default","adv-header-id-meta":"","stick-header-meta":"","header-above-stick-meta":"","header-main-stick-meta":"","header-below-stick-meta":"","footnotes":""},"class_list":["post-1403","page","type-page","status-publish","hentry"],"yoast_head":"<!-- This site is optimized with the Yoast SEO plugin v25.1 - https:\/\/yoast.com\/wordpress\/plugins\/seo\/ -->\n<title>Economia - Estado com Arte<\/title>\n<meta name=\"robots\" content=\"index, follow, max-snippet:-1, max-image-preview:large, max-video-preview:-1\" \/>\n<link rel=\"canonical\" href=\"https:\/\/estadocomarte.pt\/site\/economia\/\" \/>\n<meta property=\"og:locale\" content=\"pt_PT\" \/>\n<meta property=\"og:type\" content=\"article\" \/>\n<meta property=\"og:title\" content=\"Economia - Estado com Arte\" \/>\n<meta property=\"og:description\" content=\"DESTAQUE Recentes\" \/>\n<meta property=\"og:url\" content=\"https:\/\/estadocomarte.pt\/site\/economia\/\" \/>\n<meta property=\"og:site_name\" content=\"Estado com Arte\" \/>\n<meta property=\"article:modified_time\" content=\"2024-04-16T14:21:43+00:00\" \/>\n<meta property=\"og:image\" content=\"https:\/\/estadocomarte.pt\/site\/wp-content\/uploads\/2023\/07\/cropped-Captura-de-ecra-2023-07-28-as-15.44.44.png\" \/>\n\t<meta property=\"og:image:width\" content=\"512\" \/>\n\t<meta property=\"og:image:height\" content=\"512\" \/>\n\t<meta property=\"og:image:type\" content=\"image\/png\" \/>\n<meta name=\"twitter:card\" content=\"summary_large_image\" \/>\n<meta name=\"twitter:label1\" content=\"Tempo estimado de leitura\" \/>\n\t<meta name=\"twitter:data1\" content=\"3 minutos\" \/>\n<script type=\"application\/ld+json\" class=\"yoast-schema-graph\">{\"@context\":\"https:\/\/schema.org\",\"@graph\":[{\"@type\":\"WebPage\",\"@id\":\"https:\/\/estadocomarte.pt\/site\/economia\/\",\"url\":\"https:\/\/estadocomarte.pt\/site\/economia\/\",\"name\":\"Economia - Estado com Arte\",\"isPartOf\":{\"@id\":\"https:\/\/estadocomarte.pt\/site\/#website\"},\"datePublished\":\"2023-07-27T01:41:30+00:00\",\"dateModified\":\"2024-04-16T14:21:43+00:00\",\"breadcrumb\":{\"@id\":\"https:\/\/estadocomarte.pt\/site\/economia\/#breadcrumb\"},\"inLanguage\":\"pt-PT\",\"potentialAction\":[{\"@type\":\"ReadAction\",\"target\":[\"https:\/\/estadocomarte.pt\/site\/economia\/\"]}]},{\"@type\":\"BreadcrumbList\",\"@id\":\"https:\/\/estadocomarte.pt\/site\/economia\/#breadcrumb\",\"itemListElement\":[{\"@type\":\"ListItem\",\"position\":1,\"name\":\"In\u00edcio\",\"item\":\"https:\/\/estadocomarte.pt\/site\/\"},{\"@type\":\"ListItem\",\"position\":2,\"name\":\"Economia\"}]},{\"@type\":\"WebSite\",\"@id\":\"https:\/\/estadocomarte.pt\/site\/#website\",\"url\":\"https:\/\/estadocomarte.pt\/site\/\",\"name\":\"Estado com Arte Magazine\",\"description\":\"Magazine\",\"publisher\":{\"@id\":\"https:\/\/estadocomarte.pt\/site\/#organization\"},\"alternateName\":\"Magazine semanal sobre pol\u00edtica e cultura, com autores, opini\u00e3o e cr\u00edticas.\",\"potentialAction\":[{\"@type\":\"SearchAction\",\"target\":{\"@type\":\"EntryPoint\",\"urlTemplate\":\"https:\/\/estadocomarte.pt\/site\/?s={search_term_string}\"},\"query-input\":{\"@type\":\"PropertyValueSpecification\",\"valueRequired\":true,\"valueName\":\"search_term_string\"}}],\"inLanguage\":\"pt-PT\"},{\"@type\":\"Organization\",\"@id\":\"https:\/\/estadocomarte.pt\/site\/#organization\",\"name\":\"Estado com Arte Magazine\",\"alternateName\":\"Magazine semanal sobre pol\u00edtica e cultura, com autores, opini\u00e3o e cr\u00edticas.\",\"url\":\"https:\/\/estadocomarte.pt\/site\/\",\"logo\":{\"@type\":\"ImageObject\",\"inLanguage\":\"pt-PT\",\"@id\":\"https:\/\/estadocomarte.pt\/site\/#\/schema\/logo\/image\/\",\"url\":\"https:\/\/estadocomarte.pt\/site\/wp-content\/uploads\/2023\/06\/cropped-cropped-Prancheta-2@2x-100.jpg\",\"contentUrl\":\"https:\/\/estadocomarte.pt\/site\/wp-content\/uploads\/2023\/06\/cropped-cropped-Prancheta-2@2x-100.jpg\",\"width\":1777,\"height\":592,\"caption\":\"Estado com Arte Magazine\"},\"image\":{\"@id\":\"https:\/\/estadocomarte.pt\/site\/#\/schema\/logo\/image\/\"},\"sameAs\":[\"https:\/\/www.instagram.com\/estadocomartemagazine\"]}]}<\/script>\n<!-- \/ Yoast SEO plugin. -->","yoast_head_json":{"title":"Economia - Estado com Arte","robots":{"index":"index","follow":"follow","max-snippet":"max-snippet:-1","max-image-preview":"max-image-preview:large","max-video-preview":"max-video-preview:-1"},"canonical":"https:\/\/estadocomarte.pt\/site\/economia\/","og_locale":"pt_PT","og_type":"article","og_title":"Economia - Estado com Arte","og_description":"DESTAQUE Recentes","og_url":"https:\/\/estadocomarte.pt\/site\/economia\/","og_site_name":"Estado com Arte","article_modified_time":"2024-04-16T14:21:43+00:00","og_image":[{"width":512,"height":512,"url":"https:\/\/estadocomarte.pt\/site\/wp-content\/uploads\/2023\/07\/cropped-Captura-de-ecra-2023-07-28-as-15.44.44.png","type":"image\/png"}],"twitter_card":"summary_large_image","twitter_misc":{"Tempo estimado de leitura":"3 minutos"},"schema":{"@context":"https:\/\/schema.org","@graph":[{"@type":"WebPage","@id":"https:\/\/estadocomarte.pt\/site\/economia\/","url":"https:\/\/estadocomarte.pt\/site\/economia\/","name":"Economia - Estado com Arte","isPartOf":{"@id":"https:\/\/estadocomarte.pt\/site\/#website"},"datePublished":"2023-07-27T01:41:30+00:00","dateModified":"2024-04-16T14:21:43+00:00","breadcrumb":{"@id":"https:\/\/estadocomarte.pt\/site\/economia\/#breadcrumb"},"inLanguage":"pt-PT","potentialAction":[{"@type":"ReadAction","target":["https:\/\/estadocomarte.pt\/site\/economia\/"]}]},{"@type":"BreadcrumbList","@id":"https:\/\/estadocomarte.pt\/site\/economia\/#breadcrumb","itemListElement":[{"@type":"ListItem","position":1,"name":"In\u00edcio","item":"https:\/\/estadocomarte.pt\/site\/"},{"@type":"ListItem","position":2,"name":"Economia"}]},{"@type":"WebSite","@id":"https:\/\/estadocomarte.pt\/site\/#website","url":"https:\/\/estadocomarte.pt\/site\/","name":"Estado com Arte Magazine","description":"Magazine","publisher":{"@id":"https:\/\/estadocomarte.pt\/site\/#organization"},"alternateName":"Magazine semanal sobre pol\u00edtica e cultura, com autores, opini\u00e3o e cr\u00edticas.","potentialAction":[{"@type":"SearchAction","target":{"@type":"EntryPoint","urlTemplate":"https:\/\/estadocomarte.pt\/site\/?s={search_term_string}"},"query-input":{"@type":"PropertyValueSpecification","valueRequired":true,"valueName":"search_term_string"}}],"inLanguage":"pt-PT"},{"@type":"Organization","@id":"https:\/\/estadocomarte.pt\/site\/#organization","name":"Estado com Arte Magazine","alternateName":"Magazine semanal sobre pol\u00edtica e cultura, com autores, opini\u00e3o e cr\u00edticas.","url":"https:\/\/estadocomarte.pt\/site\/","logo":{"@type":"ImageObject","inLanguage":"pt-PT","@id":"https:\/\/estadocomarte.pt\/site\/#\/schema\/logo\/image\/","url":"https:\/\/estadocomarte.pt\/site\/wp-content\/uploads\/2023\/06\/cropped-cropped-Prancheta-2@2x-100.jpg","contentUrl":"https:\/\/estadocomarte.pt\/site\/wp-content\/uploads\/2023\/06\/cropped-cropped-Prancheta-2@2x-100.jpg","width":1777,"height":592,"caption":"Estado com Arte Magazine"},"image":{"@id":"https:\/\/estadocomarte.pt\/site\/#\/schema\/logo\/image\/"},"sameAs":["https:\/\/www.instagram.com\/estadocomartemagazine"]}]}},"_links":{"self":[{"href":"https:\/\/estadocomarte.pt\/site\/wp-json\/wp\/v2\/pages\/1403","targetHints":{"allow":["GET"]}}],"collection":[{"href":"https:\/\/estadocomarte.pt\/site\/wp-json\/wp\/v2\/pages"}],"about":[{"href":"https:\/\/estadocomarte.pt\/site\/wp-json\/wp\/v2\/types\/page"}],"author":[{"embeddable":true,"href":"https:\/\/estadocomarte.pt\/site\/wp-json\/wp\/v2\/users\/1"}],"replies":[{"embeddable":true,"href":"https:\/\/estadocomarte.pt\/site\/wp-json\/wp\/v2\/comments?post=1403"}],"version-history":[{"count":0,"href":"https:\/\/estadocomarte.pt\/site\/wp-json\/wp\/v2\/pages\/1403\/revisions"}],"wp:attachment":[{"href":"https:\/\/estadocomarte.pt\/site\/wp-json\/wp\/v2\/media?parent=1403"}],"curies":[{"name":"wp","href":"https:\/\/api.w.org\/{rel}","templated":true}]}}