{"id":2556,"date":"2023-09-15T15:09:43","date_gmt":"2023-09-15T15:09:43","guid":{"rendered":"https:\/\/estadocomarte.pt\/site\/?page_id=2556"},"modified":"2024-05-03T14:05:19","modified_gmt":"2024-05-03T14:05:19","slug":"pontas-soltas","status":"publish","type":"page","link":"https:\/\/estadocomarte.pt\/site\/pontas-soltas\/","title":{"rendered":"PONTAS SOLTAS"},"content":{"rendered":"\t\t<div data-elementor-type=\"wp-page\" data-elementor-id=\"2556\" class=\"elementor elementor-2556\" data-elementor-post-type=\"page\">\n\t\t\t\t\t\t<section class=\"elementor-section elementor-top-section elementor-element elementor-element-0c860cb elementor-section-boxed elementor-section-height-default elementor-section-height-default\" data-id=\"0c860cb\" data-element_type=\"section\">\n\t\t\t\t\t\t<div class=\"elementor-container elementor-column-gap-no\">\n\t\t\t\t\t<div class=\"elementor-column elementor-col-100 elementor-top-column elementor-element elementor-element-e0e7153\" data-id=\"e0e7153\" data-element_type=\"column\">\n\t\t\t<div class=\"elementor-widget-wrap elementor-element-populated\">\n\t\t\t\t\t\t<div class=\"elementor-element elementor-element-93bf35f elementor-widget elementor-widget-heading\" data-id=\"93bf35f\" data-element_type=\"widget\" data-widget_type=\"heading.default\">\n\t\t\t\t<div class=\"elementor-widget-container\">\n\t\t\t\t\t<h3 class=\"elementor-heading-title elementor-size-default\">PONTAS SOLTAS<\/h3>\t\t\t\t<\/div>\n\t\t\t\t<\/div>\n\t\t\t\t<section class=\"elementor-section elementor-inner-section elementor-element elementor-element-c43dc2c elementor-section-full_width elementor-section-height-default elementor-section-height-default\" data-id=\"c43dc2c\" data-element_type=\"section\">\n\t\t\t\t\t\t<div class=\"elementor-container elementor-column-gap-no\">\n\t\t\t\t\t<div class=\"elementor-column elementor-col-100 elementor-inner-column elementor-element elementor-element-5dccf01\" data-id=\"5dccf01\" data-element_type=\"column\">\n\t\t\t<div class=\"elementor-widget-wrap elementor-element-populated\">\n\t\t\t\t\t\t<div class=\"elementor-element elementor-element-aa41806 elementor-grid-tablet-1 elementor-grid-3 elementor-grid-mobile-1 elementor-posts--thumbnail-top elementor-posts__hover-gradient elementor-widget elementor-widget-posts\" data-id=\"aa41806\" data-element_type=\"widget\" data-settings=\"{&quot;cards_row_gap&quot;:{&quot;unit&quot;:&quot;px&quot;,&quot;size&quot;:25,&quot;sizes&quot;:[]},&quot;cards_columns_tablet&quot;:&quot;1&quot;,&quot;cards_columns&quot;:&quot;3&quot;,&quot;cards_columns_mobile&quot;:&quot;1&quot;,&quot;cards_row_gap_tablet&quot;:{&quot;unit&quot;:&quot;px&quot;,&quot;size&quot;:&quot;&quot;,&quot;sizes&quot;:[]},&quot;cards_row_gap_mobile&quot;:{&quot;unit&quot;:&quot;px&quot;,&quot;size&quot;:&quot;&quot;,&quot;sizes&quot;:[]}}\" data-widget_type=\"posts.cards\">\n\t\t\t\t<div class=\"elementor-widget-container\">\n\t\t\t\t\t\t\t<div class=\"elementor-posts-container elementor-posts elementor-posts--skin-cards elementor-grid\">\n\t\t\t\t<article class=\"elementor-post elementor-grid-item post-12369 post type-post status-publish format-standard has-post-thumbnail hentry category-isto-para-nos category-pontas-soltas tag-maria-helena-paes\">\n\t\t\t<div class=\"elementor-post__card\">\n\t\t\t\t<a class=\"elementor-post__thumbnail__link\" href=\"https:\/\/estadocomarte.pt\/site\/2026\/03\/30\/nada-e-eterno\/\" tabindex=\"-1\" ><div class=\"elementor-post__thumbnail\"><img fetchpriority=\"high\" decoding=\"async\" width=\"360\" height=\"360\" src=\"https:\/\/estadocomarte.pt\/site\/wp-content\/uploads\/2026\/03\/maria-helena-paes_.jpg\" class=\"attachment-full size-full wp-image-12371\" alt=\"\" srcset=\"https:\/\/estadocomarte.pt\/site\/wp-content\/uploads\/2026\/03\/maria-helena-paes_.jpg 360w, https:\/\/estadocomarte.pt\/site\/wp-content\/uploads\/2026\/03\/maria-helena-paes_-300x300.jpg 300w, https:\/\/estadocomarte.pt\/site\/wp-content\/uploads\/2026\/03\/maria-helena-paes_-150x150.jpg 150w\" sizes=\"(max-width: 360px) 100vw, 360px\" \/><\/div><\/a>\n\t\t\t\t<div class=\"elementor-post__text\">\n\t\t\t\t<h4 class=\"elementor-post__title\">\n\t\t\t<a href=\"https:\/\/estadocomarte.pt\/site\/2026\/03\/30\/nada-e-eterno\/\" >\n\t\t\t\tNADA \u00c9 ETERNO\t\t\t<\/a>\n\t\t<\/h4>\n\t\t\t\t<div class=\"elementor-post__excerpt\">\n\t\t\t<p>Maria Helena Paes<\/p>\n\t\t<\/div>\n\t\t\t\t<\/div>\n\t\t\t\t<div class=\"elementor-post__meta-data\">\n\t\t\t\t\t<span class=\"elementor-post-date\">\n\t\t\tMar\u00e7o 30, 2026\t\t<\/span>\n\t\t\t\t<\/div>\n\t\t\t\t\t<\/div>\n\t\t<\/article>\n\t\t\t\t<article class=\"elementor-post elementor-grid-item post-12145 post type-post status-publish format-standard has-post-thumbnail hentry category-isto-para-nos category-pontas-soltas tag-rui-goncalves\">\n\t\t\t<div class=\"elementor-post__card\">\n\t\t\t\t<a class=\"elementor-post__thumbnail__link\" href=\"https:\/\/estadocomarte.pt\/site\/2026\/02\/23\/caldas-quo-vadis\/\" tabindex=\"-1\" ><div class=\"elementor-post__thumbnail\"><img decoding=\"async\" width=\"536\" height=\"632\" src=\"https:\/\/estadocomarte.pt\/site\/wp-content\/uploads\/2023\/08\/Rui-Goncalves.jpg\" class=\"attachment-full size-full wp-image-2202\" alt=\"Rui Gon\u00e7alvez\" srcset=\"https:\/\/estadocomarte.pt\/site\/wp-content\/uploads\/2023\/08\/Rui-Goncalves.jpg 536w, https:\/\/estadocomarte.pt\/site\/wp-content\/uploads\/2023\/08\/Rui-Goncalves-254x300.jpg 254w\" sizes=\"(max-width: 536px) 100vw, 536px\" \/><\/div><\/a>\n\t\t\t\t<div class=\"elementor-post__text\">\n\t\t\t\t<h4 class=\"elementor-post__title\">\n\t\t\t<a href=\"https:\/\/estadocomarte.pt\/site\/2026\/02\/23\/caldas-quo-vadis\/\" >\n\t\t\t\tCaldas&#8230;Quo Vadis?\t\t\t<\/a>\n\t\t<\/h4>\n\t\t\t\t<div class=\"elementor-post__excerpt\">\n\t\t\t<p>Rui Gon\u00e7alves,<br \/>\nArquitecto<\/p>\n\t\t<\/div>\n\t\t\t\t<\/div>\n\t\t\t\t<div class=\"elementor-post__meta-data\">\n\t\t\t\t\t<span class=\"elementor-post-date\">\n\t\t\tFevereiro 23, 2026\t\t<\/span>\n\t\t\t\t<\/div>\n\t\t\t\t\t<\/div>\n\t\t<\/article>\n\t\t\t\t<article class=\"elementor-post elementor-grid-item post-12038 post type-post status-publish format-standard has-post-thumbnail hentry category-isto-para-nos category-pontas-soltas tag-educacao tag-susana-mexia\">\n\t\t\t<div class=\"elementor-post__card\">\n\t\t\t\t<a class=\"elementor-post__thumbnail__link\" href=\"https:\/\/estadocomarte.pt\/site\/2026\/02\/06\/educacao-crescer-como-individuos-para-construir-sociedades-mais-justas-inovadoras-e-solidarias\/\" tabindex=\"-1\" ><div class=\"elementor-post__thumbnail\"><img decoding=\"async\" width=\"1600\" height=\"1600\" src=\"https:\/\/estadocomarte.pt\/site\/wp-content\/uploads\/2025\/10\/maria-susana-mexia_.jpg\" class=\"attachment-full size-full wp-image-10885\" alt=\"\" srcset=\"https:\/\/estadocomarte.pt\/site\/wp-content\/uploads\/2025\/10\/maria-susana-mexia_.jpg 1600w, https:\/\/estadocomarte.pt\/site\/wp-content\/uploads\/2025\/10\/maria-susana-mexia_-300x300.jpg 300w, https:\/\/estadocomarte.pt\/site\/wp-content\/uploads\/2025\/10\/maria-susana-mexia_-1024x1024.jpg 1024w, https:\/\/estadocomarte.pt\/site\/wp-content\/uploads\/2025\/10\/maria-susana-mexia_-150x150.jpg 150w, https:\/\/estadocomarte.pt\/site\/wp-content\/uploads\/2025\/10\/maria-susana-mexia_-768x768.jpg 768w, https:\/\/estadocomarte.pt\/site\/wp-content\/uploads\/2025\/10\/maria-susana-mexia_-1536x1536.jpg 1536w\" sizes=\"(max-width: 1600px) 100vw, 1600px\" \/><\/div><\/a>\n\t\t\t\t<div class=\"elementor-post__text\">\n\t\t\t\t<h4 class=\"elementor-post__title\">\n\t\t\t<a href=\"https:\/\/estadocomarte.pt\/site\/2026\/02\/06\/educacao-crescer-como-individuos-para-construir-sociedades-mais-justas-inovadoras-e-solidarias\/\" >\n\t\t\t\tEduca\u00e7\u00e3o. Crescer como indiv\u00edduos, para construir sociedades mais justas, inovadoras e solid\u00e1rias.\t\t\t<\/a>\n\t\t<\/h4>\n\t\t\t\t<div class=\"elementor-post__excerpt\">\n\t\t\t<p>Susana Mexia,<br \/>\nProfessora de Filosofia<\/p>\n\t\t<\/div>\n\t\t\t\t<\/div>\n\t\t\t\t<div class=\"elementor-post__meta-data\">\n\t\t\t\t\t<span class=\"elementor-post-date\">\n\t\t\tFevereiro 6, 2026\t\t<\/span>\n\t\t\t\t<\/div>\n\t\t\t\t\t<\/div>\n\t\t<\/article>\n\t\t\t\t<\/div>\n\t\t\n\t\t\t\t\t\t<\/div>\n\t\t\t\t<\/div>\n\t\t\t\t\t<\/div>\n\t\t<\/div>\n\t\t\t\t\t<\/div>\n\t\t<\/section>\n\t\t\t\t<div class=\"elementor-element elementor-element-851ecee elementor-widget-divider--view-line elementor-widget elementor-widget-divider\" data-id=\"851ecee\" data-element_type=\"widget\" data-widget_type=\"divider.default\">\n\t\t\t\t<div class=\"elementor-widget-container\">\n\t\t\t\t\t\t\t<div class=\"elementor-divider\">\n\t\t\t<span class=\"elementor-divider-separator\">\n\t\t\t\t\t\t<\/span>\n\t\t<\/div>\n\t\t\t\t\t\t<\/div>\n\t\t\t\t<\/div>\n\t\t\t\t\t<\/div>\n\t\t<\/div>\n\t\t\t\t\t<\/div>\n\t\t<\/section>\n\t\t\t\t<section class=\"elementor-section elementor-top-section elementor-element elementor-element-a585527 elementor-section-boxed elementor-section-height-default elementor-section-height-default\" data-id=\"a585527\" data-element_type=\"section\">\n\t\t\t\t\t\t<div class=\"elementor-container elementor-column-gap-no\">\n\t\t\t\t\t<div class=\"elementor-column elementor-col-100 elementor-top-column elementor-element elementor-element-d0b1bb7\" data-id=\"d0b1bb7\" data-element_type=\"column\">\n\t\t\t<div class=\"elementor-widget-wrap elementor-element-populated\">\n\t\t\t\t\t\t<div class=\"elementor-element elementor-element-a8108db elementor-widget elementor-widget-heading\" data-id=\"a8108db\" data-element_type=\"widget\" data-widget_type=\"heading.default\">\n\t\t\t\t<div class=\"elementor-widget-container\">\n\t\t\t\t\t<h3 class=\"elementor-heading-title elementor-size-default\">ANTERIOR<\/h3>\t\t\t\t<\/div>\n\t\t\t\t<\/div>\n\t\t\t\t<div class=\"elementor-element elementor-element-2c3dbea elementor-grid-tablet-3 elementor-posts--align-left elementor-grid-4 elementor-grid-mobile-1 elementor-posts--thumbnail-top elementor-posts__hover-gradient elementor-widget elementor-widget-posts\" data-id=\"2c3dbea\" data-element_type=\"widget\" data-settings=\"{&quot;cards_row_gap&quot;:{&quot;unit&quot;:&quot;px&quot;,&quot;size&quot;:60,&quot;sizes&quot;:[]},&quot;cards_columns_tablet&quot;:&quot;3&quot;,&quot;cards_columns&quot;:&quot;4&quot;,&quot;pagination_type&quot;:&quot;load_more_infinite_scroll&quot;,&quot;cards_columns_mobile&quot;:&quot;1&quot;,&quot;cards_row_gap_tablet&quot;:{&quot;unit&quot;:&quot;px&quot;,&quot;size&quot;:&quot;&quot;,&quot;sizes&quot;:[]},&quot;cards_row_gap_mobile&quot;:{&quot;unit&quot;:&quot;px&quot;,&quot;size&quot;:&quot;&quot;,&quot;sizes&quot;:[]},&quot;load_more_spinner&quot;:{&quot;value&quot;:&quot;fas fa-spinner&quot;,&quot;library&quot;:&quot;fa-solid&quot;}}\" data-widget_type=\"posts.cards\">\n\t\t\t\t<div class=\"elementor-widget-container\">\n\t\t\t\t\t\t\t<div class=\"elementor-posts-container elementor-posts elementor-posts--skin-cards elementor-grid\">\n\t\t\t\t<article class=\"elementor-post elementor-grid-item post-10947 post type-post status-publish format-standard has-post-thumbnail hentry category-isto-para-nos category-pontas-soltas tag-susana-mexia\">\n\t\t\t<div class=\"elementor-post__card\">\n\t\t\t\t<a class=\"elementor-post__thumbnail__link\" href=\"https:\/\/estadocomarte.pt\/site\/2025\/10\/09\/lepanto-uma-flotilha-de-espanto\/\" tabindex=\"-1\" ><div class=\"elementor-post__thumbnail\"><img loading=\"lazy\" decoding=\"async\" width=\"1024\" height=\"1024\" src=\"https:\/\/estadocomarte.pt\/site\/wp-content\/uploads\/2025\/10\/maria-susana-mexia_-1024x1024.jpg\" class=\"attachment-large size-large wp-image-10885\" alt=\"\" srcset=\"https:\/\/estadocomarte.pt\/site\/wp-content\/uploads\/2025\/10\/maria-susana-mexia_-1024x1024.jpg 1024w, https:\/\/estadocomarte.pt\/site\/wp-content\/uploads\/2025\/10\/maria-susana-mexia_-300x300.jpg 300w, https:\/\/estadocomarte.pt\/site\/wp-content\/uploads\/2025\/10\/maria-susana-mexia_-150x150.jpg 150w, https:\/\/estadocomarte.pt\/site\/wp-content\/uploads\/2025\/10\/maria-susana-mexia_-768x768.jpg 768w, https:\/\/estadocomarte.pt\/site\/wp-content\/uploads\/2025\/10\/maria-susana-mexia_-1536x1536.jpg 1536w, https:\/\/estadocomarte.pt\/site\/wp-content\/uploads\/2025\/10\/maria-susana-mexia_.jpg 1600w\" sizes=\"(max-width: 1024px) 100vw, 1024px\" \/><\/div><\/a>\n\t\t\t\t<div class=\"elementor-post__text\">\n\t\t\t\t<h4 class=\"elementor-post__title\">\n\t\t\t<a href=\"https:\/\/estadocomarte.pt\/site\/2025\/10\/09\/lepanto-uma-flotilha-de-espanto\/\" >\n\t\t\t\tLepanto, uma &#8220;flotilha&#8221; de espanto\t\t\t<\/a>\n\t\t<\/h4>\n\t\t\t\t<div class=\"elementor-post__excerpt\">\n\t\t\t<p>Susana Mexia,<br \/>\nProfessora de Filosofia<\/p>\n\t\t<\/div>\n\t\t\t\t<\/div>\n\t\t\t\t<div class=\"elementor-post__meta-data\">\n\t\t\t\t\t<span class=\"elementor-post-date\">\n\t\t\tOutubro 9, 2025\t\t<\/span>\n\t\t\t\t<\/div>\n\t\t\t\t\t<\/div>\n\t\t<\/article>\n\t\t\t\t<article class=\"elementor-post elementor-grid-item post-10869 post type-post status-publish format-standard has-post-thumbnail hentry category-isto-para-nos category-pontas-soltas tag-antonio-pinto-basto tag-psd tag-santa-maria-maior\">\n\t\t\t<div class=\"elementor-post__card\">\n\t\t\t\t<a class=\"elementor-post__thumbnail__link\" href=\"https:\/\/estadocomarte.pt\/site\/2025\/10\/03\/martim-moniz-encontro-com-antonio-pinto-basto-que-fado-e-o-teu\/\" tabindex=\"-1\" ><div class=\"elementor-post__thumbnail\"><img loading=\"lazy\" decoding=\"async\" width=\"682\" height=\"1024\" src=\"https:\/\/estadocomarte.pt\/site\/wp-content\/uploads\/2025\/10\/Antonio-Pinto-Basto-682x1024.jpg\" class=\"attachment-large size-large wp-image-10870\" alt=\"\" srcset=\"https:\/\/estadocomarte.pt\/site\/wp-content\/uploads\/2025\/10\/Antonio-Pinto-Basto-682x1024.jpg 682w, https:\/\/estadocomarte.pt\/site\/wp-content\/uploads\/2025\/10\/Antonio-Pinto-Basto-200x300.jpg 200w, https:\/\/estadocomarte.pt\/site\/wp-content\/uploads\/2025\/10\/Antonio-Pinto-Basto-768x1153.jpg 768w, https:\/\/estadocomarte.pt\/site\/wp-content\/uploads\/2025\/10\/Antonio-Pinto-Basto-1023x1536.jpg 1023w, https:\/\/estadocomarte.pt\/site\/wp-content\/uploads\/2025\/10\/Antonio-Pinto-Basto.jpg 1066w\" sizes=\"(max-width: 682px) 100vw, 682px\" \/><\/div><\/a>\n\t\t\t\t<div class=\"elementor-post__text\">\n\t\t\t\t<h4 class=\"elementor-post__title\">\n\t\t\t<a href=\"https:\/\/estadocomarte.pt\/site\/2025\/10\/03\/martim-moniz-encontro-com-antonio-pinto-basto-que-fado-e-o-teu\/\" >\n\t\t\t\tMartim Moniz. Encontro com Ant\u00f3nio Pinto Basto &#8211; Que\u00a0Fado\u00a0\u00e9\u00a0o\u00a0Teu?- 3 de outubro\t\t\t<\/a>\n\t\t<\/h4>\n\t\t\t\t<div class=\"elementor-post__excerpt\">\n\t\t\t<p>Estado com Arte Magazine<\/p>\n\t\t<\/div>\n\t\t\t\t<\/div>\n\t\t\t\t<div class=\"elementor-post__meta-data\">\n\t\t\t\t\t<span class=\"elementor-post-date\">\n\t\t\tOutubro 3, 2025\t\t<\/span>\n\t\t\t\t<\/div>\n\t\t\t\t\t<\/div>\n\t\t<\/article>\n\t\t\t\t<article class=\"elementor-post elementor-grid-item post-10765 post type-post status-publish format-standard has-post-thumbnail hentry category-isto-para-nos category-pontas-soltas tag-estado-da-palestina tag-goncalo-da-camara-pereira\">\n\t\t\t<div class=\"elementor-post__card\">\n\t\t\t\t<a class=\"elementor-post__thumbnail__link\" href=\"https:\/\/estadocomarte.pt\/site\/2025\/09\/24\/goncalo-da-camara-pereira-israel-foi-atacado-assim-como-a-ucrania-e-que-nao-podemos-ter-dois-pesos-e-duas-medidas\/\" tabindex=\"-1\" ><div class=\"elementor-post__thumbnail\"><img loading=\"lazy\" decoding=\"async\" width=\"640\" height=\"426\" src=\"https:\/\/estadocomarte.pt\/site\/wp-content\/uploads\/2025\/09\/palestina.webp\" class=\"attachment-large size-large wp-image-10766\" alt=\"\" srcset=\"https:\/\/estadocomarte.pt\/site\/wp-content\/uploads\/2025\/09\/palestina.webp 640w, https:\/\/estadocomarte.pt\/site\/wp-content\/uploads\/2025\/09\/palestina-300x200.webp 300w\" sizes=\"(max-width: 640px) 100vw, 640px\" \/><\/div><\/a>\n\t\t\t\t<div class=\"elementor-post__text\">\n\t\t\t\t<h4 class=\"elementor-post__title\">\n\t\t\t<a href=\"https:\/\/estadocomarte.pt\/site\/2025\/09\/24\/goncalo-da-camara-pereira-israel-foi-atacado-assim-como-a-ucrania-e-que-nao-podemos-ter-dois-pesos-e-duas-medidas\/\" >\n\t\t\t\tGon\u00e7alo da C\u00e2mara Pereira: &#8220;Israel foi atacado assim como a Ucr\u00e2nia e que n\u00e3o podemos ter dois pesos e duas medidas.&#8221;\t\t\t<\/a>\n\t\t<\/h4>\n\t\t\t\t<div class=\"elementor-post__excerpt\">\n\t\t\t<p>Marta Roque<\/p>\n\t\t<\/div>\n\t\t\t\t<\/div>\n\t\t\t\t<div class=\"elementor-post__meta-data\">\n\t\t\t\t\t<span class=\"elementor-post-date\">\n\t\t\tSetembro 24, 2025\t\t<\/span>\n\t\t\t\t<\/div>\n\t\t\t\t\t<\/div>\n\t\t<\/article>\n\t\t\t\t<article class=\"elementor-post elementor-grid-item post-10013 post type-post status-publish format-standard has-post-thumbnail hentry category-isto-para-nos category-pontas-soltas tag-thomas-friedman tag-yasser-el-shazly\">\n\t\t\t<div class=\"elementor-post__card\">\n\t\t\t\t<a class=\"elementor-post__thumbnail__link\" href=\"https:\/\/estadocomarte.pt\/site\/2025\/06\/18\/cairo-riad-abu-dhabi-liga-muculmana-do-mundo-eixo-da-estabilidade-internacional-na-guerra-entre-irao-e-israel\/\" tabindex=\"-1\" ><div class=\"elementor-post__thumbnail\"><img loading=\"lazy\" decoding=\"async\" width=\"375\" height=\"227\" src=\"https:\/\/estadocomarte.pt\/site\/wp-content\/uploads\/2025\/06\/YASSER.jpeg\" class=\"attachment-large size-large wp-image-10014\" alt=\"\" srcset=\"https:\/\/estadocomarte.pt\/site\/wp-content\/uploads\/2025\/06\/YASSER.jpeg 375w, https:\/\/estadocomarte.pt\/site\/wp-content\/uploads\/2025\/06\/YASSER-300x182.jpeg 300w\" sizes=\"(max-width: 375px) 100vw, 375px\" \/><\/div><\/a>\n\t\t\t\t<div class=\"elementor-post__text\">\n\t\t\t\t<h4 class=\"elementor-post__title\">\n\t\t\t<a href=\"https:\/\/estadocomarte.pt\/site\/2025\/06\/18\/cairo-riad-abu-dhabi-liga-muculmana-do-mundo-eixo-da-estabilidade-internacional-na-guerra-entre-irao-e-israel\/\" >\n\t\t\t\tCairo, Riad, Abu Dhabi, Liga Mu\u00e7ulmana do Mundo. Eixo da Estabilidade Internacional  na Guerra entre Ir\u00e3o e Israel\t\t\t<\/a>\n\t\t<\/h4>\n\t\t\t\t<div class=\"elementor-post__excerpt\">\n\t\t\t<p>Yasser El Shazly,<br \/>\nJornalista eg\u00edpcio especialista em M\u00e9dio Oriente,<br \/>\nCorrespondente em Lisboa<\/p>\n\t\t<\/div>\n\t\t\t\t<\/div>\n\t\t\t\t<div class=\"elementor-post__meta-data\">\n\t\t\t\t\t<span class=\"elementor-post-date\">\n\t\t\tJunho 18, 2025\t\t<\/span>\n\t\t\t\t<\/div>\n\t\t\t\t\t<\/div>\n\t\t<\/article>\n\t\t\t\t<\/div>\n\t\t\t\t\t<span class=\"e-load-more-spinner\">\n\t\t\t\t<i aria-hidden=\"true\" class=\"fas fa-spinner\"><\/i>\t\t\t<\/span>\n\t\t\n\t\t\t\t<div class=\"e-load-more-anchor\" data-page=\"1\" data-max-page=\"20\" data-next-page=\"https:\/\/estadocomarte.pt\/site\/wp-json\/wp\/v2\/pages\/2556\/page\/2\/\"><\/div>\n\t\t\t\t<div class=\"e-load-more-message\"><\/div>\n\t\t\t\t\t\t<\/div>\n\t\t\t\t<\/div>\n\t\t\t\t<div class=\"elementor-element elementor-element-31beef6 elementor-widget-divider--view-line elementor-widget elementor-widget-divider\" data-id=\"31beef6\" data-element_type=\"widget\" data-widget_type=\"divider.default\">\n\t\t\t\t<div class=\"elementor-widget-container\">\n\t\t\t\t\t\t\t<div class=\"elementor-divider\">\n\t\t\t<span class=\"elementor-divider-separator\">\n\t\t\t\t\t\t<\/span>\n\t\t<\/div>\n\t\t\t\t\t\t<\/div>\n\t\t\t\t<\/div>\n\t\t\t\t\t<\/div>\n\t\t<\/div>\n\t\t\t\t\t<\/div>\n\t\t<\/section>\n\t\t\t\t<\/div>\n\t\t","protected":false},"excerpt":{"rendered":"<p>PONTAS SOLTAS ANTERIOR<\/p>\n","protected":false},"author":1,"featured_media":0,"parent":0,"menu_order":0,"comment_status":"closed","ping_status":"closed","template":"","meta":{"site-sidebar-layout":"no-sidebar","site-content-layout":"page-builder","ast-global-header-display":"","ast-banner-title-visibility":"","ast-main-header-display":"","ast-hfb-above-header-display":"","ast-hfb-below-header-display":"","ast-hfb-mobile-header-display":"","site-post-title":"disabled","ast-breadcrumbs-content":"","ast-featured-img":"disabled","footer-sml-layout":"","theme-transparent-header-meta":"default","adv-header-id-meta":"","stick-header-meta":"","header-above-stick-meta":"","header-main-stick-meta":"","header-below-stick-meta":"","footnotes":""},"class_list":["post-2556","page","type-page","status-publish","hentry"],"yoast_head":"<!-- This site is optimized with the Yoast SEO plugin v25.1 - https:\/\/yoast.com\/wordpress\/plugins\/seo\/ -->\n<title>PONTAS SOLTAS - Estado com Arte<\/title>\n<meta name=\"robots\" content=\"index, follow, max-snippet:-1, max-image-preview:large, max-video-preview:-1\" \/>\n<link rel=\"canonical\" href=\"https:\/\/estadocomarte.pt\/site\/pontas-soltas\/\" \/>\n<meta property=\"og:locale\" content=\"pt_PT\" \/>\n<meta property=\"og:type\" content=\"article\" \/>\n<meta property=\"og:title\" content=\"PONTAS SOLTAS - Estado com Arte\" \/>\n<meta property=\"og:description\" content=\"PONTAS SOLTAS ANTERIOR\" \/>\n<meta property=\"og:url\" content=\"https:\/\/estadocomarte.pt\/site\/pontas-soltas\/\" \/>\n<meta property=\"og:site_name\" content=\"Estado com Arte\" \/>\n<meta property=\"article:modified_time\" content=\"2024-05-03T14:05:19+00:00\" \/>\n<meta property=\"og:image\" content=\"https:\/\/estadocomarte.pt\/site\/wp-content\/uploads\/2023\/07\/cropped-Captura-de-ecra-2023-07-28-as-15.44.44.png\" \/>\n\t<meta property=\"og:image:width\" content=\"512\" \/>\n\t<meta property=\"og:image:height\" content=\"512\" \/>\n\t<meta property=\"og:image:type\" content=\"image\/png\" \/>\n<meta name=\"twitter:card\" content=\"summary_large_image\" \/>\n<meta name=\"twitter:label1\" content=\"Tempo estimado de leitura\" \/>\n\t<meta name=\"twitter:data1\" content=\"2 minutos\" \/>\n<script type=\"application\/ld+json\" class=\"yoast-schema-graph\">{\"@context\":\"https:\/\/schema.org\",\"@graph\":[{\"@type\":\"WebPage\",\"@id\":\"https:\/\/estadocomarte.pt\/site\/pontas-soltas\/\",\"url\":\"https:\/\/estadocomarte.pt\/site\/pontas-soltas\/\",\"name\":\"PONTAS SOLTAS - Estado com Arte\",\"isPartOf\":{\"@id\":\"https:\/\/estadocomarte.pt\/site\/#website\"},\"datePublished\":\"2023-09-15T15:09:43+00:00\",\"dateModified\":\"2024-05-03T14:05:19+00:00\",\"breadcrumb\":{\"@id\":\"https:\/\/estadocomarte.pt\/site\/pontas-soltas\/#breadcrumb\"},\"inLanguage\":\"pt-PT\",\"potentialAction\":[{\"@type\":\"ReadAction\",\"target\":[\"https:\/\/estadocomarte.pt\/site\/pontas-soltas\/\"]}]},{\"@type\":\"BreadcrumbList\",\"@id\":\"https:\/\/estadocomarte.pt\/site\/pontas-soltas\/#breadcrumb\",\"itemListElement\":[{\"@type\":\"ListItem\",\"position\":1,\"name\":\"In\u00edcio\",\"item\":\"https:\/\/estadocomarte.pt\/site\/\"},{\"@type\":\"ListItem\",\"position\":2,\"name\":\"PONTAS SOLTAS\"}]},{\"@type\":\"WebSite\",\"@id\":\"https:\/\/estadocomarte.pt\/site\/#website\",\"url\":\"https:\/\/estadocomarte.pt\/site\/\",\"name\":\"Estado com Arte Magazine\",\"description\":\"Magazine\",\"publisher\":{\"@id\":\"https:\/\/estadocomarte.pt\/site\/#organization\"},\"alternateName\":\"Magazine semanal sobre pol\u00edtica e cultura, com autores, opini\u00e3o e cr\u00edticas.\",\"potentialAction\":[{\"@type\":\"SearchAction\",\"target\":{\"@type\":\"EntryPoint\",\"urlTemplate\":\"https:\/\/estadocomarte.pt\/site\/?s={search_term_string}\"},\"query-input\":{\"@type\":\"PropertyValueSpecification\",\"valueRequired\":true,\"valueName\":\"search_term_string\"}}],\"inLanguage\":\"pt-PT\"},{\"@type\":\"Organization\",\"@id\":\"https:\/\/estadocomarte.pt\/site\/#organization\",\"name\":\"Estado com Arte Magazine\",\"alternateName\":\"Magazine semanal sobre pol\u00edtica e cultura, com autores, opini\u00e3o e cr\u00edticas.\",\"url\":\"https:\/\/estadocomarte.pt\/site\/\",\"logo\":{\"@type\":\"ImageObject\",\"inLanguage\":\"pt-PT\",\"@id\":\"https:\/\/estadocomarte.pt\/site\/#\/schema\/logo\/image\/\",\"url\":\"https:\/\/estadocomarte.pt\/site\/wp-content\/uploads\/2023\/06\/cropped-cropped-Prancheta-2@2x-100.jpg\",\"contentUrl\":\"https:\/\/estadocomarte.pt\/site\/wp-content\/uploads\/2023\/06\/cropped-cropped-Prancheta-2@2x-100.jpg\",\"width\":1777,\"height\":592,\"caption\":\"Estado com Arte Magazine\"},\"image\":{\"@id\":\"https:\/\/estadocomarte.pt\/site\/#\/schema\/logo\/image\/\"},\"sameAs\":[\"https:\/\/www.instagram.com\/estadocomartemagazine\"]}]}<\/script>\n<!-- \/ Yoast SEO plugin. -->","yoast_head_json":{"title":"PONTAS SOLTAS - Estado com Arte","robots":{"index":"index","follow":"follow","max-snippet":"max-snippet:-1","max-image-preview":"max-image-preview:large","max-video-preview":"max-video-preview:-1"},"canonical":"https:\/\/estadocomarte.pt\/site\/pontas-soltas\/","og_locale":"pt_PT","og_type":"article","og_title":"PONTAS SOLTAS - Estado com Arte","og_description":"PONTAS SOLTAS ANTERIOR","og_url":"https:\/\/estadocomarte.pt\/site\/pontas-soltas\/","og_site_name":"Estado com Arte","article_modified_time":"2024-05-03T14:05:19+00:00","og_image":[{"width":512,"height":512,"url":"https:\/\/estadocomarte.pt\/site\/wp-content\/uploads\/2023\/07\/cropped-Captura-de-ecra-2023-07-28-as-15.44.44.png","type":"image\/png"}],"twitter_card":"summary_large_image","twitter_misc":{"Tempo estimado de leitura":"2 minutos"},"schema":{"@context":"https:\/\/schema.org","@graph":[{"@type":"WebPage","@id":"https:\/\/estadocomarte.pt\/site\/pontas-soltas\/","url":"https:\/\/estadocomarte.pt\/site\/pontas-soltas\/","name":"PONTAS SOLTAS - Estado com Arte","isPartOf":{"@id":"https:\/\/estadocomarte.pt\/site\/#website"},"datePublished":"2023-09-15T15:09:43+00:00","dateModified":"2024-05-03T14:05:19+00:00","breadcrumb":{"@id":"https:\/\/estadocomarte.pt\/site\/pontas-soltas\/#breadcrumb"},"inLanguage":"pt-PT","potentialAction":[{"@type":"ReadAction","target":["https:\/\/estadocomarte.pt\/site\/pontas-soltas\/"]}]},{"@type":"BreadcrumbList","@id":"https:\/\/estadocomarte.pt\/site\/pontas-soltas\/#breadcrumb","itemListElement":[{"@type":"ListItem","position":1,"name":"In\u00edcio","item":"https:\/\/estadocomarte.pt\/site\/"},{"@type":"ListItem","position":2,"name":"PONTAS SOLTAS"}]},{"@type":"WebSite","@id":"https:\/\/estadocomarte.pt\/site\/#website","url":"https:\/\/estadocomarte.pt\/site\/","name":"Estado com Arte Magazine","description":"Magazine","publisher":{"@id":"https:\/\/estadocomarte.pt\/site\/#organization"},"alternateName":"Magazine semanal sobre pol\u00edtica e cultura, com autores, opini\u00e3o e cr\u00edticas.","potentialAction":[{"@type":"SearchAction","target":{"@type":"EntryPoint","urlTemplate":"https:\/\/estadocomarte.pt\/site\/?s={search_term_string}"},"query-input":{"@type":"PropertyValueSpecification","valueRequired":true,"valueName":"search_term_string"}}],"inLanguage":"pt-PT"},{"@type":"Organization","@id":"https:\/\/estadocomarte.pt\/site\/#organization","name":"Estado com Arte Magazine","alternateName":"Magazine semanal sobre pol\u00edtica e cultura, com autores, opini\u00e3o e cr\u00edticas.","url":"https:\/\/estadocomarte.pt\/site\/","logo":{"@type":"ImageObject","inLanguage":"pt-PT","@id":"https:\/\/estadocomarte.pt\/site\/#\/schema\/logo\/image\/","url":"https:\/\/estadocomarte.pt\/site\/wp-content\/uploads\/2023\/06\/cropped-cropped-Prancheta-2@2x-100.jpg","contentUrl":"https:\/\/estadocomarte.pt\/site\/wp-content\/uploads\/2023\/06\/cropped-cropped-Prancheta-2@2x-100.jpg","width":1777,"height":592,"caption":"Estado com Arte Magazine"},"image":{"@id":"https:\/\/estadocomarte.pt\/site\/#\/schema\/logo\/image\/"},"sameAs":["https:\/\/www.instagram.com\/estadocomartemagazine"]}]}},"_links":{"self":[{"href":"https:\/\/estadocomarte.pt\/site\/wp-json\/wp\/v2\/pages\/2556","targetHints":{"allow":["GET"]}}],"collection":[{"href":"https:\/\/estadocomarte.pt\/site\/wp-json\/wp\/v2\/pages"}],"about":[{"href":"https:\/\/estadocomarte.pt\/site\/wp-json\/wp\/v2\/types\/page"}],"author":[{"embeddable":true,"href":"https:\/\/estadocomarte.pt\/site\/wp-json\/wp\/v2\/users\/1"}],"replies":[{"embeddable":true,"href":"https:\/\/estadocomarte.pt\/site\/wp-json\/wp\/v2\/comments?post=2556"}],"version-history":[{"count":0,"href":"https:\/\/estadocomarte.pt\/site\/wp-json\/wp\/v2\/pages\/2556\/revisions"}],"wp:attachment":[{"href":"https:\/\/estadocomarte.pt\/site\/wp-json\/wp\/v2\/media?parent=2556"}],"curies":[{"name":"wp","href":"https:\/\/api.w.org\/{rel}","templated":true}]}}